{"id":261,"date":"2024-03-27T20:17:19","date_gmt":"2024-03-27T19:17:19","guid":{"rendered":"https:\/\/visitmoclinejo.es\/?page_id=261"},"modified":"2025-06-11T11:33:16","modified_gmt":"2025-06-11T09:33:16","slug":"que-ver-en-moclinejo","status":"publish","type":"page","link":"https:\/\/www.visitmoclinejo.es\/?page_id=261","title":{"rendered":"Qu\u00e9 ver en Moclinejo"},"content":{"rendered":"\t\t<div data-elementor-type=\"wp-page\" data-elementor-id=\"261\" class=\"elementor elementor-261\">\n\t\t\t\t<div class=\"elementor-element elementor-element-a21966a e-con-full e-flex e-con e-parent\" data-id=\"a21966a\" data-element_type=\"container\" data-settings=\"{&quot;background_background&quot;:&quot;classic&quot;}\">\n\t\t\t\t<div class=\"elementor-element elementor-element-dc3bb56 elementor-widget__width-inherit elementor-absolute elementor-widget elementor-widget-heading\" data-id=\"dc3bb56\" data-element_type=\"widget\" data-settings=\"{&quot;_position&quot;:&quot;absolute&quot;}\" data-widget_type=\"heading.default\">\n\t\t\t\t<div class=\"elementor-widget-container\">\n\t\t\t\t\t<p class=\"elementor-heading-title elementor-size-default\">QU\u00c9 VER<\/p>\t\t\t\t<\/div>\n\t\t\t\t<\/div>\n\t\t\t\t<\/div>\n\t\t<div class=\"elementor-element elementor-element-6a89b14 e-flex e-con-boxed e-con e-parent\" data-id=\"6a89b14\" data-element_type=\"container\">\n\t\t\t\t\t<div class=\"e-con-inner\">\n\t\t<div class=\"elementor-element elementor-element-12f3060 e-con-full e-flex e-con e-child\" data-id=\"12f3060\" data-element_type=\"container\">\n\t\t\t\t<div class=\"elementor-element elementor-element-a50db12 elementor-widget elementor-widget-image\" data-id=\"a50db12\" data-element_type=\"widget\" data-widget_type=\"image.default\">\n\t\t\t\t<div class=\"elementor-widget-container\">\n\t\t\t\t\t\t\t\t\t\t\t\t\t\t\t\t<a href=\"https:\/\/www.visitmoclinejo.es\/moclinejo-y-el-valdes\/\">\n\t\t\t\t\t\t\t<img fetchpriority=\"high\" decoding=\"async\" width=\"1000\" height=\"667\" src=\"https:\/\/www.visitmoclinejo.es\/wp-content\/uploads\/2024\/03\/Moclinejo-y-el-valdes.jpg\" class=\"attachment-large size-large wp-image-398\" alt=\"\" srcset=\"https:\/\/www.visitmoclinejo.es\/wp-content\/uploads\/2024\/03\/Moclinejo-y-el-valdes.jpg 1000w, https:\/\/www.visitmoclinejo.es\/wp-content\/uploads\/2024\/03\/Moclinejo-y-el-valdes-300x200.jpg 300w, https:\/\/www.visitmoclinejo.es\/wp-content\/uploads\/2024\/03\/Moclinejo-y-el-valdes-768x512.jpg 768w\" sizes=\"(max-width: 1000px) 100vw, 1000px\" \/>\t\t\t\t\t\t\t\t<\/a>\n\t\t\t\t\t\t\t\t\t\t\t\t\t\t\t<\/div>\n\t\t\t\t<\/div>\n\t\t\t\t<div class=\"elementor-element elementor-element-180c462 elementor-widget elementor-widget-heading\" data-id=\"180c462\" data-element_type=\"widget\" data-widget_type=\"heading.default\">\n\t\t\t\t<div class=\"elementor-widget-container\">\n\t\t\t\t\t<h2 class=\"elementor-heading-title elementor-size-default\"><a href=\"https:\/\/www.visitmoclinejo.es\/moclinejo-y-el-valdes\/\">MOCLINEJO Y EL VALD\u00c9S<\/a><\/h2>\t\t\t\t<\/div>\n\t\t\t\t<\/div>\n\t\t\t\t<div class=\"elementor-element elementor-element-e6a5025 elementor-widget elementor-widget-text-editor\" data-id=\"e6a5025\" data-element_type=\"widget\" data-widget_type=\"text-editor.default\">\n\t\t\t\t<div class=\"elementor-widget-container\">\n\t\t\t\t\t\t\t\t\t<p>Descubre las calles de Moclinejo, un bonito pueblo blanco en M\u00e1laga, situado a tan s\u00f3lo 15 minutos de las playas de Rinc\u00f3n de la Victoria. Te invitamos a conocer su rica historia y cultural. Pasea por sus pintorescas calles llenas de flores, disfruta de las vistas panor\u00e1micas desde los miradores del pueblo, vistas 360\u00ba de toda la Axarqu\u00eda y la Bah\u00eda de M\u00e1laga.\u00a0<a href=\"https:\/\/www.visitmoclinejo.es\/moclinejo-y-el-valdes\/\">Ver m\u00e1s<\/a><\/p>\t\t\t\t\t\t\t\t<\/div>\n\t\t\t\t<\/div>\n\t\t\t\t<\/div>\n\t\t<div class=\"elementor-element elementor-element-93d461d e-con-full e-flex e-con e-child\" data-id=\"93d461d\" data-element_type=\"container\">\n\t\t\t\t<div class=\"elementor-element elementor-element-95b494b elementor-widget elementor-widget-image\" data-id=\"95b494b\" data-element_type=\"widget\" data-widget_type=\"image.default\">\n\t\t\t\t<div class=\"elementor-widget-container\">\n\t\t\t\t\t\t\t\t\t\t\t\t\t\t\t\t<a href=\"https:\/\/www.visitmoclinejo.es\/iglesia-de-moclinejo\/\">\n\t\t\t\t\t\t\t<img decoding=\"async\" width=\"1024\" height=\"682\" data-src=\"https:\/\/www.visitmoclinejo.es\/wp-content\/uploads\/2024\/06\/iglesia-1-1024x682.jpg\" class=\"attachment-large size-large wp-image-862 lazyload\" alt=\"Interior de la iglesia de Moclinejo, con el altar al fondo\" data-srcset=\"https:\/\/www.visitmoclinejo.es\/wp-content\/uploads\/2024\/06\/iglesia-1-1024x682.jpg 1024w, https:\/\/www.visitmoclinejo.es\/wp-content\/uploads\/2024\/06\/iglesia-1-300x200.jpg 300w, https:\/\/www.visitmoclinejo.es\/wp-content\/uploads\/2024\/06\/iglesia-1-768x512.jpg 768w, https:\/\/www.visitmoclinejo.es\/wp-content\/uploads\/2024\/06\/iglesia-1-1536x1024.jpg 1536w, https:\/\/www.visitmoclinejo.es\/wp-content\/uploads\/2024\/06\/iglesia-1.jpg 2000w\" data-sizes=\"(max-width: 1024px) 100vw, 1024px\" src=\"data:image\/gif;base64,R0lGODlhAQABAAAAACH5BAEKAAEALAAAAAABAAEAAAICTAEAOw==\" style=\"--smush-placeholder-width: 1024px; --smush-placeholder-aspect-ratio: 1024\/682;\" \/>\t\t\t\t\t\t\t\t<\/a>\n\t\t\t\t\t\t\t\t\t\t\t\t\t\t\t<\/div>\n\t\t\t\t<\/div>\n\t\t\t\t<div class=\"elementor-element elementor-element-af7b62f elementor-widget elementor-widget-heading\" data-id=\"af7b62f\" data-element_type=\"widget\" data-widget_type=\"heading.default\">\n\t\t\t\t<div class=\"elementor-widget-container\">\n\t\t\t\t\t<h2 class=\"elementor-heading-title elementor-size-default\"><a href=\"https:\/\/www.visitmoclinejo.es\/iglesia-de-moclinejo\/\">IGLESIA DE MOCLINEJO<\/a><\/h2>\t\t\t\t<\/div>\n\t\t\t\t<\/div>\n\t\t\t\t<div class=\"elementor-element elementor-element-4970387 elementor-widget elementor-widget-text-editor\" data-id=\"4970387\" data-element_type=\"widget\" data-widget_type=\"text-editor.default\">\n\t\t\t\t<div class=\"elementor-widget-container\">\n\t\t\t\t\t\t\t\t\t<p>Descubre la riqueza hist\u00f3rica y espiritual de Moclinejo visitando la Iglesia de Nuestra Se\u00f1ora de Gracia. Construida en el siglo XVI, esta joya arquitect\u00f3nica combina elementos mud\u00e9jares y renacentistas. Su torre-campanario, con arcadas \u00e1rabes, se alza majestuosamente sobre el pueblo. La iglesia consta de dos naves divididas por arcos de medio punto. <a href=\"https:\/\/www.visitmoclinejo.es\/iglesia-de-moclinejo\/\">Ver m\u00e1s<\/a><\/p>\t\t\t\t\t\t\t\t<\/div>\n\t\t\t\t<\/div>\n\t\t\t\t<\/div>\n\t\t<div class=\"elementor-element elementor-element-30a0cd6 e-con-full e-flex e-con e-child\" data-id=\"30a0cd6\" data-element_type=\"container\">\n\t\t\t\t<div class=\"elementor-element elementor-element-8fdcf78 elementor-widget elementor-widget-image\" data-id=\"8fdcf78\" data-element_type=\"widget\" data-widget_type=\"image.default\">\n\t\t\t\t<div class=\"elementor-widget-container\">\n\t\t\t\t\t\t\t\t\t\t\t\t\t\t\t\t<a href=\"https:\/\/www.visitmoclinejo.es\/casa-del-ratoncito-perez\/\">\n\t\t\t\t\t\t\t<img decoding=\"async\" width=\"1000\" height=\"667\" data-src=\"https:\/\/www.visitmoclinejo.es\/wp-content\/uploads\/2024\/03\/Casa-del-ratoncito-Perez.jpg\" class=\"attachment-large size-large wp-image-399 lazyload\" alt=\"\" data-srcset=\"https:\/\/www.visitmoclinejo.es\/wp-content\/uploads\/2024\/03\/Casa-del-ratoncito-Perez.jpg 1000w, https:\/\/www.visitmoclinejo.es\/wp-content\/uploads\/2024\/03\/Casa-del-ratoncito-Perez-300x200.jpg 300w, https:\/\/www.visitmoclinejo.es\/wp-content\/uploads\/2024\/03\/Casa-del-ratoncito-Perez-768x512.jpg 768w\" data-sizes=\"(max-width: 1000px) 100vw, 1000px\" src=\"data:image\/gif;base64,R0lGODlhAQABAAAAACH5BAEKAAEALAAAAAABAAEAAAICTAEAOw==\" style=\"--smush-placeholder-width: 1000px; --smush-placeholder-aspect-ratio: 1000\/667;\" \/>\t\t\t\t\t\t\t\t<\/a>\n\t\t\t\t\t\t\t\t\t\t\t\t\t\t\t<\/div>\n\t\t\t\t<\/div>\n\t\t\t\t<div class=\"elementor-element elementor-element-ec8f3f9 elementor-widget elementor-widget-heading\" data-id=\"ec8f3f9\" data-element_type=\"widget\" data-widget_type=\"heading.default\">\n\t\t\t\t<div class=\"elementor-widget-container\">\n\t\t\t\t\t<h2 class=\"elementor-heading-title elementor-size-default\"><a href=\"https:\/\/www.visitmoclinejo.es\/casa-del-ratoncito-perez\/\">CASA DEL RATONCITO P\u00c9REZ<\/a><\/h2>\t\t\t\t<\/div>\n\t\t\t\t<\/div>\n\t\t\t\t<div class=\"elementor-element elementor-element-a853011 elementor-widget elementor-widget-text-editor\" data-id=\"a853011\" data-element_type=\"widget\" data-widget_type=\"text-editor.default\">\n\t\t\t\t<div class=\"elementor-widget-container\">\n\t\t\t\t\t\t\t\t\t<p>En Moclinejo, un pueblo blanco de la Axarqu\u00eda malague\u00f1a situado a 15 minutos de las playas del Rinc\u00f3n de la Victoria, se encuentra un lugar m\u00e1gico que har\u00e1 las delicias de los m\u00e1s peque\u00f1os: la casa del Ratoncito P\u00e9rez. Este personaje tan querido por los ni\u00f1os tiene su hogar en este pintoresco rinc\u00f3n de Andaluc\u00eda, y queremos invitaros a descubrirlo. <a href=\"https:\/\/www.visitmoclinejo.es\/casa-del-ratoncito-perez\/\">Ver m\u00e1s<\/a><\/p>\t\t\t\t\t\t\t\t<\/div>\n\t\t\t\t<\/div>\n\t\t\t\t<\/div>\n\t\t\t\t\t<\/div>\n\t\t\t\t<\/div>\n\t\t<div class=\"elementor-element elementor-element-33773cb e-flex e-con-boxed e-con e-parent\" data-id=\"33773cb\" data-element_type=\"container\">\n\t\t\t\t\t<div class=\"e-con-inner\">\n\t\t<div class=\"elementor-element elementor-element-fbd9ea1 e-con-full e-flex e-con e-child\" data-id=\"fbd9ea1\" data-element_type=\"container\">\n\t\t\t\t<div class=\"elementor-element elementor-element-8b5b5a8 elementor-widget elementor-widget-image\" data-id=\"8b5b5a8\" data-element_type=\"widget\" data-widget_type=\"image.default\">\n\t\t\t\t<div class=\"elementor-widget-container\">\n\t\t\t\t\t\t\t\t\t\t\t\t\t\t\t\t<a href=\"https:\/\/www.visitmoclinejo.es\/casa-museo-axarquia\/\">\n\t\t\t\t\t\t\t<img decoding=\"async\" width=\"1000\" height=\"667\" data-src=\"https:\/\/www.visitmoclinejo.es\/wp-content\/uploads\/2024\/03\/Casa-museo-axarquia.jpg\" class=\"attachment-large size-large wp-image-400 lazyload\" alt=\"\" data-srcset=\"https:\/\/www.visitmoclinejo.es\/wp-content\/uploads\/2024\/03\/Casa-museo-axarquia.jpg 1000w, https:\/\/www.visitmoclinejo.es\/wp-content\/uploads\/2024\/03\/Casa-museo-axarquia-300x200.jpg 300w, https:\/\/www.visitmoclinejo.es\/wp-content\/uploads\/2024\/03\/Casa-museo-axarquia-768x512.jpg 768w\" data-sizes=\"(max-width: 1000px) 100vw, 1000px\" src=\"data:image\/gif;base64,R0lGODlhAQABAAAAACH5BAEKAAEALAAAAAABAAEAAAICTAEAOw==\" style=\"--smush-placeholder-width: 1000px; --smush-placeholder-aspect-ratio: 1000\/667;\" \/>\t\t\t\t\t\t\t\t<\/a>\n\t\t\t\t\t\t\t\t\t\t\t\t\t\t\t<\/div>\n\t\t\t\t<\/div>\n\t\t\t\t<div class=\"elementor-element elementor-element-0b634af elementor-widget elementor-widget-heading\" data-id=\"0b634af\" data-element_type=\"widget\" data-widget_type=\"heading.default\">\n\t\t\t\t<div class=\"elementor-widget-container\">\n\t\t\t\t\t<h2 class=\"elementor-heading-title elementor-size-default\"><a href=\"https:\/\/www.visitmoclinejo.es\/casa-museo-axarquia\/\">CASA MUSEO AXARQU\u00cdA<\/a><\/h2>\t\t\t\t<\/div>\n\t\t\t\t<\/div>\n\t\t\t\t<div class=\"elementor-element elementor-element-e65588c elementor-widget elementor-widget-text-editor\" data-id=\"e65588c\" data-element_type=\"widget\" data-widget_type=\"text-editor.default\">\n\t\t\t\t<div class=\"elementor-widget-container\">\n\t\t\t\t\t\t\t\t\t<p>El municipio de Moclinejo tiene varias pedan\u00edas y El Vald\u00e9s es una de las m\u00e1s importantes. En el Vald\u00e9s se encuentra un tesoro art\u00edstico que no puedes dejar de visitar: la Casa Museo Axarqu\u00eda. Este lugar es un homenaje a la tradici\u00f3n y la artesan\u00eda local y a la pasi\u00f3n por el arte de su creador, Antonio Monta\u00f1ez, conocido como el Gaud\u00ed de la Axarqu\u00eda. <a href=\"https:\/\/www.visitmoclinejo.es\/casa-museo-axarquia\/\">Ver m\u00e1s<\/a><\/p>\t\t\t\t\t\t\t\t<\/div>\n\t\t\t\t<\/div>\n\t\t\t\t<\/div>\n\t\t<div class=\"elementor-element elementor-element-4731395 e-con-full e-flex e-con e-child\" data-id=\"4731395\" data-element_type=\"container\">\n\t\t\t\t<div class=\"elementor-element elementor-element-73729da elementor-widget elementor-widget-image\" data-id=\"73729da\" data-element_type=\"widget\" data-widget_type=\"image.default\">\n\t\t\t\t<div class=\"elementor-widget-container\">\n\t\t\t\t\t\t\t\t\t\t\t\t\t\t\t\t<a href=\"https:\/\/www.visitmoclinejo.es\/homenaje-picapedreros\/\">\n\t\t\t\t\t\t\t<img decoding=\"async\" width=\"1024\" height=\"682\" data-src=\"https:\/\/www.visitmoclinejo.es\/wp-content\/uploads\/2024\/05\/picapedreros-1-1024x682.jpg\" class=\"attachment-large size-large wp-image-849 lazyload\" alt=\"Mosaico del monumento Homenaje a los Picapedreros realizado con restos de derribo\" data-srcset=\"https:\/\/www.visitmoclinejo.es\/wp-content\/uploads\/2024\/05\/picapedreros-1-1024x682.jpg 1024w, https:\/\/www.visitmoclinejo.es\/wp-content\/uploads\/2024\/05\/picapedreros-1-300x200.jpg 300w, https:\/\/www.visitmoclinejo.es\/wp-content\/uploads\/2024\/05\/picapedreros-1-768x512.jpg 768w, https:\/\/www.visitmoclinejo.es\/wp-content\/uploads\/2024\/05\/picapedreros-1-1536x1024.jpg 1536w, https:\/\/www.visitmoclinejo.es\/wp-content\/uploads\/2024\/05\/picapedreros-1.jpg 2000w\" data-sizes=\"(max-width: 1024px) 100vw, 1024px\" src=\"data:image\/gif;base64,R0lGODlhAQABAAAAACH5BAEKAAEALAAAAAABAAEAAAICTAEAOw==\" style=\"--smush-placeholder-width: 1024px; --smush-placeholder-aspect-ratio: 1024\/682;\" \/>\t\t\t\t\t\t\t\t<\/a>\n\t\t\t\t\t\t\t\t\t\t\t\t\t\t\t<\/div>\n\t\t\t\t<\/div>\n\t\t\t\t<div class=\"elementor-element elementor-element-85db6f6 elementor-widget elementor-widget-heading\" data-id=\"85db6f6\" data-element_type=\"widget\" data-widget_type=\"heading.default\">\n\t\t\t\t<div class=\"elementor-widget-container\">\n\t\t\t\t\t<h2 class=\"elementor-heading-title elementor-size-default\"><a href=\"https:\/\/www.visitmoclinejo.es\/homenaje-picapedreros\/\">PICAPEDREROS<\/a><\/h2>\t\t\t\t<\/div>\n\t\t\t\t<\/div>\n\t\t\t\t<div class=\"elementor-element elementor-element-148ca5c elementor-widget elementor-widget-text-editor\" data-id=\"148ca5c\" data-element_type=\"widget\" data-widget_type=\"text-editor.default\">\n\t\t\t\t<div class=\"elementor-widget-container\">\n\t\t\t\t\t\t\t\t\t<p>Hace d\u00e9cadas, los picapedreros eran una parte esencial de la vida en El Vald\u00e9s. Estos artesanos extra\u00edan la piedra de las canteras cercanas y la transformaban en bloques, adoquines y elementos arquitect\u00f3nicos. Sus manos callosas y sus herramientas rudimentarias dieron forma a las casas, iglesias y calles del pueblo.\u00a0 <a href=\"https:\/\/www.visitmoclinejo.es\/homenaje-picapedreros\/\">Ver m\u00e1s<\/a><\/p>\t\t\t\t\t\t\t\t<\/div>\n\t\t\t\t<\/div>\n\t\t\t\t<\/div>\n\t\t<div class=\"elementor-element elementor-element-169f690 e-con-full e-flex e-con e-child\" data-id=\"169f690\" data-element_type=\"container\">\n\t\t\t\t<div class=\"elementor-element elementor-element-3a07d67 elementor-widget elementor-widget-image\" data-id=\"3a07d67\" data-element_type=\"widget\" data-widget_type=\"image.default\">\n\t\t\t\t<div class=\"elementor-widget-container\">\n\t\t\t\t\t\t\t\t\t\t\t\t\t\t\t\t<a href=\"https:\/\/www.visitmoclinejo.es\/bodega-de-moclinejo\/\">\n\t\t\t\t\t\t\t<img decoding=\"async\" width=\"1024\" height=\"682\" data-src=\"https:\/\/www.visitmoclinejo.es\/wp-content\/uploads\/2024\/05\/bodega-antonio-munoz-cabrera-1-1024x682.jpg\" class=\"attachment-large size-large wp-image-522 lazyload\" alt=\"Interior de la Bodega Antonio Mu\u00f1oz Cabrera, con barriles de vino antiguos, paredes de piedra y una l\u00e1mpara con luz c\u00e1lida\" data-srcset=\"https:\/\/www.visitmoclinejo.es\/wp-content\/uploads\/2024\/05\/bodega-antonio-munoz-cabrera-1-1024x682.jpg 1024w, https:\/\/www.visitmoclinejo.es\/wp-content\/uploads\/2024\/05\/bodega-antonio-munoz-cabrera-1-300x200.jpg 300w, https:\/\/www.visitmoclinejo.es\/wp-content\/uploads\/2024\/05\/bodega-antonio-munoz-cabrera-1-768x512.jpg 768w, https:\/\/www.visitmoclinejo.es\/wp-content\/uploads\/2024\/05\/bodega-antonio-munoz-cabrera-1-1536x1024.jpg 1536w, https:\/\/www.visitmoclinejo.es\/wp-content\/uploads\/2024\/05\/bodega-antonio-munoz-cabrera-1.jpg 2000w\" data-sizes=\"(max-width: 1024px) 100vw, 1024px\" src=\"data:image\/gif;base64,R0lGODlhAQABAAAAACH5BAEKAAEALAAAAAABAAEAAAICTAEAOw==\" style=\"--smush-placeholder-width: 1024px; --smush-placeholder-aspect-ratio: 1024\/682;\" \/>\t\t\t\t\t\t\t\t<\/a>\n\t\t\t\t\t\t\t\t\t\t\t\t\t\t\t<\/div>\n\t\t\t\t<\/div>\n\t\t\t\t<div class=\"elementor-element elementor-element-20606c1 elementor-widget elementor-widget-heading\" data-id=\"20606c1\" data-element_type=\"widget\" data-widget_type=\"heading.default\">\n\t\t\t\t<div class=\"elementor-widget-container\">\n\t\t\t\t\t<h2 class=\"elementor-heading-title elementor-size-default\"><a href=\"https:\/\/www.visitmoclinejo.es\/bodega-de-moclinejo\/\">BODEGA<\/a><\/h2>\t\t\t\t<\/div>\n\t\t\t\t<\/div>\n\t\t\t\t<div class=\"elementor-element elementor-element-7823b0c elementor-widget elementor-widget-text-editor\" data-id=\"7823b0c\" data-element_type=\"widget\" data-widget_type=\"text-editor.default\">\n\t\t\t\t<div class=\"elementor-widget-container\">\n\t\t\t\t\t\t\t\t\t<p>La Bodega Antonio Mu\u00f1oz Cabrera, es un emblema de la tradici\u00f3n vin\u00edcola en el coraz\u00f3n de Moclinejo. Fundada en 1927 por Juan Mu\u00f1oz Navarrete, esta bodega familiar ha sido un pilar en la comunidad, dedic\u00e1ndose a\u00a0<a href=\"https:\/\/www.visitmoclinejo.es\/bodega-de-moclinejo\/\">Ver m\u00e1s<\/a><\/p>\t\t\t\t\t\t\t\t<\/div>\n\t\t\t\t<\/div>\n\t\t\t\t<\/div>\n\t\t\t\t\t<\/div>\n\t\t\t\t<\/div>\n\t\t<div class=\"elementor-element elementor-element-a0cdb8f e-flex e-con-boxed e-con e-parent\" data-id=\"a0cdb8f\" data-element_type=\"container\">\n\t\t\t\t\t<div class=\"e-con-inner\">\n\t\t<div class=\"elementor-element elementor-element-446416b e-con-full e-flex e-con e-child\" data-id=\"446416b\" data-element_type=\"container\">\n\t\t\t\t<div class=\"elementor-element elementor-element-ccfcf25 elementor-widget elementor-widget-image\" data-id=\"ccfcf25\" data-element_type=\"widget\" data-widget_type=\"image.default\">\n\t\t\t\t<div class=\"elementor-widget-container\">\n\t\t\t\t\t\t\t\t\t\t\t\t\t\t\t\t<a href=\"https:\/\/www.visitmoclinejo.es\/senderismo-en-moclinejo\/\">\n\t\t\t\t\t\t\t<img decoding=\"async\" width=\"1000\" height=\"667\" data-src=\"https:\/\/www.visitmoclinejo.es\/wp-content\/uploads\/2024\/03\/rutas-senderismo.jpg\" class=\"attachment-large size-large wp-image-402 lazyload\" alt=\"\" data-srcset=\"https:\/\/www.visitmoclinejo.es\/wp-content\/uploads\/2024\/03\/rutas-senderismo.jpg 1000w, https:\/\/www.visitmoclinejo.es\/wp-content\/uploads\/2024\/03\/rutas-senderismo-300x200.jpg 300w, https:\/\/www.visitmoclinejo.es\/wp-content\/uploads\/2024\/03\/rutas-senderismo-768x512.jpg 768w\" data-sizes=\"(max-width: 1000px) 100vw, 1000px\" src=\"data:image\/gif;base64,R0lGODlhAQABAAAAACH5BAEKAAEALAAAAAABAAEAAAICTAEAOw==\" style=\"--smush-placeholder-width: 1000px; --smush-placeholder-aspect-ratio: 1000\/667;\" \/>\t\t\t\t\t\t\t\t<\/a>\n\t\t\t\t\t\t\t\t\t\t\t\t\t\t\t<\/div>\n\t\t\t\t<\/div>\n\t\t\t\t<div class=\"elementor-element elementor-element-64f399d elementor-widget elementor-widget-heading\" data-id=\"64f399d\" data-element_type=\"widget\" data-widget_type=\"heading.default\">\n\t\t\t\t<div class=\"elementor-widget-container\">\n\t\t\t\t\t<h2 class=\"elementor-heading-title elementor-size-default\"><a href=\"https:\/\/www.visitmoclinejo.es\/senderismo-en-moclinejo\/\">RUTAS DE SENDERISMO<\/a><\/h2>\t\t\t\t<\/div>\n\t\t\t\t<\/div>\n\t\t\t\t<div class=\"elementor-element elementor-element-aae57e0 elementor-widget elementor-widget-text-editor\" data-id=\"aae57e0\" data-element_type=\"widget\" data-widget_type=\"text-editor.default\">\n\t\t\t\t<div class=\"elementor-widget-container\">\n\t\t\t\t\t\t\t\t\t<p>Moclinejo, es un destino ideal para realizar rutas de senderismo en la Axarqu\u00eda.<br \/>Por su ubicaci\u00f3n privilegiada, Moclinejo tiene vistas 360\u00ba a toda la Axarqu\u00eda, tanto a la costa como al interior\u00a0<a href=\"https:\/\/www.visitmoclinejo.es\/senderismo-en-moclinejo\/\">Ver m\u00e1s<\/a><\/p>\t\t\t\t\t\t\t\t<\/div>\n\t\t\t\t<\/div>\n\t\t\t\t<\/div>\n\t\t<div class=\"elementor-element elementor-element-a3bd68d e-con-full e-flex e-con e-child\" data-id=\"a3bd68d\" data-element_type=\"container\">\n\t\t\t\t<div class=\"elementor-element elementor-element-3f28806 elementor-widget elementor-widget-image\" data-id=\"3f28806\" data-element_type=\"widget\" data-widget_type=\"image.default\">\n\t\t\t\t<div class=\"elementor-widget-container\">\n\t\t\t\t\t\t\t\t\t\t\t\t\t\t\t\t<a href=\"https:\/\/www.visitmoclinejo.es\/sala-de-exposiciones-de-moclinejo\/\">\n\t\t\t\t\t\t\t<img decoding=\"async\" width=\"1024\" height=\"682\" data-src=\"https:\/\/www.visitmoclinejo.es\/wp-content\/uploads\/2024\/05\/sala-exposiciones-moclinejo-3-1024x682.jpg\" class=\"attachment-large size-large wp-image-476 lazyload\" alt=\"Exposici\u00f3n de arte en la sala de exposiciones de Moclinejo\" data-srcset=\"https:\/\/www.visitmoclinejo.es\/wp-content\/uploads\/2024\/05\/sala-exposiciones-moclinejo-3-1024x682.jpg 1024w, https:\/\/www.visitmoclinejo.es\/wp-content\/uploads\/2024\/05\/sala-exposiciones-moclinejo-3-300x200.jpg 300w, https:\/\/www.visitmoclinejo.es\/wp-content\/uploads\/2024\/05\/sala-exposiciones-moclinejo-3-768x512.jpg 768w, https:\/\/www.visitmoclinejo.es\/wp-content\/uploads\/2024\/05\/sala-exposiciones-moclinejo-3-1536x1024.jpg 1536w, https:\/\/www.visitmoclinejo.es\/wp-content\/uploads\/2024\/05\/sala-exposiciones-moclinejo-3.jpg 2000w\" data-sizes=\"(max-width: 1024px) 100vw, 1024px\" src=\"data:image\/gif;base64,R0lGODlhAQABAAAAACH5BAEKAAEALAAAAAABAAEAAAICTAEAOw==\" style=\"--smush-placeholder-width: 1024px; --smush-placeholder-aspect-ratio: 1024\/682;\" \/>\t\t\t\t\t\t\t\t<\/a>\n\t\t\t\t\t\t\t\t\t\t\t\t\t\t\t<\/div>\n\t\t\t\t<\/div>\n\t\t\t\t<div class=\"elementor-element elementor-element-be6df04 elementor-widget elementor-widget-heading\" data-id=\"be6df04\" data-element_type=\"widget\" data-widget_type=\"heading.default\">\n\t\t\t\t<div class=\"elementor-widget-container\">\n\t\t\t\t\t<h2 class=\"elementor-heading-title elementor-size-default\"><a href=\"https:\/\/www.visitmoclinejo.es\/sala-de-exposiciones-de-moclinejo\/\">SALA DE EXPOSICIONES<\/a><\/h2>\t\t\t\t<\/div>\n\t\t\t\t<\/div>\n\t\t\t\t<div class=\"elementor-element elementor-element-15aa232 elementor-widget elementor-widget-text-editor\" data-id=\"15aa232\" data-element_type=\"widget\" data-widget_type=\"text-editor.default\">\n\t\t\t\t<div class=\"elementor-widget-container\">\n\t\t\t\t\t\t\t\t\t<p>En el coraz\u00f3n de Moclinejo,\u00a0 se encuentra nuestra sala de exposiciones Antonio Segovia Lobillo. Este espacio cultural es un testimonio del rico patrimonio art\u00edstico y cultural de nuestra regi\u00f3n.\u00a0<a href=\"https:\/\/www.visitmoclinejo.es\/sala-de-exposiciones-de-moclinejo\/\">Ver m\u00e1s<\/a><\/p>\t\t\t\t\t\t\t\t<\/div>\n\t\t\t\t<\/div>\n\t\t\t\t<\/div>\n\t\t<div class=\"elementor-element elementor-element-11b8e57 e-con-full e-flex e-con e-child\" data-id=\"11b8e57\" data-element_type=\"container\">\n\t\t\t\t<\/div>\n\t\t\t\t\t<\/div>\n\t\t\t\t<\/div>\n\t\t\t\t<\/div>\n\t\t","protected":false},"excerpt":{"rendered":"<p>QU\u00c9 VER MOCLINEJO Y EL VALD\u00c9S Descubre las calles de Moclinejo, un bonito pueblo blanco en M\u00e1laga, situado a tan [&hellip;]<\/p>\n","protected":false},"author":2,"featured_media":0,"parent":0,"menu_order":0,"comment_status":"closed","ping_status":"closed","template":"","meta":{"_monsterinsights_skip_tracking":false,"_monsterinsights_sitenote_active":false,"_monsterinsights_sitenote_note":"","_monsterinsights_sitenote_category":0,"site-sidebar-layout":"no-sidebar","site-content-layout":"","ast-site-content-layout":"full-width-container","site-content-style":"default","site-sidebar-style":"default","ast-global-header-display":"","ast-banner-title-visibility":"","ast-main-header-display":"","ast-hfb-above-header-display":"","ast-hfb-below-header-display":"","ast-hfb-mobile-header-display":"","site-post-title":"disabled","ast-breadcrumbs-content":"","ast-featured-img":"disabled","footer-sml-layout":"","theme-transparent-header-meta":"","adv-header-id-meta":"","stick-header-meta":"","header-above-stick-meta":"","header-main-stick-meta":"","header-below-stick-meta":"","astra-migrate-meta-layouts":"default","ast-page-background-enabled":"default","ast-page-background-meta":{"desktop":{"background-color":"var(--ast-global-color-4)","background-image":"","background-repeat":"repeat","background-position":"center center","background-size":"auto","background-attachment":"scroll","background-type":"","background-media":"","overlay-type":"","overlay-color":"","overlay-gradient":""},"tablet":{"background-color":"","background-image":"","background-repeat":"repeat","background-position":"center center","background-size":"auto","background-attachment":"scroll","background-type":"","background-media":"","overlay-type":"","overlay-color":"","overlay-gradient":""},"mobile":{"background-color":"","background-image":"","background-repeat":"repeat","background-position":"center center","background-size":"auto","background-attachment":"scroll","background-type":"","background-media":"","overlay-type":"","overlay-color":"","overlay-gradient":""}},"ast-content-background-meta":{"desktop":{"background-color":"var(--ast-global-color-5)","background-image":"","background-repeat":"repeat","background-position":"center center","background-size":"auto","background-attachment":"scroll","background-type":"","background-media":"","overlay-type":"","overlay-color":"","overlay-gradient":""},"tablet":{"background-color":"var(--ast-global-color-5)","background-image":"","background-repeat":"repeat","background-position":"center center","background-size":"auto","background-attachment":"scroll","background-type":"","background-media":"","overlay-type":"","overlay-color":"","overlay-gradient":""},"mobile":{"background-color":"var(--ast-global-color-5)","background-image":"","background-repeat":"repeat","background-position":"center center","background-size":"auto","background-attachment":"scroll","background-type":"","background-media":"","overlay-type":"","overlay-color":"","overlay-gradient":""}},"footnotes":""},"class_list":["post-261","page","type-page","status-publish","hentry"],"aioseo_notices":[],"_links":{"self":[{"href":"https:\/\/www.visitmoclinejo.es\/index.php?rest_route=\/wp\/v2\/pages\/261","targetHints":{"allow":["GET"]}}],"collection":[{"href":"https:\/\/www.visitmoclinejo.es\/index.php?rest_route=\/wp\/v2\/pages"}],"about":[{"href":"https:\/\/www.visitmoclinejo.es\/index.php?rest_route=\/wp\/v2\/types\/page"}],"author":[{"embeddable":true,"href":"https:\/\/www.visitmoclinejo.es\/index.php?rest_route=\/wp\/v2\/users\/2"}],"replies":[{"embeddable":true,"href":"https:\/\/www.visitmoclinejo.es\/index.php?rest_route=%2Fwp%2Fv2%2Fcomments&post=261"}],"version-history":[{"count":34,"href":"https:\/\/www.visitmoclinejo.es\/index.php?rest_route=\/wp\/v2\/pages\/261\/revisions"}],"predecessor-version":[{"id":2550,"href":"https:\/\/www.visitmoclinejo.es\/index.php?rest_route=\/wp\/v2\/pages\/261\/revisions\/2550"}],"wp:attachment":[{"href":"https:\/\/www.visitmoclinejo.es\/index.php?rest_route=%2Fwp%2Fv2%2Fmedia&parent=261"}],"curies":[{"name":"wp","href":"https:\/\/api.w.org\/{rel}","templated":true}]}}