{"id":283,"date":"2024-03-27T20:35:47","date_gmt":"2024-03-27T19:35:47","guid":{"rendered":"https:\/\/visitmoclinejo.es\/?page_id=283"},"modified":"2025-06-12T10:59:22","modified_gmt":"2025-06-12T08:59:22","slug":"casa-museo-axarquia","status":"publish","type":"page","link":"https:\/\/www.visitmoclinejo.es\/?page_id=283","title":{"rendered":"Casa Museo Axarqu\u00eda"},"content":{"rendered":"\t\t<div data-elementor-type=\"wp-page\" data-elementor-id=\"283\" class=\"elementor elementor-283\">\n\t\t\t\t<div class=\"elementor-element elementor-element-a66b577 e-con-full e-flex e-con e-parent\" data-id=\"a66b577\" data-element_type=\"container\" data-settings=\"{&quot;background_background&quot;:&quot;classic&quot;}\">\n\t\t\t\t<div class=\"elementor-element elementor-element-9aae679 elementor-widget__width-inherit elementor-absolute elementor-widget elementor-widget-heading\" data-id=\"9aae679\" data-element_type=\"widget\" data-settings=\"{&quot;_position&quot;:&quot;absolute&quot;}\" data-widget_type=\"heading.default\">\n\t\t\t\t<div class=\"elementor-widget-container\">\n\t\t\t\t\t<p class=\"elementor-heading-title elementor-size-default\">CASA MUSEO AXARQU\u00cdA<\/p>\t\t\t\t<\/div>\n\t\t\t\t<\/div>\n\t\t\t\t<\/div>\n\t\t<div class=\"elementor-element elementor-element-531575e e-flex e-con-boxed e-con e-parent\" data-id=\"531575e\" data-element_type=\"container\">\n\t\t\t\t\t<div class=\"e-con-inner\">\n\t\t\t\t<div class=\"elementor-element elementor-element-ec5da94 elementor-widget elementor-widget-heading\" data-id=\"ec5da94\" data-element_type=\"widget\" data-widget_type=\"heading.default\">\n\t\t\t\t<div class=\"elementor-widget-container\">\n\t\t\t\t\t<h1 class=\"elementor-heading-title elementor-size-default\">Casa Museo Axarqu\u00eda<\/h1>\t\t\t\t<\/div>\n\t\t\t\t<\/div>\n\t\t\t\t<div class=\"elementor-element elementor-element-1954754 elementor-widget elementor-widget-text-editor\" data-id=\"1954754\" data-element_type=\"widget\" data-widget_type=\"text-editor.default\">\n\t\t\t\t<div class=\"elementor-widget-container\">\n\t\t\t\t\t\t\t\t\t<p>El municipio de Moclinejo tiene varias pedan\u00edas y El Vald\u00e9s es una de las m\u00e1s importantes. En el Vald\u00e9s se encuentra un tesoro art\u00edstico que no puedes dejar de visitar: la Casa Museo Axarqu\u00eda. Este lugar es un homenaje a la tradici\u00f3n y la artesan\u00eda local y a la pasi\u00f3n por el arte de su creador, Antonio Monta\u00f1ez, conocido como el Gaud\u00ed de la Axarqu\u00eda.<\/p><p><strong>Un homenaje a la artesan\u00eda local<br \/><\/strong>La Casa Museo de El Vald\u00e9s es una construcci\u00f3n realizada mayormente con material de derribo. Antonio Monta\u00f1ez, vecino de la pedan\u00eda de El Vald\u00e9s, ha utilizado su talento para transformar estos materiales en una obra de arte que rinde homenaje a la tierra y a la artesan\u00eda local. La casa fue construida como un homenaje a sus raices y para dar a conocer la artesan\u00eda local, especialmente destacando las cer\u00e1micas.<\/p><p><strong>Un recorrido por el arte y la historia de la Axarqu\u00eda<br \/><\/strong>La Casa Museo alberga entre 100 y 150 obras de arte, todas ellas representativas de la pasi\u00f3n y dedicaci\u00f3n de Antonio Monta\u00f1ez al arte. Cada obra cuenta su propia historia y contribuye al legado cultural del lugar. Adem\u00e1s, la Casa Museo Axarqu\u00eda rinde un emotivo homenaje al colectivo de los picapedreros, con la creaci\u00f3n de un parque infantil dotado de cer\u00e1micas y figuras que hacen alusi\u00f3n a la labor de los picapedreros y la influencia que tuvieron moldeando el paisaje del pueblo.<\/p><p><strong>Visita la Casa Museo Axarqu\u00eda<br \/><\/strong>La Casa Museo de El Vald\u00e9s se puede visitar bajo cita previa en la web de <a href=\"http:\/\/www.axartrips.com\" target=\"_blank\" rel=\"noopener\">AxarTrips<\/a>, en el mail <a href=\"mailto:info@axartrips.com\">info@axartrips.com<\/a> o a trav\u00e9s del tel\u00e9fono +34 722 722 492. Persona de contacto: Jose Carlos.<\/p>\t\t\t\t\t\t\t\t<\/div>\n\t\t\t\t<\/div>\n\t\t\t\t\t<\/div>\n\t\t\t\t<\/div>\n\t\t<div class=\"elementor-element elementor-element-2d43367 e-flex e-con-boxed e-con e-parent\" data-id=\"2d43367\" data-element_type=\"container\">\n\t\t\t\t\t<div class=\"e-con-inner\">\n\t\t\t\t<div class=\"elementor-element elementor-element-419840d gallery-spacing-custom elementor-widget elementor-widget-image-gallery\" data-id=\"419840d\" data-element_type=\"widget\" data-widget_type=\"image-gallery.default\">\n\t\t\t\t<div class=\"elementor-widget-container\">\n\t\t\t\t\t\t\t<div class=\"elementor-image-gallery\">\n\t\t\t<div id='gallery-1' class='gallery galleryid-283 gallery-columns-3 gallery-size-medium'><figure class='gallery-item'>\n\t\t\t<div class='gallery-icon landscape'>\n\t\t\t\t<a data-elementor-open-lightbox=\"yes\" data-elementor-lightbox-slideshow=\"419840d\" data-elementor-lightbox-title=\"Casa Museo Axarqu\u00eda\" data-e-action-hash=\"#elementor-action%3Aaction%3Dlightbox%26settings%3DeyJpZCI6NTExLCJ1cmwiOiJodHRwczpcL1wvd3d3LnZpc2l0bW9jbGluZWpvLmVzXC93cC1jb250ZW50XC91cGxvYWRzXC8yMDI0XC8wNVwvY2FzYS1tdXNlby1heGFycXVpYS02LmpwZyIsInNsaWRlc2hvdyI6IjQxOTg0MGQifQ%3D%3D\" href='https:\/\/www.visitmoclinejo.es\/wp-content\/uploads\/2024\/05\/casa-museo-axarquia-6.jpg'><img fetchpriority=\"high\" decoding=\"async\" width=\"300\" height=\"200\" src=\"https:\/\/www.visitmoclinejo.es\/wp-content\/uploads\/2024\/05\/casa-museo-axarquia-6-300x200.jpg\" class=\"attachment-medium size-medium\" alt=\"Vista exterior de la Casa Museo Axarqu\u00eda con el mar al fondo\" srcset=\"https:\/\/www.visitmoclinejo.es\/wp-content\/uploads\/2024\/05\/casa-museo-axarquia-6-300x200.jpg 300w, https:\/\/www.visitmoclinejo.es\/wp-content\/uploads\/2024\/05\/casa-museo-axarquia-6-1024x682.jpg 1024w, https:\/\/www.visitmoclinejo.es\/wp-content\/uploads\/2024\/05\/casa-museo-axarquia-6-768x512.jpg 768w, https:\/\/www.visitmoclinejo.es\/wp-content\/uploads\/2024\/05\/casa-museo-axarquia-6-1536x1024.jpg 1536w, https:\/\/www.visitmoclinejo.es\/wp-content\/uploads\/2024\/05\/casa-museo-axarquia-6.jpg 1613w\" sizes=\"(max-width: 300px) 100vw, 300px\" \/><\/a>\n\t\t\t<\/div><\/figure><figure class='gallery-item'>\n\t\t\t<div class='gallery-icon landscape'>\n\t\t\t\t<a data-elementor-open-lightbox=\"yes\" data-elementor-lightbox-slideshow=\"419840d\" data-elementor-lightbox-title=\"Antonio Monta\u00f1ez en el Parque de Picapedreros\" data-e-action-hash=\"#elementor-action%3Aaction%3Dlightbox%26settings%3DeyJpZCI6NTA1LCJ1cmwiOiJodHRwczpcL1wvd3d3LnZpc2l0bW9jbGluZWpvLmVzXC93cC1jb250ZW50XC91cGxvYWRzXC8yMDI0XC8wNVwvYW50b25pby1tb250YW5lei1waWNhcGVkcmVyb3MuanBnIiwic2xpZGVzaG93IjoiNDE5ODQwZCJ9\" href='https:\/\/www.visitmoclinejo.es\/wp-content\/uploads\/2024\/05\/antonio-montanez-picapedreros.jpg'><img decoding=\"async\" width=\"300\" height=\"200\" data-src=\"https:\/\/www.visitmoclinejo.es\/wp-content\/uploads\/2024\/05\/antonio-montanez-picapedreros-300x200.jpg\" class=\"attachment-medium size-medium lazyload\" alt=\"Retrato de Antonio Monta\u00f1ez, creador de la Casa Museo Axarqu\u00eda, en un mosaico de un \u00e1rbol en el Parque de Picapedreros\" data-srcset=\"https:\/\/www.visitmoclinejo.es\/wp-content\/uploads\/2024\/05\/antonio-montanez-picapedreros-300x200.jpg 300w, https:\/\/www.visitmoclinejo.es\/wp-content\/uploads\/2024\/05\/antonio-montanez-picapedreros-1024x683.jpg 1024w, https:\/\/www.visitmoclinejo.es\/wp-content\/uploads\/2024\/05\/antonio-montanez-picapedreros-768x512.jpg 768w, https:\/\/www.visitmoclinejo.es\/wp-content\/uploads\/2024\/05\/antonio-montanez-picapedreros-1536x1024.jpg 1536w, https:\/\/www.visitmoclinejo.es\/wp-content\/uploads\/2024\/05\/antonio-montanez-picapedreros.jpg 1984w\" data-sizes=\"(max-width: 300px) 100vw, 300px\" src=\"data:image\/gif;base64,R0lGODlhAQABAAAAACH5BAEKAAEALAAAAAABAAEAAAICTAEAOw==\" style=\"--smush-placeholder-width: 300px; --smush-placeholder-aspect-ratio: 300\/200;\" \/><\/a>\n\t\t\t<\/div><\/figure><figure class='gallery-item'>\n\t\t\t<div class='gallery-icon landscape'>\n\t\t\t\t<a data-elementor-open-lightbox=\"yes\" data-elementor-lightbox-slideshow=\"419840d\" data-elementor-lightbox-title=\"Sal\u00f3n Casa Museo Axarqu\u00eda\" data-e-action-hash=\"#elementor-action%3Aaction%3Dlightbox%26settings%3DeyJpZCI6NTA4LCJ1cmwiOiJodHRwczpcL1wvd3d3LnZpc2l0bW9jbGluZWpvLmVzXC93cC1jb250ZW50XC91cGxvYWRzXC8yMDI0XC8wNVwvY2FzYS1tdXNlby1heGFycXVpYS0zLmpwZyIsInNsaWRlc2hvdyI6IjQxOTg0MGQifQ%3D%3D\" href='https:\/\/www.visitmoclinejo.es\/wp-content\/uploads\/2024\/05\/casa-museo-axarquia-3.jpg'><img decoding=\"async\" width=\"300\" height=\"200\" data-src=\"https:\/\/www.visitmoclinejo.es\/wp-content\/uploads\/2024\/05\/casa-museo-axarquia-3-300x200.jpg\" class=\"attachment-medium size-medium lazyload\" alt=\"Sal\u00f3n de la Casa Museo Axarqu\u00eda, con elementos tradicionales y mosaicos cer\u00e1micos en el techo\" data-srcset=\"https:\/\/www.visitmoclinejo.es\/wp-content\/uploads\/2024\/05\/casa-museo-axarquia-3-300x200.jpg 300w, https:\/\/www.visitmoclinejo.es\/wp-content\/uploads\/2024\/05\/casa-museo-axarquia-3-1024x683.jpg 1024w, https:\/\/www.visitmoclinejo.es\/wp-content\/uploads\/2024\/05\/casa-museo-axarquia-3-768x512.jpg 768w, https:\/\/www.visitmoclinejo.es\/wp-content\/uploads\/2024\/05\/casa-museo-axarquia-3-1536x1024.jpg 1536w, https:\/\/www.visitmoclinejo.es\/wp-content\/uploads\/2024\/05\/casa-museo-axarquia-3.jpg 1984w\" data-sizes=\"(max-width: 300px) 100vw, 300px\" src=\"data:image\/gif;base64,R0lGODlhAQABAAAAACH5BAEKAAEALAAAAAABAAEAAAICTAEAOw==\" style=\"--smush-placeholder-width: 300px; --smush-placeholder-aspect-ratio: 300\/200;\" \/><\/a>\n\t\t\t<\/div><\/figure><figure class='gallery-item'>\n\t\t\t<div class='gallery-icon landscape'>\n\t\t\t\t<a data-elementor-open-lightbox=\"yes\" data-elementor-lightbox-slideshow=\"419840d\" data-elementor-lightbox-title=\"Escalera y torre\u00f3n Casa Museo Axarqu\u00eda\" data-e-action-hash=\"#elementor-action%3Aaction%3Dlightbox%26settings%3DeyJpZCI6NTA2LCJ1cmwiOiJodHRwczpcL1wvd3d3LnZpc2l0bW9jbGluZWpvLmVzXC93cC1jb250ZW50XC91cGxvYWRzXC8yMDI0XC8wNVwvY2FzYS1tdXNlby1heGFycXVpYS0xLmpwZyIsInNsaWRlc2hvdyI6IjQxOTg0MGQifQ%3D%3D\" href='https:\/\/www.visitmoclinejo.es\/wp-content\/uploads\/2024\/05\/casa-museo-axarquia-1.jpg'><img decoding=\"async\" width=\"300\" height=\"200\" data-src=\"https:\/\/www.visitmoclinejo.es\/wp-content\/uploads\/2024\/05\/casa-museo-axarquia-1-300x200.jpg\" class=\"attachment-medium size-medium lazyload\" alt=\"Escalera e imagen de los vendimiadores tallada en madera en el interior del torre\u00f3n de la Casa Museo Axarqu\u00eda\" data-srcset=\"https:\/\/www.visitmoclinejo.es\/wp-content\/uploads\/2024\/05\/casa-museo-axarquia-1-300x200.jpg 300w, https:\/\/www.visitmoclinejo.es\/wp-content\/uploads\/2024\/05\/casa-museo-axarquia-1-1024x682.jpg 1024w, https:\/\/www.visitmoclinejo.es\/wp-content\/uploads\/2024\/05\/casa-museo-axarquia-1-768x512.jpg 768w, https:\/\/www.visitmoclinejo.es\/wp-content\/uploads\/2024\/05\/casa-museo-axarquia-1-1536x1024.jpg 1536w, https:\/\/www.visitmoclinejo.es\/wp-content\/uploads\/2024\/05\/casa-museo-axarquia-1.jpg 2000w\" data-sizes=\"(max-width: 300px) 100vw, 300px\" src=\"data:image\/gif;base64,R0lGODlhAQABAAAAACH5BAEKAAEALAAAAAABAAEAAAICTAEAOw==\" style=\"--smush-placeholder-width: 300px; --smush-placeholder-aspect-ratio: 300\/200;\" \/><\/a>\n\t\t\t<\/div><\/figure><figure class='gallery-item'>\n\t\t\t<div class='gallery-icon landscape'>\n\t\t\t\t<a data-elementor-open-lightbox=\"yes\" data-elementor-lightbox-slideshow=\"419840d\" data-elementor-lightbox-title=\"S\u00f3tano Casa Museo Axarqu\u00eda\" data-e-action-hash=\"#elementor-action%3Aaction%3Dlightbox%26settings%3DeyJpZCI6NTA5LCJ1cmwiOiJodHRwczpcL1wvd3d3LnZpc2l0bW9jbGluZWpvLmVzXC93cC1jb250ZW50XC91cGxvYWRzXC8yMDI0XC8wNVwvY2FzYS1tdXNlby1heGFycXVpYS00LmpwZyIsInNsaWRlc2hvdyI6IjQxOTg0MGQifQ%3D%3D\" href='https:\/\/www.visitmoclinejo.es\/wp-content\/uploads\/2024\/05\/casa-museo-axarquia-4.jpg'><img decoding=\"async\" width=\"300\" height=\"200\" data-src=\"https:\/\/www.visitmoclinejo.es\/wp-content\/uploads\/2024\/05\/casa-museo-axarquia-4-300x200.jpg\" class=\"attachment-medium size-medium lazyload\" alt=\"S\u00f3tano de la Casa Museo Axarqu\u00eda. con elementos tradicionales\" data-srcset=\"https:\/\/www.visitmoclinejo.es\/wp-content\/uploads\/2024\/05\/casa-museo-axarquia-4-300x200.jpg 300w, https:\/\/www.visitmoclinejo.es\/wp-content\/uploads\/2024\/05\/casa-museo-axarquia-4-1024x683.jpg 1024w, https:\/\/www.visitmoclinejo.es\/wp-content\/uploads\/2024\/05\/casa-museo-axarquia-4-768x512.jpg 768w, https:\/\/www.visitmoclinejo.es\/wp-content\/uploads\/2024\/05\/casa-museo-axarquia-4-1536x1024.jpg 1536w, https:\/\/www.visitmoclinejo.es\/wp-content\/uploads\/2024\/05\/casa-museo-axarquia-4.jpg 1984w\" data-sizes=\"(max-width: 300px) 100vw, 300px\" src=\"data:image\/gif;base64,R0lGODlhAQABAAAAACH5BAEKAAEALAAAAAABAAEAAAICTAEAOw==\" style=\"--smush-placeholder-width: 300px; --smush-placeholder-aspect-ratio: 300\/200;\" \/><\/a>\n\t\t\t<\/div><\/figure><figure class='gallery-item'>\n\t\t\t<div class='gallery-icon landscape'>\n\t\t\t\t<a data-elementor-open-lightbox=\"yes\" data-elementor-lightbox-slideshow=\"419840d\" data-elementor-lightbox-title=\"Detalle pared Casa Museo Axarqu\u00eda\" data-e-action-hash=\"#elementor-action%3Aaction%3Dlightbox%26settings%3DeyJpZCI6NTEwLCJ1cmwiOiJodHRwczpcL1wvd3d3LnZpc2l0bW9jbGluZWpvLmVzXC93cC1jb250ZW50XC91cGxvYWRzXC8yMDI0XC8wNVwvY2FzYS1tdXNlby1heGFycXVpYS01LmpwZyIsInNsaWRlc2hvdyI6IjQxOTg0MGQifQ%3D%3D\" href='https:\/\/www.visitmoclinejo.es\/wp-content\/uploads\/2024\/05\/casa-museo-axarquia-5.jpg'><img decoding=\"async\" width=\"300\" height=\"200\" data-src=\"https:\/\/www.visitmoclinejo.es\/wp-content\/uploads\/2024\/05\/casa-museo-axarquia-5-300x200.jpg\" class=\"attachment-medium size-medium lazyload\" alt=\"Detalle de una pared interior de la Casa Museo Axarqu\u00eda con elementos tradicionales\" data-srcset=\"https:\/\/www.visitmoclinejo.es\/wp-content\/uploads\/2024\/05\/casa-museo-axarquia-5-300x200.jpg 300w, https:\/\/www.visitmoclinejo.es\/wp-content\/uploads\/2024\/05\/casa-museo-axarquia-5-1024x683.jpg 1024w, https:\/\/www.visitmoclinejo.es\/wp-content\/uploads\/2024\/05\/casa-museo-axarquia-5-768x512.jpg 768w, https:\/\/www.visitmoclinejo.es\/wp-content\/uploads\/2024\/05\/casa-museo-axarquia-5-1536x1024.jpg 1536w, https:\/\/www.visitmoclinejo.es\/wp-content\/uploads\/2024\/05\/casa-museo-axarquia-5.jpg 1984w\" data-sizes=\"(max-width: 300px) 100vw, 300px\" src=\"data:image\/gif;base64,R0lGODlhAQABAAAAACH5BAEKAAEALAAAAAABAAEAAAICTAEAOw==\" style=\"--smush-placeholder-width: 300px; --smush-placeholder-aspect-ratio: 300\/200;\" \/><\/a>\n\t\t\t<\/div><\/figure>\n\t\t<\/div>\n\t\t<\/div>\n\t\t\t\t\t\t<\/div>\n\t\t\t\t<\/div>\n\t\t\t\t\t<\/div>\n\t\t\t\t<\/div>\n\t\t\t\t<\/div>\n\t\t","protected":false},"excerpt":{"rendered":"<p>CASA MUSEO AXARQU\u00cdA Casa Museo Axarqu\u00eda El municipio de Moclinejo tiene varias pedan\u00edas y El Vald\u00e9s es una de las [&hellip;]<\/p>\n","protected":false},"author":2,"featured_media":0,"parent":0,"menu_order":0,"comment_status":"closed","ping_status":"closed","template":"","meta":{"_monsterinsights_skip_tracking":false,"_monsterinsights_sitenote_active":false,"_monsterinsights_sitenote_note":"","_monsterinsights_sitenote_category":0,"site-sidebar-layout":"no-sidebar","site-content-layout":"","ast-site-content-layout":"full-width-container","site-content-style":"default","site-sidebar-style":"default","ast-global-header-display":"","ast-banner-title-visibility":"","ast-main-header-display":"","ast-hfb-above-header-display":"","ast-hfb-below-header-display":"","ast-hfb-mobile-header-display":"","site-post-title":"disabled","ast-breadcrumbs-content":"","ast-featured-img":"disabled","footer-sml-layout":"","theme-transparent-header-meta":"","adv-header-id-meta":"","stick-header-meta":"","header-above-stick-meta":"","header-main-stick-meta":"","header-below-stick-meta":"","astra-migrate-meta-layouts":"default","ast-page-background-enabled":"default","ast-page-background-meta":{"desktop":{"background-color":"var(--ast-global-color-4)","background-image":"","background-repeat":"repeat","background-position":"center center","background-size":"auto","background-attachment":"scroll","background-type":"","background-media":"","overlay-type":"","overlay-color":"","overlay-gradient":""},"tablet":{"background-color":"","background-image":"","background-repeat":"repeat","background-position":"center center","background-size":"auto","background-attachment":"scroll","background-type":"","background-media":"","overlay-type":"","overlay-color":"","overlay-gradient":""},"mobile":{"background-color":"","background-image":"","background-repeat":"repeat","background-position":"center center","background-size":"auto","background-attachment":"scroll","background-type":"","background-media":"","overlay-type":"","overlay-color":"","overlay-gradient":""}},"ast-content-background-meta":{"desktop":{"background-color":"var(--ast-global-color-5)","background-image":"","background-repeat":"repeat","background-position":"center center","background-size":"auto","background-attachment":"scroll","background-type":"","background-media":"","overlay-type":"","overlay-color":"","overlay-gradient":""},"tablet":{"background-color":"var(--ast-global-color-5)","background-image":"","background-repeat":"repeat","background-position":"center center","background-size":"auto","background-attachment":"scroll","background-type":"","background-media":"","overlay-type":"","overlay-color":"","overlay-gradient":""},"mobile":{"background-color":"var(--ast-global-color-5)","background-image":"","background-repeat":"repeat","background-position":"center center","background-size":"auto","background-attachment":"scroll","background-type":"","background-media":"","overlay-type":"","overlay-color":"","overlay-gradient":""}},"footnotes":""},"class_list":["post-283","page","type-page","status-publish","hentry"],"aioseo_notices":[],"_links":{"self":[{"href":"https:\/\/www.visitmoclinejo.es\/index.php?rest_route=\/wp\/v2\/pages\/283","targetHints":{"allow":["GET"]}}],"collection":[{"href":"https:\/\/www.visitmoclinejo.es\/index.php?rest_route=\/wp\/v2\/pages"}],"about":[{"href":"https:\/\/www.visitmoclinejo.es\/index.php?rest_route=\/wp\/v2\/types\/page"}],"author":[{"embeddable":true,"href":"https:\/\/www.visitmoclinejo.es\/index.php?rest_route=\/wp\/v2\/users\/2"}],"replies":[{"embeddable":true,"href":"https:\/\/www.visitmoclinejo.es\/index.php?rest_route=%2Fwp%2Fv2%2Fcomments&post=283"}],"version-history":[{"count":19,"href":"https:\/\/www.visitmoclinejo.es\/index.php?rest_route=\/wp\/v2\/pages\/283\/revisions"}],"predecessor-version":[{"id":2568,"href":"https:\/\/www.visitmoclinejo.es\/index.php?rest_route=\/wp\/v2\/pages\/283\/revisions\/2568"}],"wp:attachment":[{"href":"https:\/\/www.visitmoclinejo.es\/index.php?rest_route=%2Fwp%2Fv2%2Fmedia&parent=283"}],"curies":[{"name":"wp","href":"https:\/\/api.w.org\/{rel}","templated":true}]}}