{"id":302,"date":"2024-03-27T20:41:07","date_gmt":"2024-03-27T19:41:07","guid":{"rendered":"https:\/\/visitmoclinejo.es\/?page_id=302"},"modified":"2025-06-11T11:34:44","modified_gmt":"2025-06-11T09:34:44","slug":"servicios-de-moclinejo","status":"publish","type":"page","link":"https:\/\/www.visitmoclinejo.es\/?page_id=302","title":{"rendered":"Servicios de Moclinejo"},"content":{"rendered":"\t\t<div data-elementor-type=\"wp-page\" data-elementor-id=\"302\" class=\"elementor elementor-302\">\n\t\t\t\t<div class=\"elementor-element elementor-element-5865960 e-con-full e-flex e-con e-parent\" data-id=\"5865960\" data-element_type=\"container\" data-settings=\"{&quot;background_background&quot;:&quot;classic&quot;}\">\n\t\t\t\t<div class=\"elementor-element elementor-element-427ecd9 elementor-widget__width-inherit elementor-absolute elementor-widget elementor-widget-heading\" data-id=\"427ecd9\" data-element_type=\"widget\" data-settings=\"{&quot;_position&quot;:&quot;absolute&quot;}\" data-widget_type=\"heading.default\">\n\t\t\t\t<div class=\"elementor-widget-container\">\n\t\t\t\t\t<p class=\"elementor-heading-title elementor-size-default\">SERVICIOS<\/p>\t\t\t\t<\/div>\n\t\t\t\t<\/div>\n\t\t\t\t<\/div>\n\t\t<div class=\"elementor-element elementor-element-8f8a105 e-flex e-con-boxed e-con e-parent\" data-id=\"8f8a105\" data-element_type=\"container\">\n\t\t\t\t\t<div class=\"e-con-inner\">\n\t\t<div class=\"elementor-element elementor-element-81916f7 e-con-full e-flex e-con e-child\" data-id=\"81916f7\" data-element_type=\"container\">\n\t\t\t\t<div class=\"elementor-element elementor-element-b3f2ff7 elementor-widget elementor-widget-image\" data-id=\"b3f2ff7\" data-element_type=\"widget\" data-widget_type=\"image.default\">\n\t\t\t\t<div class=\"elementor-widget-container\">\n\t\t\t\t\t\t\t\t\t\t\t\t\t\t\t\t<a href=\"https:\/\/www.visitmoclinejo.es\/donde-dormir-en-moclinejo\/\">\n\t\t\t\t\t\t\t<img fetchpriority=\"high\" decoding=\"async\" width=\"1024\" height=\"682\" src=\"https:\/\/www.visitmoclinejo.es\/wp-content\/uploads\/2024\/05\/moclinejo-2-1-1024x682.jpg\" class=\"attachment-large size-large wp-image-705\" alt=\"Vista a\u00e9rea de Moclinejo y su iglesia con monta\u00f1as al fondo\" srcset=\"https:\/\/www.visitmoclinejo.es\/wp-content\/uploads\/2024\/05\/moclinejo-2-1-1024x682.jpg 1024w, https:\/\/www.visitmoclinejo.es\/wp-content\/uploads\/2024\/05\/moclinejo-2-1-300x200.jpg 300w, https:\/\/www.visitmoclinejo.es\/wp-content\/uploads\/2024\/05\/moclinejo-2-1-768x512.jpg 768w, https:\/\/www.visitmoclinejo.es\/wp-content\/uploads\/2024\/05\/moclinejo-2-1-1536x1024.jpg 1536w, https:\/\/www.visitmoclinejo.es\/wp-content\/uploads\/2024\/05\/moclinejo-2-1.jpg 1613w\" sizes=\"(max-width: 1024px) 100vw, 1024px\" \/>\t\t\t\t\t\t\t\t<\/a>\n\t\t\t\t\t\t\t\t\t\t\t\t\t\t\t<\/div>\n\t\t\t\t<\/div>\n\t\t\t\t<div class=\"elementor-element elementor-element-eca005b elementor-widget elementor-widget-heading\" data-id=\"eca005b\" data-element_type=\"widget\" data-widget_type=\"heading.default\">\n\t\t\t\t<div class=\"elementor-widget-container\">\n\t\t\t\t\t<h2 class=\"elementor-heading-title elementor-size-default\"><a href=\"https:\/\/www.visitmoclinejo.es\/donde-dormir-en-moclinejo\/\">D\u00d3NDE DORMIR<\/a><\/h2>\t\t\t\t<\/div>\n\t\t\t\t<\/div>\n\t\t\t\t<\/div>\n\t\t<div class=\"elementor-element elementor-element-25078e1 e-con-full e-flex e-con e-child\" data-id=\"25078e1\" data-element_type=\"container\">\n\t\t\t\t<div class=\"elementor-element elementor-element-acf7229 elementor-widget elementor-widget-image\" data-id=\"acf7229\" data-element_type=\"widget\" data-widget_type=\"image.default\">\n\t\t\t\t<div class=\"elementor-widget-container\">\n\t\t\t\t\t\t\t\t\t\t\t\t\t\t\t\t<a href=\"https:\/\/www.visitmoclinejo.es\/donde-comer-en-moclinejo\/\">\n\t\t\t\t\t\t\t<img decoding=\"async\" width=\"1024\" height=\"682\" data-src=\"https:\/\/www.visitmoclinejo.es\/wp-content\/uploads\/2024\/05\/interior-moclinejo-10-1024x682.jpg\" class=\"attachment-large size-large wp-image-706 lazyload\" alt=\"Calle de Moclinejo con casas blancas en un d\u00eda soleado\" data-srcset=\"https:\/\/www.visitmoclinejo.es\/wp-content\/uploads\/2024\/05\/interior-moclinejo-10-1024x682.jpg 1024w, https:\/\/www.visitmoclinejo.es\/wp-content\/uploads\/2024\/05\/interior-moclinejo-10-300x200.jpg 300w, https:\/\/www.visitmoclinejo.es\/wp-content\/uploads\/2024\/05\/interior-moclinejo-10-768x512.jpg 768w, https:\/\/www.visitmoclinejo.es\/wp-content\/uploads\/2024\/05\/interior-moclinejo-10-1536x1024.jpg 1536w, https:\/\/www.visitmoclinejo.es\/wp-content\/uploads\/2024\/05\/interior-moclinejo-10.jpg 1613w\" data-sizes=\"(max-width: 1024px) 100vw, 1024px\" src=\"data:image\/gif;base64,R0lGODlhAQABAAAAACH5BAEKAAEALAAAAAABAAEAAAICTAEAOw==\" style=\"--smush-placeholder-width: 1024px; --smush-placeholder-aspect-ratio: 1024\/682;\" \/>\t\t\t\t\t\t\t\t<\/a>\n\t\t\t\t\t\t\t\t\t\t\t\t\t\t\t<\/div>\n\t\t\t\t<\/div>\n\t\t\t\t<div class=\"elementor-element elementor-element-15941b3 elementor-widget elementor-widget-heading\" data-id=\"15941b3\" data-element_type=\"widget\" data-widget_type=\"heading.default\">\n\t\t\t\t<div class=\"elementor-widget-container\">\n\t\t\t\t\t<h2 class=\"elementor-heading-title elementor-size-default\"><a href=\"https:\/\/www.visitmoclinejo.es\/donde-comer-en-moclinejo\/\">D\u00d3NDE COMER<\/a><\/h2>\t\t\t\t<\/div>\n\t\t\t\t<\/div>\n\t\t\t\t<\/div>\n\t\t<div class=\"elementor-element elementor-element-2da766d e-con-full e-flex e-con e-child\" data-id=\"2da766d\" data-element_type=\"container\">\n\t\t\t\t<div class=\"elementor-element elementor-element-d7f99b5 elementor-widget elementor-widget-image\" data-id=\"d7f99b5\" data-element_type=\"widget\" data-widget_type=\"image.default\">\n\t\t\t\t<div class=\"elementor-widget-container\">\n\t\t\t\t\t\t\t\t\t\t\t\t\t\t\t\t<a href=\"https:\/\/www.visitmoclinejo.es\/ruta-guiada-moclinejo\/\">\n\t\t\t\t\t\t\t<img decoding=\"async\" width=\"1024\" height=\"682\" data-src=\"https:\/\/www.visitmoclinejo.es\/wp-content\/uploads\/2024\/05\/moclinejo-3-1024x682.jpg\" class=\"attachment-large size-large wp-image-707 lazyload\" alt=\"\" data-srcset=\"https:\/\/www.visitmoclinejo.es\/wp-content\/uploads\/2024\/05\/moclinejo-3-1024x682.jpg 1024w, https:\/\/www.visitmoclinejo.es\/wp-content\/uploads\/2024\/05\/moclinejo-3-300x200.jpg 300w, https:\/\/www.visitmoclinejo.es\/wp-content\/uploads\/2024\/05\/moclinejo-3-768x512.jpg 768w, https:\/\/www.visitmoclinejo.es\/wp-content\/uploads\/2024\/05\/moclinejo-3-1536x1024.jpg 1536w, https:\/\/www.visitmoclinejo.es\/wp-content\/uploads\/2024\/05\/moclinejo-3.jpg 1613w\" data-sizes=\"(max-width: 1024px) 100vw, 1024px\" src=\"data:image\/gif;base64,R0lGODlhAQABAAAAACH5BAEKAAEALAAAAAABAAEAAAICTAEAOw==\" style=\"--smush-placeholder-width: 1024px; --smush-placeholder-aspect-ratio: 1024\/682;\" \/>\t\t\t\t\t\t\t\t<\/a>\n\t\t\t\t\t\t\t\t\t\t\t\t\t\t\t<\/div>\n\t\t\t\t<\/div>\n\t\t\t\t<div class=\"elementor-element elementor-element-fcf4480 elementor-widget elementor-widget-heading\" data-id=\"fcf4480\" data-element_type=\"widget\" data-widget_type=\"heading.default\">\n\t\t\t\t<div class=\"elementor-widget-container\">\n\t\t\t\t\t<h2 class=\"elementor-heading-title elementor-size-default\"><a href=\"https:\/\/www.visitmoclinejo.es\/ruta-guiada-moclinejo\/\">RUTA GUIADA<\/a><\/h2>\t\t\t\t<\/div>\n\t\t\t\t<\/div>\n\t\t\t\t<\/div>\n\t\t\t\t\t<\/div>\n\t\t\t\t<\/div>\n\t\t<div class=\"elementor-element elementor-element-a55a1d9 e-flex e-con-boxed e-con e-parent\" data-id=\"a55a1d9\" data-element_type=\"container\">\n\t\t\t\t\t<div class=\"e-con-inner\">\n\t\t<div class=\"elementor-element elementor-element-9a098ff e-con-full e-flex e-con e-child\" data-id=\"9a098ff\" data-element_type=\"container\">\n\t\t\t\t<div class=\"elementor-element elementor-element-2347023 elementor-widget elementor-widget-image\" data-id=\"2347023\" data-element_type=\"widget\" data-widget_type=\"image.default\">\n\t\t\t\t<div class=\"elementor-widget-container\">\n\t\t\t\t\t\t\t\t\t\t\t\t\t\t\t\t<a href=\"https:\/\/www.visitmoclinejo.es\/turismo-activo-en-moclinejo\/\">\n\t\t\t\t\t\t\t<img decoding=\"async\" width=\"1024\" height=\"682\" data-src=\"https:\/\/www.visitmoclinejo.es\/wp-content\/uploads\/2024\/05\/senderismo-moclinejo-4-1024x682.jpg\" class=\"attachment-large size-large wp-image-532 lazyload\" alt=\"Hombre senderista mirando hacia Moclinejo desde una ruta de senderismo al atardecer\" data-srcset=\"https:\/\/www.visitmoclinejo.es\/wp-content\/uploads\/2024\/05\/senderismo-moclinejo-4-1024x682.jpg 1024w, https:\/\/www.visitmoclinejo.es\/wp-content\/uploads\/2024\/05\/senderismo-moclinejo-4-300x200.jpg 300w, https:\/\/www.visitmoclinejo.es\/wp-content\/uploads\/2024\/05\/senderismo-moclinejo-4-768x512.jpg 768w, https:\/\/www.visitmoclinejo.es\/wp-content\/uploads\/2024\/05\/senderismo-moclinejo-4-1536x1024.jpg 1536w, https:\/\/www.visitmoclinejo.es\/wp-content\/uploads\/2024\/05\/senderismo-moclinejo-4.jpg 2000w\" data-sizes=\"(max-width: 1024px) 100vw, 1024px\" src=\"data:image\/gif;base64,R0lGODlhAQABAAAAACH5BAEKAAEALAAAAAABAAEAAAICTAEAOw==\" style=\"--smush-placeholder-width: 1024px; --smush-placeholder-aspect-ratio: 1024\/682;\" \/>\t\t\t\t\t\t\t\t<\/a>\n\t\t\t\t\t\t\t\t\t\t\t\t\t\t\t<\/div>\n\t\t\t\t<\/div>\n\t\t\t\t<div class=\"elementor-element elementor-element-5f4b77c elementor-widget elementor-widget-heading\" data-id=\"5f4b77c\" data-element_type=\"widget\" data-widget_type=\"heading.default\">\n\t\t\t\t<div class=\"elementor-widget-container\">\n\t\t\t\t\t<h2 class=\"elementor-heading-title elementor-size-default\"><a href=\"https:\/\/www.visitmoclinejo.es\/turismo-activo-en-moclinejo\/\">TURISMO ACTIVO<\/a><\/h2>\t\t\t\t<\/div>\n\t\t\t\t<\/div>\n\t\t\t\t<\/div>\n\t\t<div class=\"elementor-element elementor-element-f7e5f51 e-con-full e-flex e-con e-child\" data-id=\"f7e5f51\" data-element_type=\"container\">\n\t\t\t\t<div class=\"elementor-element elementor-element-a0b61c1 elementor-widget elementor-widget-image\" data-id=\"a0b61c1\" data-element_type=\"widget\" data-widget_type=\"image.default\">\n\t\t\t\t<div class=\"elementor-widget-container\">\n\t\t\t\t\t\t\t\t\t\t\t\t\t\t\t\t<a href=\"https:\/\/www.dimobe.es\/es\/\" target=\"_blank\">\n\t\t\t\t\t\t\t<img decoding=\"async\" width=\"1024\" height=\"682\" data-src=\"https:\/\/www.visitmoclinejo.es\/wp-content\/uploads\/2024\/05\/bodega-antonio-munoz-cabrera-1-1024x682.jpg\" class=\"attachment-large size-large wp-image-522 lazyload\" alt=\"Interior de la Bodega Antonio Mu\u00f1oz Cabrera, con barriles de vino antiguos, paredes de piedra y una l\u00e1mpara con luz c\u00e1lida\" data-srcset=\"https:\/\/www.visitmoclinejo.es\/wp-content\/uploads\/2024\/05\/bodega-antonio-munoz-cabrera-1-1024x682.jpg 1024w, https:\/\/www.visitmoclinejo.es\/wp-content\/uploads\/2024\/05\/bodega-antonio-munoz-cabrera-1-300x200.jpg 300w, https:\/\/www.visitmoclinejo.es\/wp-content\/uploads\/2024\/05\/bodega-antonio-munoz-cabrera-1-768x512.jpg 768w, https:\/\/www.visitmoclinejo.es\/wp-content\/uploads\/2024\/05\/bodega-antonio-munoz-cabrera-1-1536x1024.jpg 1536w, https:\/\/www.visitmoclinejo.es\/wp-content\/uploads\/2024\/05\/bodega-antonio-munoz-cabrera-1.jpg 2000w\" data-sizes=\"(max-width: 1024px) 100vw, 1024px\" src=\"data:image\/gif;base64,R0lGODlhAQABAAAAACH5BAEKAAEALAAAAAABAAEAAAICTAEAOw==\" style=\"--smush-placeholder-width: 1024px; --smush-placeholder-aspect-ratio: 1024\/682;\" \/>\t\t\t\t\t\t\t\t<\/a>\n\t\t\t\t\t\t\t\t\t\t\t\t\t\t\t<\/div>\n\t\t\t\t<\/div>\n\t\t\t\t<div class=\"elementor-element elementor-element-393c94d elementor-widget elementor-widget-heading\" data-id=\"393c94d\" data-element_type=\"widget\" data-widget_type=\"heading.default\">\n\t\t\t\t<div class=\"elementor-widget-container\">\n\t\t\t\t\t<h2 class=\"elementor-heading-title elementor-size-default\"><a href=\"https:\/\/www.dimobe.es\/es\/\">VINOS<\/a><\/h2>\t\t\t\t<\/div>\n\t\t\t\t<\/div>\n\t\t\t\t<\/div>\n\t\t<div class=\"elementor-element elementor-element-52204b9 e-con-full e-flex e-con e-child\" data-id=\"52204b9\" data-element_type=\"container\">\n\t\t\t\t<\/div>\n\t\t\t\t\t<\/div>\n\t\t\t\t<\/div>\n\t\t<div class=\"elementor-element elementor-element-d9cffb2 e-flex e-con-boxed e-con e-parent\" data-id=\"d9cffb2\" data-element_type=\"container\">\n\t\t\t\t\t<div class=\"e-con-inner\">\n\t\t\t\t<div class=\"elementor-element elementor-element-2ab9d65 elementor-widget elementor-widget-spacer\" data-id=\"2ab9d65\" data-element_type=\"widget\" data-widget_type=\"spacer.default\">\n\t\t\t\t<div class=\"elementor-widget-container\">\n\t\t\t\t\t\t\t<div class=\"elementor-spacer\">\n\t\t\t<div class=\"elementor-spacer-inner\"><\/div>\n\t\t<\/div>\n\t\t\t\t\t\t<\/div>\n\t\t\t\t<\/div>\n\t\t\t\t\t<\/div>\n\t\t\t\t<\/div>\n\t\t\t\t<\/div>\n\t\t","protected":false},"excerpt":{"rendered":"<p>SERVICIOS D\u00d3NDE DORMIR D\u00d3NDE COMER RUTA GUIADA TURISMO ACTIVO VINOS<\/p>\n","protected":false},"author":2,"featured_media":0,"parent":0,"menu_order":0,"comment_status":"closed","ping_status":"closed","template":"","meta":{"_monsterinsights_skip_tracking":false,"_monsterinsights_sitenote_active":false,"_monsterinsights_sitenote_note":"","_monsterinsights_sitenote_category":0,"site-sidebar-layout":"no-sidebar","site-content-layout":"","ast-site-content-layout":"full-width-container","site-content-style":"default","site-sidebar-style":"default","ast-global-header-display":"","ast-banner-title-visibility":"","ast-main-header-display":"","ast-hfb-above-header-display":"","ast-hfb-below-header-display":"","ast-hfb-mobile-header-display":"","site-post-title":"disabled","ast-breadcrumbs-content":"","ast-featured-img":"disabled","footer-sml-layout":"","theme-transparent-header-meta":"","adv-header-id-meta":"","stick-header-meta":"","header-above-stick-meta":"","header-main-stick-meta":"","header-below-stick-meta":"","astra-migrate-meta-layouts":"default","ast-page-background-enabled":"default","ast-page-background-meta":{"desktop":{"background-color":"var(--ast-global-color-4)","background-image":"","background-repeat":"repeat","background-position":"center center","background-size":"auto","background-attachment":"scroll","background-type":"","background-media":"","overlay-type":"","overlay-color":"","overlay-gradient":""},"tablet":{"background-color":"","background-image":"","background-repeat":"repeat","background-position":"center center","background-size":"auto","background-attachment":"scroll","background-type":"","background-media":"","overlay-type":"","overlay-color":"","overlay-gradient":""},"mobile":{"background-color":"","background-image":"","background-repeat":"repeat","background-position":"center center","background-size":"auto","background-attachment":"scroll","background-type":"","background-media":"","overlay-type":"","overlay-color":"","overlay-gradient":""}},"ast-content-background-meta":{"desktop":{"background-color":"var(--ast-global-color-5)","background-image":"","background-repeat":"repeat","background-position":"center center","background-size":"auto","background-attachment":"scroll","background-type":"","background-media":"","overlay-type":"","overlay-color":"","overlay-gradient":""},"tablet":{"background-color":"var(--ast-global-color-5)","background-image":"","background-repeat":"repeat","background-position":"center center","background-size":"auto","background-attachment":"scroll","background-type":"","background-media":"","overlay-type":"","overlay-color":"","overlay-gradient":""},"mobile":{"background-color":"var(--ast-global-color-5)","background-image":"","background-repeat":"repeat","background-position":"center center","background-size":"auto","background-attachment":"scroll","background-type":"","background-media":"","overlay-type":"","overlay-color":"","overlay-gradient":""}},"footnotes":""},"class_list":["post-302","page","type-page","status-publish","hentry"],"aioseo_notices":[],"_links":{"self":[{"href":"https:\/\/www.visitmoclinejo.es\/index.php?rest_route=\/wp\/v2\/pages\/302","targetHints":{"allow":["GET"]}}],"collection":[{"href":"https:\/\/www.visitmoclinejo.es\/index.php?rest_route=\/wp\/v2\/pages"}],"about":[{"href":"https:\/\/www.visitmoclinejo.es\/index.php?rest_route=\/wp\/v2\/types\/page"}],"author":[{"embeddable":true,"href":"https:\/\/www.visitmoclinejo.es\/index.php?rest_route=\/wp\/v2\/users\/2"}],"replies":[{"embeddable":true,"href":"https:\/\/www.visitmoclinejo.es\/index.php?rest_route=%2Fwp%2Fv2%2Fcomments&post=302"}],"version-history":[{"count":22,"href":"https:\/\/www.visitmoclinejo.es\/index.php?rest_route=\/wp\/v2\/pages\/302\/revisions"}],"predecessor-version":[{"id":2553,"href":"https:\/\/www.visitmoclinejo.es\/index.php?rest_route=\/wp\/v2\/pages\/302\/revisions\/2553"}],"wp:attachment":[{"href":"https:\/\/www.visitmoclinejo.es\/index.php?rest_route=%2Fwp%2Fv2%2Fmedia&parent=302"}],"curies":[{"name":"wp","href":"https:\/\/api.w.org\/{rel}","templated":true}]}}