{"id":308,"date":"2024-03-27T20:45:47","date_gmt":"2024-03-27T19:45:47","guid":{"rendered":"https:\/\/visitmoclinejo.es\/?page_id=308"},"modified":"2024-05-08T18:16:39","modified_gmt":"2024-05-08T16:16:39","slug":"donde-dormir-en-moclinejo","status":"publish","type":"page","link":"https:\/\/www.visitmoclinejo.es\/?page_id=308","title":{"rendered":"D\u00f3nde dormir en Moclinejo"},"content":{"rendered":"\t\t<div data-elementor-type=\"wp-page\" data-elementor-id=\"308\" class=\"elementor elementor-308\">\n\t\t\t\t<div class=\"elementor-element elementor-element-db25c1a e-con-full e-flex e-con e-parent\" data-id=\"db25c1a\" data-element_type=\"container\" data-settings=\"{&quot;background_background&quot;:&quot;classic&quot;}\">\n\t\t\t\t<div class=\"elementor-element elementor-element-4a6457d elementor-widget__width-inherit elementor-absolute elementor-widget elementor-widget-heading\" data-id=\"4a6457d\" data-element_type=\"widget\" data-settings=\"{&quot;_position&quot;:&quot;absolute&quot;}\" data-widget_type=\"heading.default\">\n\t\t\t\t<div class=\"elementor-widget-container\">\n\t\t\t\t\t<p class=\"elementor-heading-title elementor-size-default\">D\u00d3NDE DORMIR<\/p>\t\t\t\t<\/div>\n\t\t\t\t<\/div>\n\t\t\t\t<\/div>\n\t\t<div class=\"elementor-element elementor-element-6cd5727 e-flex e-con-boxed e-con e-parent\" data-id=\"6cd5727\" data-element_type=\"container\">\n\t\t\t\t\t<div class=\"e-con-inner\">\n\t\t<div class=\"elementor-element elementor-element-f411c69 e-flex e-con-boxed e-con e-child\" data-id=\"f411c69\" data-element_type=\"container\">\n\t\t\t\t\t<div class=\"e-con-inner\">\n\t\t\t\t<div class=\"elementor-element elementor-element-85d4074 elementor-widget elementor-widget-heading\" data-id=\"85d4074\" data-element_type=\"widget\" data-widget_type=\"heading.default\">\n\t\t\t\t<div class=\"elementor-widget-container\">\n\t\t\t\t\t<h1 class=\"elementor-heading-title elementor-size-default\">D\u00f3nde dormir en Moclinejo<\/h1>\t\t\t\t<\/div>\n\t\t\t\t<\/div>\n\t\t\t\t\t<\/div>\n\t\t\t\t<\/div>\n\t\t\t\t\t<\/div>\n\t\t\t\t<\/div>\n\t\t<div class=\"elementor-element elementor-element-104584c e-flex e-con-boxed e-con e-parent\" data-id=\"104584c\" data-element_type=\"container\">\n\t\t\t\t\t<div class=\"e-con-inner\">\n\t\t\t\t<div class=\"elementor-element elementor-element-8ae1896 elementor-widget elementor-widget-text-editor\" data-id=\"8ae1896\" data-element_type=\"widget\" data-widget_type=\"text-editor.default\">\n\t\t\t\t<div class=\"elementor-widget-container\">\n\t\t\t\t\t\t\t\t\t<p>En Moclinejo disponemos de una variedad de alojamientos para adaptarse a tus necesidades. Encontrar\u00e1s alojamientos tur\u00edsticos en el coraz\u00f3n del pueblo, o bien, si lo que buscas es naturaleza y desconexi\u00f3n, tambi\u00e9n puedes alojarte en alguna de nuestras casas rurales con vistas a los vi\u00f1edos.\u00a0<\/p><p>Disfruta de la hospitalidad andaluza y despierta con vistas a las impresionantes monta\u00f1as y al mar Mediterr\u00e1neo. <br \/>Reserva tu estancia en Moclinejo y vive la verdadera esencia de la Axarqu\u00eda.<\/p><p><strong>Alojamientos tur\u00edsticos:<\/strong><\/p><ul><li><a href=\"https:\/\/www.booking.com\/hotel\/es\/casa-medina-andalucia-magia.es\">Casa Medina<\/a><\/li><li>Paniagua<\/li><li>Dos chimeneas<\/li><li><a href=\"https:\/\/www.casasrurales.net\/casas-rurales\/la-casita-azul--c76800\">Casita Azul<\/a><\/li><li><a href=\"https:\/\/villaaxarquia.de\/\">Villa Axarqu\u00eda<\/a><\/li><li>Casa El Remolino\u00a0<\/li><li><a href=\"https:\/\/www.casalaolla.nl\/\">Casa La Olla\u00a0<\/a><\/li><li><a href=\"http:\/\/villa-paradiso.costadelsol-hotels.net\/es\/\">Villa Para\u00edso\u00a0<\/a><\/li><li><a href=\"https:\/\/www.airbnb.es\/rooms\/917905715722971500?guests=1&amp;adults=1&amp;s=67&amp;unique_share_id=c9bba693-0ac4-4a83-b227-3f1d64828541\">Casa Miramar<\/a><\/li><\/ul>\t\t\t\t\t\t\t\t<\/div>\n\t\t\t\t<\/div>\n\t\t\t\t\t<\/div>\n\t\t\t\t<\/div>\n\t\t\t\t<\/div>\n\t\t","protected":false},"excerpt":{"rendered":"<p>D\u00d3NDE DORMIR D\u00f3nde dormir en Moclinejo En Moclinejo disponemos de una variedad de alojamientos para adaptarse a tus necesidades. Encontrar\u00e1s [&hellip;]<\/p>\n","protected":false},"author":2,"featured_media":0,"parent":0,"menu_order":0,"comment_status":"closed","ping_status":"closed","template":"","meta":{"_monsterinsights_skip_tracking":false,"_monsterinsights_sitenote_active":false,"_monsterinsights_sitenote_note":"","_monsterinsights_sitenote_category":0,"site-sidebar-layout":"no-sidebar","site-content-layout":"","ast-site-content-layout":"full-width-container","site-content-style":"default","site-sidebar-style":"default","ast-global-header-display":"","ast-banner-title-visibility":"","ast-main-header-display":"","ast-hfb-above-header-display":"","ast-hfb-below-header-display":"","ast-hfb-mobile-header-display":"","site-post-title":"disabled","ast-breadcrumbs-content":"","ast-featured-img":"disabled","footer-sml-layout":"","theme-transparent-header-meta":"","adv-header-id-meta":"","stick-header-meta":"","header-above-stick-meta":"","header-main-stick-meta":"","header-below-stick-meta":"","astra-migrate-meta-layouts":"default","ast-page-background-enabled":"default","ast-page-background-meta":{"desktop":{"background-color":"var(--ast-global-color-4)","background-image":"","background-repeat":"repeat","background-position":"center center","background-size":"auto","background-attachment":"scroll","background-type":"","background-media":"","overlay-type":"","overlay-color":"","overlay-gradient":""},"tablet":{"background-color":"","background-image":"","background-repeat":"repeat","background-position":"center center","background-size":"auto","background-attachment":"scroll","background-type":"","background-media":"","overlay-type":"","overlay-color":"","overlay-gradient":""},"mobile":{"background-color":"","background-image":"","background-repeat":"repeat","background-position":"center center","background-size":"auto","background-attachment":"scroll","background-type":"","background-media":"","overlay-type":"","overlay-color":"","overlay-gradient":""}},"ast-content-background-meta":{"desktop":{"background-color":"var(--ast-global-color-5)","background-image":"","background-repeat":"repeat","background-position":"center center","background-size":"auto","background-attachment":"scroll","background-type":"","background-media":"","overlay-type":"","overlay-color":"","overlay-gradient":""},"tablet":{"background-color":"var(--ast-global-color-5)","background-image":"","background-repeat":"repeat","background-position":"center center","background-size":"auto","background-attachment":"scroll","background-type":"","background-media":"","overlay-type":"","overlay-color":"","overlay-gradient":""},"mobile":{"background-color":"var(--ast-global-color-5)","background-image":"","background-repeat":"repeat","background-position":"center center","background-size":"auto","background-attachment":"scroll","background-type":"","background-media":"","overlay-type":"","overlay-color":"","overlay-gradient":""}},"footnotes":""},"class_list":["post-308","page","type-page","status-publish","hentry"],"aioseo_notices":[],"_links":{"self":[{"href":"https:\/\/www.visitmoclinejo.es\/index.php?rest_route=\/wp\/v2\/pages\/308","targetHints":{"allow":["GET"]}}],"collection":[{"href":"https:\/\/www.visitmoclinejo.es\/index.php?rest_route=\/wp\/v2\/pages"}],"about":[{"href":"https:\/\/www.visitmoclinejo.es\/index.php?rest_route=\/wp\/v2\/types\/page"}],"author":[{"embeddable":true,"href":"https:\/\/www.visitmoclinejo.es\/index.php?rest_route=\/wp\/v2\/users\/2"}],"replies":[{"embeddable":true,"href":"https:\/\/www.visitmoclinejo.es\/index.php?rest_route=%2Fwp%2Fv2%2Fcomments&post=308"}],"version-history":[{"count":10,"href":"https:\/\/www.visitmoclinejo.es\/index.php?rest_route=\/wp\/v2\/pages\/308\/revisions"}],"predecessor-version":[{"id":660,"href":"https:\/\/www.visitmoclinejo.es\/index.php?rest_route=\/wp\/v2\/pages\/308\/revisions\/660"}],"wp:attachment":[{"href":"https:\/\/www.visitmoclinejo.es\/index.php?rest_route=%2Fwp%2Fv2%2Fmedia&parent=308"}],"curies":[{"name":"wp","href":"https:\/\/api.w.org\/{rel}","templated":true}]}}