{"id":314,"date":"2024-03-27T20:47:05","date_gmt":"2024-03-27T19:47:05","guid":{"rendered":"https:\/\/visitmoclinejo.es\/?page_id=314"},"modified":"2024-05-08T12:11:05","modified_gmt":"2024-05-08T10:11:05","slug":"donde-comer-en-moclinejo","status":"publish","type":"page","link":"https:\/\/www.visitmoclinejo.es\/?page_id=314","title":{"rendered":"D\u00f3nde comer en Moclinejo"},"content":{"rendered":"\t\t<div data-elementor-type=\"wp-page\" data-elementor-id=\"314\" class=\"elementor elementor-314\">\n\t\t\t\t<div class=\"elementor-element elementor-element-485d9be e-con-full e-flex e-con e-parent\" data-id=\"485d9be\" data-element_type=\"container\" data-settings=\"{&quot;background_background&quot;:&quot;classic&quot;}\">\n\t\t\t\t<div class=\"elementor-element elementor-element-45718e7 elementor-widget__width-inherit elementor-absolute elementor-widget elementor-widget-heading\" data-id=\"45718e7\" data-element_type=\"widget\" data-settings=\"{&quot;_position&quot;:&quot;absolute&quot;}\" data-widget_type=\"heading.default\">\n\t\t\t\t<div class=\"elementor-widget-container\">\n\t\t\t\t\t<p class=\"elementor-heading-title elementor-size-default\">D\u00d3NDE COMER<\/p>\t\t\t\t<\/div>\n\t\t\t\t<\/div>\n\t\t\t\t<\/div>\n\t\t<div class=\"elementor-element elementor-element-21b7d84 e-flex e-con-boxed e-con e-parent\" data-id=\"21b7d84\" data-element_type=\"container\">\n\t\t\t\t\t<div class=\"e-con-inner\">\n\t\t\t\t<div class=\"elementor-element elementor-element-3074401 elementor-widget elementor-widget-heading\" data-id=\"3074401\" data-element_type=\"widget\" data-widget_type=\"heading.default\">\n\t\t\t\t<div class=\"elementor-widget-container\">\n\t\t\t\t\t<h1 class=\"elementor-heading-title elementor-size-default\">D\u00f3nde comer en Moclinejo<\/h1>\t\t\t\t<\/div>\n\t\t\t\t<\/div>\n\t\t\t\t\t<\/div>\n\t\t\t\t<\/div>\n\t\t<div class=\"elementor-element elementor-element-089ec44 e-flex e-con-boxed e-con e-parent\" data-id=\"089ec44\" data-element_type=\"container\">\n\t\t\t\t\t<div class=\"e-con-inner\">\n\t\t\t\t<div class=\"elementor-element elementor-element-3f84c91 elementor-widget elementor-widget-text-editor\" data-id=\"3f84c91\" data-element_type=\"widget\" data-widget_type=\"text-editor.default\">\n\t\t\t\t<div class=\"elementor-widget-container\">\n\t\t\t\t\t\t\t\t\t<p>Descubre la aut\u00e9ntica gastronom\u00eda de la Axarqu\u00eda en Moclinejo: migas, chivo, solomillo a la pasa, gazpachuelo y otros platos t\u00edpicos.<\/p><p>Nuestros restaurantes locales ofrecen una variedad de platos que satisfacen todos los paladares. No te pierdas la oportunidad de probar el vino local de Moclinejo, reconocido por su sabor \u00fanico.\u00a0<\/p><p>Ven y disfruta de una experiencia gastron\u00f3mica inolvidable en Moclinejo.<\/p><p><strong>Restaurantes para comer en Moclinejo:<\/strong><\/p><p><span style=\"text-decoration: underline;\">Bar Restaurante Reyes:<\/span><br \/><span style=\"font-style: inherit; font-weight: inherit; color: var( --e-global-color-text ); letter-spacing: 0px; text-align: var(--text-align); background-color: var(--ast-global-color-5);\">&#8211; Localizaci\u00f3n: Plaza de Espa\u00f1a 7, 29738 Moclinejo (M\u00e1laga).\u00a0<br \/><\/span><span style=\"background-color: var(--ast-global-color-5); color: var( --e-global-color-text ); font-style: inherit; font-weight: inherit; letter-spacing: 0px; text-align: var(--text-align);\">Es conocido por su comida casera y tradicional basada en platos t\u00edpicos de la zona y con productos de cercan\u00eda. Cuenta con raciones generosas y un ambiente familiar.<br \/>&#8211; Contacto: <span aria-label=\"Llamar al n\u00famero de tel\u00e9fono 952 40 05 58\">952 40 05 58<br \/><a href=\"https:\/\/barreyes.com\/\">https:\/\/barreyes.com\/<\/a><br \/><\/span><\/span><\/p>\t\t\t\t\t\t\t\t<\/div>\n\t\t\t\t<\/div>\n\t\t\t\t\t<\/div>\n\t\t\t\t<\/div>\n\t\t<div class=\"elementor-element elementor-element-5ade529 e-flex e-con-boxed e-con e-parent\" data-id=\"5ade529\" data-element_type=\"container\">\n\t\t\t\t\t<div class=\"e-con-inner\">\n\t\t\t\t<div class=\"elementor-element elementor-element-2687b96 gallery-spacing-custom elementor-widget elementor-widget-image-gallery\" data-id=\"2687b96\" data-element_type=\"widget\" data-widget_type=\"image-gallery.default\">\n\t\t\t\t<div class=\"elementor-widget-container\">\n\t\t\t\t\t\t\t<div class=\"elementor-image-gallery\">\n\t\t\t<div id='gallery-1' class='gallery galleryid-314 gallery-columns-4 gallery-size-medium_large'><figure class='gallery-item'>\n\t\t\t<div class='gallery-icon portrait'>\n\t\t\t\t<a data-elementor-open-lightbox=\"yes\" data-elementor-lightbox-slideshow=\"2687b96\" data-elementor-lightbox-title=\"Solomillo a la pasa moscatel\" data-e-action-hash=\"#elementor-action%3Aaction%3Dlightbox%26settings%3DeyJpZCI6NTkzLCJ1cmwiOiJodHRwczpcL1wvd3d3LnZpc2l0bW9jbGluZWpvLmVzXC93cC1jb250ZW50XC91cGxvYWRzXC8yMDI0XC8wNVwvU29sb21pbGxvLWEtbGEtcGFzYS0yLmpwZyIsInNsaWRlc2hvdyI6IjI2ODdiOTYifQ%3D%3D\" href='https:\/\/www.visitmoclinejo.es\/wp-content\/uploads\/2024\/05\/Solomillo-a-la-pasa-2.jpg'><img fetchpriority=\"high\" decoding=\"async\" width=\"768\" height=\"960\" src=\"https:\/\/www.visitmoclinejo.es\/wp-content\/uploads\/2024\/05\/Solomillo-a-la-pasa-2-768x960.jpg\" class=\"attachment-medium_large size-medium_large\" alt=\"Plato de solomillo a la pasa moscatel con guarnici\u00f3n de patatas fritas una copa de vino moscatel\" srcset=\"https:\/\/www.visitmoclinejo.es\/wp-content\/uploads\/2024\/05\/Solomillo-a-la-pasa-2-768x960.jpg 768w, https:\/\/www.visitmoclinejo.es\/wp-content\/uploads\/2024\/05\/Solomillo-a-la-pasa-2-240x300.jpg 240w, https:\/\/www.visitmoclinejo.es\/wp-content\/uploads\/2024\/05\/Solomillo-a-la-pasa-2-819x1024.jpg 819w, https:\/\/www.visitmoclinejo.es\/wp-content\/uploads\/2024\/05\/Solomillo-a-la-pasa-2-1229x1536.jpg 1229w, https:\/\/www.visitmoclinejo.es\/wp-content\/uploads\/2024\/05\/Solomillo-a-la-pasa-2.jpg 1600w\" sizes=\"(max-width: 768px) 100vw, 768px\" \/><\/a>\n\t\t\t<\/div><\/figure><figure class='gallery-item'>\n\t\t\t<div class='gallery-icon portrait'>\n\t\t\t\t<a data-elementor-open-lightbox=\"yes\" data-elementor-lightbox-slideshow=\"2687b96\" data-elementor-lightbox-title=\"Migas\" data-e-action-hash=\"#elementor-action%3Aaction%3Dlightbox%26settings%3DeyJpZCI6NDg5LCJ1cmwiOiJodHRwczpcL1wvd3d3LnZpc2l0bW9jbGluZWpvLmVzXC93cC1jb250ZW50XC91cGxvYWRzXC8yMDI0XC8wNVwvTWlnYXMuanBnIiwic2xpZGVzaG93IjoiMjY4N2I5NiJ9\" href='https:\/\/www.visitmoclinejo.es\/wp-content\/uploads\/2024\/05\/Migas.jpg'><img decoding=\"async\" width=\"768\" height=\"960\" data-src=\"https:\/\/www.visitmoclinejo.es\/wp-content\/uploads\/2024\/05\/Migas-768x960.jpg\" class=\"attachment-medium_large size-medium_large lazyload\" alt=\"Sart\u00e9n de migas malague\u00f1as con lomo en manteca, huevo frito, chorizo, pimiento y naranja\" data-srcset=\"https:\/\/www.visitmoclinejo.es\/wp-content\/uploads\/2024\/05\/Migas-768x960.jpg 768w, https:\/\/www.visitmoclinejo.es\/wp-content\/uploads\/2024\/05\/Migas-240x300.jpg 240w, https:\/\/www.visitmoclinejo.es\/wp-content\/uploads\/2024\/05\/Migas-819x1024.jpg 819w, https:\/\/www.visitmoclinejo.es\/wp-content\/uploads\/2024\/05\/Migas-1229x1536.jpg 1229w, https:\/\/www.visitmoclinejo.es\/wp-content\/uploads\/2024\/05\/Migas.jpg 1600w\" data-sizes=\"(max-width: 768px) 100vw, 768px\" src=\"data:image\/gif;base64,R0lGODlhAQABAAAAACH5BAEKAAEALAAAAAABAAEAAAICTAEAOw==\" style=\"--smush-placeholder-width: 768px; --smush-placeholder-aspect-ratio: 768\/960;\" \/><\/a>\n\t\t\t<\/div><\/figure><figure class='gallery-item'>\n\t\t\t<div class='gallery-icon portrait'>\n\t\t\t\t<a data-elementor-open-lightbox=\"yes\" data-elementor-lightbox-slideshow=\"2687b96\" data-elementor-lightbox-title=\"Gazpachuelo\" data-e-action-hash=\"#elementor-action%3Aaction%3Dlightbox%26settings%3DeyJpZCI6NDg4LCJ1cmwiOiJodHRwczpcL1wvd3d3LnZpc2l0bW9jbGluZWpvLmVzXC93cC1jb250ZW50XC91cGxvYWRzXC8yMDI0XC8wNVwvR2F6cGFjaHVlbG8uanBnIiwic2xpZGVzaG93IjoiMjY4N2I5NiJ9\" href='https:\/\/www.visitmoclinejo.es\/wp-content\/uploads\/2024\/05\/Gazpachuelo.jpg'><img decoding=\"async\" width=\"768\" height=\"960\" data-src=\"https:\/\/www.visitmoclinejo.es\/wp-content\/uploads\/2024\/05\/Gazpachuelo-768x960.jpg\" class=\"attachment-medium_large size-medium_large lazyload\" alt=\"Plato de gazpachuelo malague\u00f1o\" data-srcset=\"https:\/\/www.visitmoclinejo.es\/wp-content\/uploads\/2024\/05\/Gazpachuelo-768x960.jpg 768w, https:\/\/www.visitmoclinejo.es\/wp-content\/uploads\/2024\/05\/Gazpachuelo-240x300.jpg 240w, https:\/\/www.visitmoclinejo.es\/wp-content\/uploads\/2024\/05\/Gazpachuelo-819x1024.jpg 819w, https:\/\/www.visitmoclinejo.es\/wp-content\/uploads\/2024\/05\/Gazpachuelo-1229x1536.jpg 1229w, https:\/\/www.visitmoclinejo.es\/wp-content\/uploads\/2024\/05\/Gazpachuelo.jpg 1600w\" data-sizes=\"(max-width: 768px) 100vw, 768px\" src=\"data:image\/gif;base64,R0lGODlhAQABAAAAACH5BAEKAAEALAAAAAABAAEAAAICTAEAOw==\" style=\"--smush-placeholder-width: 768px; --smush-placeholder-aspect-ratio: 768\/960;\" \/><\/a>\n\t\t\t<\/div><\/figure><figure class='gallery-item'>\n\t\t\t<div class='gallery-icon portrait'>\n\t\t\t\t<a data-elementor-open-lightbox=\"yes\" data-elementor-lightbox-slideshow=\"2687b96\" data-elementor-lightbox-title=\"Chivo en salsa\" data-e-action-hash=\"#elementor-action%3Aaction%3Dlightbox%26settings%3DeyJpZCI6NDg3LCJ1cmwiOiJodHRwczpcL1wvd3d3LnZpc2l0bW9jbGluZWpvLmVzXC93cC1jb250ZW50XC91cGxvYWRzXC8yMDI0XC8wNVwvQ2hpdm8uanBnIiwic2xpZGVzaG93IjoiMjY4N2I5NiJ9\" href='https:\/\/www.visitmoclinejo.es\/wp-content\/uploads\/2024\/05\/Chivo.jpg'><img decoding=\"async\" width=\"768\" height=\"960\" data-src=\"https:\/\/www.visitmoclinejo.es\/wp-content\/uploads\/2024\/05\/Chivo-768x960.jpg\" class=\"attachment-medium_large size-medium_large lazyload\" alt=\"Plato de chivo de la Axarqu\u00eda en salsa de almendras con guarnici\u00f3n de patatas fritas\" data-srcset=\"https:\/\/www.visitmoclinejo.es\/wp-content\/uploads\/2024\/05\/Chivo-768x960.jpg 768w, https:\/\/www.visitmoclinejo.es\/wp-content\/uploads\/2024\/05\/Chivo-240x300.jpg 240w, https:\/\/www.visitmoclinejo.es\/wp-content\/uploads\/2024\/05\/Chivo-819x1024.jpg 819w, https:\/\/www.visitmoclinejo.es\/wp-content\/uploads\/2024\/05\/Chivo-1229x1536.jpg 1229w, https:\/\/www.visitmoclinejo.es\/wp-content\/uploads\/2024\/05\/Chivo.jpg 1600w\" data-sizes=\"(max-width: 768px) 100vw, 768px\" src=\"data:image\/gif;base64,R0lGODlhAQABAAAAACH5BAEKAAEALAAAAAABAAEAAAICTAEAOw==\" style=\"--smush-placeholder-width: 768px; --smush-placeholder-aspect-ratio: 768\/960;\" \/><\/a>\n\t\t\t<\/div><\/figure>\n\t\t<\/div>\n\t\t<\/div>\n\t\t\t\t\t\t<\/div>\n\t\t\t\t<\/div>\n\t\t\t\t\t<\/div>\n\t\t\t\t<\/div>\n\t\t\t\t<\/div>\n\t\t","protected":false},"excerpt":{"rendered":"<p>D\u00d3NDE COMER D\u00f3nde comer en Moclinejo Descubre la aut\u00e9ntica gastronom\u00eda de la Axarqu\u00eda en Moclinejo: migas, chivo, solomillo a la [&hellip;]<\/p>\n","protected":false},"author":2,"featured_media":0,"parent":0,"menu_order":0,"comment_status":"closed","ping_status":"closed","template":"","meta":{"_monsterinsights_skip_tracking":false,"_monsterinsights_sitenote_active":false,"_monsterinsights_sitenote_note":"","_monsterinsights_sitenote_category":0,"site-sidebar-layout":"no-sidebar","site-content-layout":"","ast-site-content-layout":"full-width-container","site-content-style":"default","site-sidebar-style":"default","ast-global-header-display":"","ast-banner-title-visibility":"","ast-main-header-display":"","ast-hfb-above-header-display":"","ast-hfb-below-header-display":"","ast-hfb-mobile-header-display":"","site-post-title":"disabled","ast-breadcrumbs-content":"","ast-featured-img":"disabled","footer-sml-layout":"","theme-transparent-header-meta":"","adv-header-id-meta":"","stick-header-meta":"","header-above-stick-meta":"","header-main-stick-meta":"","header-below-stick-meta":"","astra-migrate-meta-layouts":"default","ast-page-background-enabled":"default","ast-page-background-meta":{"desktop":{"background-color":"var(--ast-global-color-4)","background-image":"","background-repeat":"repeat","background-position":"center center","background-size":"auto","background-attachment":"scroll","background-type":"","background-media":"","overlay-type":"","overlay-color":"","overlay-gradient":""},"tablet":{"background-color":"","background-image":"","background-repeat":"repeat","background-position":"center center","background-size":"auto","background-attachment":"scroll","background-type":"","background-media":"","overlay-type":"","overlay-color":"","overlay-gradient":""},"mobile":{"background-color":"","background-image":"","background-repeat":"repeat","background-position":"center center","background-size":"auto","background-attachment":"scroll","background-type":"","background-media":"","overlay-type":"","overlay-color":"","overlay-gradient":""}},"ast-content-background-meta":{"desktop":{"background-color":"var(--ast-global-color-5)","background-image":"","background-repeat":"repeat","background-position":"center center","background-size":"auto","background-attachment":"scroll","background-type":"","background-media":"","overlay-type":"","overlay-color":"","overlay-gradient":""},"tablet":{"background-color":"var(--ast-global-color-5)","background-image":"","background-repeat":"repeat","background-position":"center center","background-size":"auto","background-attachment":"scroll","background-type":"","background-media":"","overlay-type":"","overlay-color":"","overlay-gradient":""},"mobile":{"background-color":"var(--ast-global-color-5)","background-image":"","background-repeat":"repeat","background-position":"center center","background-size":"auto","background-attachment":"scroll","background-type":"","background-media":"","overlay-type":"","overlay-color":"","overlay-gradient":""}},"footnotes":""},"class_list":["post-314","page","type-page","status-publish","hentry"],"aioseo_notices":[],"_links":{"self":[{"href":"https:\/\/www.visitmoclinejo.es\/index.php?rest_route=\/wp\/v2\/pages\/314","targetHints":{"allow":["GET"]}}],"collection":[{"href":"https:\/\/www.visitmoclinejo.es\/index.php?rest_route=\/wp\/v2\/pages"}],"about":[{"href":"https:\/\/www.visitmoclinejo.es\/index.php?rest_route=\/wp\/v2\/types\/page"}],"author":[{"embeddable":true,"href":"https:\/\/www.visitmoclinejo.es\/index.php?rest_route=\/wp\/v2\/users\/2"}],"replies":[{"embeddable":true,"href":"https:\/\/www.visitmoclinejo.es\/index.php?rest_route=%2Fwp%2Fv2%2Fcomments&post=314"}],"version-history":[{"count":7,"href":"https:\/\/www.visitmoclinejo.es\/index.php?rest_route=\/wp\/v2\/pages\/314\/revisions"}],"predecessor-version":[{"id":596,"href":"https:\/\/www.visitmoclinejo.es\/index.php?rest_route=\/wp\/v2\/pages\/314\/revisions\/596"}],"wp:attachment":[{"href":"https:\/\/www.visitmoclinejo.es\/index.php?rest_route=%2Fwp%2Fv2%2Fmedia&parent=314"}],"curies":[{"name":"wp","href":"https:\/\/api.w.org\/{rel}","templated":true}]}}