{"id":392,"date":"2024-03-28T12:04:13","date_gmt":"2024-03-28T11:04:13","guid":{"rendered":"https:\/\/visitmoclinejo.es\/?page_id=392"},"modified":"2024-05-08T18:15:05","modified_gmt":"2024-05-08T16:15:05","slug":"sala-de-exposiciones-de-moclinejo","status":"publish","type":"page","link":"https:\/\/www.visitmoclinejo.es\/?page_id=392","title":{"rendered":"Sala de exposiciones de Moclinejo"},"content":{"rendered":"\t\t<div data-elementor-type=\"wp-page\" data-elementor-id=\"392\" class=\"elementor elementor-392\">\n\t\t\t\t<div class=\"elementor-element elementor-element-f55e6f3 e-con-full e-flex e-con e-parent\" data-id=\"f55e6f3\" data-element_type=\"container\" data-settings=\"{&quot;background_background&quot;:&quot;classic&quot;}\">\n\t\t\t\t<div class=\"elementor-element elementor-element-526186d elementor-widget__width-inherit elementor-absolute elementor-widget elementor-widget-heading\" data-id=\"526186d\" data-element_type=\"widget\" data-settings=\"{&quot;_position&quot;:&quot;absolute&quot;}\" data-widget_type=\"heading.default\">\n\t\t\t\t<div class=\"elementor-widget-container\">\n\t\t\t\t\t<p class=\"elementor-heading-title elementor-size-default\">SALA DE EXPOSICIONES<\/p>\t\t\t\t<\/div>\n\t\t\t\t<\/div>\n\t\t\t\t<\/div>\n\t\t<div class=\"elementor-element elementor-element-dca91f6 e-flex e-con-boxed e-con e-parent\" data-id=\"dca91f6\" data-element_type=\"container\">\n\t\t\t\t\t<div class=\"e-con-inner\">\n\t\t\t\t<div class=\"elementor-element elementor-element-0be020e elementor-widget elementor-widget-heading\" data-id=\"0be020e\" data-element_type=\"widget\" data-widget_type=\"heading.default\">\n\t\t\t\t<div class=\"elementor-widget-container\">\n\t\t\t\t\t<h1 class=\"elementor-heading-title elementor-size-default\">Moclinejo es arte<\/h1>\t\t\t\t<\/div>\n\t\t\t\t<\/div>\n\t\t\t\t<div class=\"elementor-element elementor-element-83fd70a elementor-widget elementor-widget-text-editor\" data-id=\"83fd70a\" data-element_type=\"widget\" data-widget_type=\"text-editor.default\">\n\t\t\t\t<div class=\"elementor-widget-container\">\n\t\t\t\t\t\t\t\t\t<p>En el coraz\u00f3n de Moclinejo,\u00a0 se encuentra nuestra sala de exposiciones Antonio Segovia Lobillo. Este espacio cultural es un testimonio del rico patrimonio art\u00edstico y cultural de nuestra regi\u00f3n.<\/p><p>La sala de exposiciones de Moclinejo es un espacio de gran tama\u00f1o dedicado a la creatividad y el arte. Aqu\u00ed, <strong>los visitantes pueden sumergirse en una variedad de exposiciones temporales<\/strong> que muestran el trabajo de artistas locales e internacionales. Desde pintura y escultura hasta fotograf\u00eda y arte contempor\u00e1neo, nuestra sala de exposiciones ofrece una experiencia cultural enriquecedora para todos los gustos.<\/p><p>Adem\u00e1s de nuestras exposiciones, la sala de Exposiciones de Moclinejo tambi\u00e9n alberga una serie de eventos y talleres durante todo el a\u00f1o, brindando a los visitantes la oportunidad de aprender nuevas habilidades, conocer a los artistas y sumergirse en la vibrante escena cultural de Moclinejo.<\/p><p>Nuestra Sala de Exposiciones es m\u00e1s que un espacio para el arte; es un lugar de encuentro para la comunidad, un lugar donde el arte y la cultura se encuentran para inspirar y conectar a las personas.<\/p><p>Te invitamos a explorar nuestras exposiciones actuales y futuras y a descubrir la rica cultura que Moclinejo tiene para ofrecer.<\/p><p>\u00a1Esperamos verte pronto en la Sala de Exposiciones de Moclinejo!<\/p>\t\t\t\t\t\t\t\t<\/div>\n\t\t\t\t<\/div>\n\t\t\t\t\t<\/div>\n\t\t\t\t<\/div>\n\t\t<div class=\"elementor-element elementor-element-c61370d e-flex e-con-boxed e-con e-parent\" data-id=\"c61370d\" data-element_type=\"container\">\n\t\t\t\t\t<div class=\"e-con-inner\">\n\t\t\t\t<div class=\"elementor-element elementor-element-2afd3c2 gallery-spacing-custom elementor-widget elementor-widget-image-gallery\" data-id=\"2afd3c2\" data-element_type=\"widget\" data-widget_type=\"image-gallery.default\">\n\t\t\t\t<div class=\"elementor-widget-container\">\n\t\t\t\t\t\t\t<div class=\"elementor-image-gallery\">\n\t\t\t<div id='gallery-1' class='gallery galleryid-392 gallery-columns-3 gallery-size-medium'><figure class='gallery-item'>\n\t\t\t<div class='gallery-icon landscape'>\n\t\t\t\t<a data-elementor-open-lightbox=\"yes\" data-elementor-lightbox-slideshow=\"2afd3c2\" data-elementor-lightbox-title=\"Sala de exposiciones de Moclinejo\" data-e-action-hash=\"#elementor-action%3Aaction%3Dlightbox%26settings%3DeyJpZCI6NDc0LCJ1cmwiOiJodHRwczpcL1wvd3d3LnZpc2l0bW9jbGluZWpvLmVzXC93cC1jb250ZW50XC91cGxvYWRzXC8yMDI0XC8wNVwvc2FsYS1leHBvc2ljaW9uZXMtbW9jbGluZWpvLTEuanBnIiwic2xpZGVzaG93IjoiMmFmZDNjMiJ9\" href='https:\/\/www.visitmoclinejo.es\/wp-content\/uploads\/2024\/05\/sala-exposiciones-moclinejo-1.jpg'><img fetchpriority=\"high\" decoding=\"async\" width=\"300\" height=\"200\" src=\"https:\/\/www.visitmoclinejo.es\/wp-content\/uploads\/2024\/05\/sala-exposiciones-moclinejo-1-300x200.jpg\" class=\"attachment-medium size-medium\" alt=\"Exposici\u00f3n de arte en la sala de exposiciones de Moclinejo\" srcset=\"https:\/\/www.visitmoclinejo.es\/wp-content\/uploads\/2024\/05\/sala-exposiciones-moclinejo-1-300x200.jpg 300w, https:\/\/www.visitmoclinejo.es\/wp-content\/uploads\/2024\/05\/sala-exposiciones-moclinejo-1-1024x682.jpg 1024w, https:\/\/www.visitmoclinejo.es\/wp-content\/uploads\/2024\/05\/sala-exposiciones-moclinejo-1-768x512.jpg 768w, https:\/\/www.visitmoclinejo.es\/wp-content\/uploads\/2024\/05\/sala-exposiciones-moclinejo-1-1536x1024.jpg 1536w, https:\/\/www.visitmoclinejo.es\/wp-content\/uploads\/2024\/05\/sala-exposiciones-moclinejo-1.jpg 2000w\" sizes=\"(max-width: 300px) 100vw, 300px\" \/><\/a>\n\t\t\t<\/div><\/figure><figure class='gallery-item'>\n\t\t\t<div class='gallery-icon landscape'>\n\t\t\t\t<a data-elementor-open-lightbox=\"yes\" data-elementor-lightbox-slideshow=\"2afd3c2\" data-elementor-lightbox-title=\"Sala de exposiciones de Moclinejo\" data-e-action-hash=\"#elementor-action%3Aaction%3Dlightbox%26settings%3DeyJpZCI6NDc1LCJ1cmwiOiJodHRwczpcL1wvd3d3LnZpc2l0bW9jbGluZWpvLmVzXC93cC1jb250ZW50XC91cGxvYWRzXC8yMDI0XC8wNVwvc2FsYS1leHBvc2ljaW9uZXMtbW9jbGluZWpvLTIuanBnIiwic2xpZGVzaG93IjoiMmFmZDNjMiJ9\" href='https:\/\/www.visitmoclinejo.es\/wp-content\/uploads\/2024\/05\/sala-exposiciones-moclinejo-2.jpg'><img decoding=\"async\" width=\"300\" height=\"200\" data-src=\"https:\/\/www.visitmoclinejo.es\/wp-content\/uploads\/2024\/05\/sala-exposiciones-moclinejo-2-300x200.jpg\" class=\"attachment-medium size-medium lazyload\" alt=\"Exposici\u00f3n de arte en la sala de exposiciones de Moclinejo\" data-srcset=\"https:\/\/www.visitmoclinejo.es\/wp-content\/uploads\/2024\/05\/sala-exposiciones-moclinejo-2-300x200.jpg 300w, https:\/\/www.visitmoclinejo.es\/wp-content\/uploads\/2024\/05\/sala-exposiciones-moclinejo-2-1024x682.jpg 1024w, https:\/\/www.visitmoclinejo.es\/wp-content\/uploads\/2024\/05\/sala-exposiciones-moclinejo-2-768x512.jpg 768w, https:\/\/www.visitmoclinejo.es\/wp-content\/uploads\/2024\/05\/sala-exposiciones-moclinejo-2-1536x1024.jpg 1536w, https:\/\/www.visitmoclinejo.es\/wp-content\/uploads\/2024\/05\/sala-exposiciones-moclinejo-2.jpg 2000w\" data-sizes=\"(max-width: 300px) 100vw, 300px\" src=\"data:image\/gif;base64,R0lGODlhAQABAAAAACH5BAEKAAEALAAAAAABAAEAAAICTAEAOw==\" style=\"--smush-placeholder-width: 300px; --smush-placeholder-aspect-ratio: 300\/200;\" \/><\/a>\n\t\t\t<\/div><\/figure><figure class='gallery-item'>\n\t\t\t<div class='gallery-icon landscape'>\n\t\t\t\t<a data-elementor-open-lightbox=\"yes\" data-elementor-lightbox-slideshow=\"2afd3c2\" data-elementor-lightbox-title=\"Sala de exposiciones de Moclinejo\" data-e-action-hash=\"#elementor-action%3Aaction%3Dlightbox%26settings%3DeyJpZCI6NDc2LCJ1cmwiOiJodHRwczpcL1wvd3d3LnZpc2l0bW9jbGluZWpvLmVzXC93cC1jb250ZW50XC91cGxvYWRzXC8yMDI0XC8wNVwvc2FsYS1leHBvc2ljaW9uZXMtbW9jbGluZWpvLTMuanBnIiwic2xpZGVzaG93IjoiMmFmZDNjMiJ9\" href='https:\/\/www.visitmoclinejo.es\/wp-content\/uploads\/2024\/05\/sala-exposiciones-moclinejo-3.jpg'><img decoding=\"async\" width=\"300\" height=\"200\" data-src=\"https:\/\/www.visitmoclinejo.es\/wp-content\/uploads\/2024\/05\/sala-exposiciones-moclinejo-3-300x200.jpg\" class=\"attachment-medium size-medium lazyload\" alt=\"Exposici\u00f3n de arte en la sala de exposiciones de Moclinejo\" data-srcset=\"https:\/\/www.visitmoclinejo.es\/wp-content\/uploads\/2024\/05\/sala-exposiciones-moclinejo-3-300x200.jpg 300w, https:\/\/www.visitmoclinejo.es\/wp-content\/uploads\/2024\/05\/sala-exposiciones-moclinejo-3-1024x682.jpg 1024w, https:\/\/www.visitmoclinejo.es\/wp-content\/uploads\/2024\/05\/sala-exposiciones-moclinejo-3-768x512.jpg 768w, https:\/\/www.visitmoclinejo.es\/wp-content\/uploads\/2024\/05\/sala-exposiciones-moclinejo-3-1536x1024.jpg 1536w, https:\/\/www.visitmoclinejo.es\/wp-content\/uploads\/2024\/05\/sala-exposiciones-moclinejo-3.jpg 2000w\" data-sizes=\"(max-width: 300px) 100vw, 300px\" src=\"data:image\/gif;base64,R0lGODlhAQABAAAAACH5BAEKAAEALAAAAAABAAEAAAICTAEAOw==\" style=\"--smush-placeholder-width: 300px; --smush-placeholder-aspect-ratio: 300\/200;\" \/><\/a>\n\t\t\t<\/div><\/figure>\n\t\t<\/div>\n\t\t<\/div>\n\t\t\t\t\t\t<\/div>\n\t\t\t\t<\/div>\n\t\t\t\t\t<\/div>\n\t\t\t\t<\/div>\n\t\t\t\t<\/div>\n\t\t","protected":false},"excerpt":{"rendered":"<p>SALA DE EXPOSICIONES Moclinejo es arte En el coraz\u00f3n de Moclinejo,\u00a0 se encuentra nuestra sala de exposiciones Antonio Segovia Lobillo. [&hellip;]<\/p>\n","protected":false},"author":2,"featured_media":0,"parent":0,"menu_order":0,"comment_status":"closed","ping_status":"closed","template":"","meta":{"_monsterinsights_skip_tracking":false,"_monsterinsights_sitenote_active":false,"_monsterinsights_sitenote_note":"","_monsterinsights_sitenote_category":0,"site-sidebar-layout":"no-sidebar","site-content-layout":"","ast-site-content-layout":"full-width-container","site-content-style":"default","site-sidebar-style":"default","ast-global-header-display":"","ast-banner-title-visibility":"","ast-main-header-display":"","ast-hfb-above-header-display":"","ast-hfb-below-header-display":"","ast-hfb-mobile-header-display":"","site-post-title":"disabled","ast-breadcrumbs-content":"","ast-featured-img":"disabled","footer-sml-layout":"","theme-transparent-header-meta":"","adv-header-id-meta":"","stick-header-meta":"","header-above-stick-meta":"","header-main-stick-meta":"","header-below-stick-meta":"","astra-migrate-meta-layouts":"default","ast-page-background-enabled":"default","ast-page-background-meta":{"desktop":{"background-color":"var(--ast-global-color-4)","background-image":"","background-repeat":"repeat","background-position":"center center","background-size":"auto","background-attachment":"scroll","background-type":"","background-media":"","overlay-type":"","overlay-color":"","overlay-gradient":""},"tablet":{"background-color":"","background-image":"","background-repeat":"repeat","background-position":"center center","background-size":"auto","background-attachment":"scroll","background-type":"","background-media":"","overlay-type":"","overlay-color":"","overlay-gradient":""},"mobile":{"background-color":"","background-image":"","background-repeat":"repeat","background-position":"center center","background-size":"auto","background-attachment":"scroll","background-type":"","background-media":"","overlay-type":"","overlay-color":"","overlay-gradient":""}},"ast-content-background-meta":{"desktop":{"background-color":"var(--ast-global-color-5)","background-image":"","background-repeat":"repeat","background-position":"center center","background-size":"auto","background-attachment":"scroll","background-type":"","background-media":"","overlay-type":"","overlay-color":"","overlay-gradient":""},"tablet":{"background-color":"var(--ast-global-color-5)","background-image":"","background-repeat":"repeat","background-position":"center center","background-size":"auto","background-attachment":"scroll","background-type":"","background-media":"","overlay-type":"","overlay-color":"","overlay-gradient":""},"mobile":{"background-color":"var(--ast-global-color-5)","background-image":"","background-repeat":"repeat","background-position":"center center","background-size":"auto","background-attachment":"scroll","background-type":"","background-media":"","overlay-type":"","overlay-color":"","overlay-gradient":""}},"footnotes":""},"class_list":["post-392","page","type-page","status-publish","hentry"],"aioseo_notices":[],"_links":{"self":[{"href":"https:\/\/www.visitmoclinejo.es\/index.php?rest_route=\/wp\/v2\/pages\/392","targetHints":{"allow":["GET"]}}],"collection":[{"href":"https:\/\/www.visitmoclinejo.es\/index.php?rest_route=\/wp\/v2\/pages"}],"about":[{"href":"https:\/\/www.visitmoclinejo.es\/index.php?rest_route=\/wp\/v2\/types\/page"}],"author":[{"embeddable":true,"href":"https:\/\/www.visitmoclinejo.es\/index.php?rest_route=\/wp\/v2\/users\/2"}],"replies":[{"embeddable":true,"href":"https:\/\/www.visitmoclinejo.es\/index.php?rest_route=%2Fwp%2Fv2%2Fcomments&post=392"}],"version-history":[{"count":23,"href":"https:\/\/www.visitmoclinejo.es\/index.php?rest_route=\/wp\/v2\/pages\/392\/revisions"}],"predecessor-version":[{"id":689,"href":"https:\/\/www.visitmoclinejo.es\/index.php?rest_route=\/wp\/v2\/pages\/392\/revisions\/689"}],"wp:attachment":[{"href":"https:\/\/www.visitmoclinejo.es\/index.php?rest_route=%2Fwp%2Fv2%2Fmedia&parent=392"}],"curies":[{"name":"wp","href":"https:\/\/api.w.org\/{rel}","templated":true}]}}