{"id":602,"date":"2024-05-08T12:38:08","date_gmt":"2024-05-08T10:38:08","guid":{"rendered":"https:\/\/visitmoclinejo.es\/?page_id=602"},"modified":"2025-06-11T11:39:11","modified_gmt":"2025-06-11T09:39:11","slug":"ruta-guiada-moclinejo","status":"publish","type":"page","link":"https:\/\/www.visitmoclinejo.es\/?page_id=602","title":{"rendered":"Ruta guiada"},"content":{"rendered":"\t\t<div data-elementor-type=\"wp-page\" data-elementor-id=\"602\" class=\"elementor elementor-602\">\n\t\t\t\t<div class=\"elementor-element elementor-element-ac3a1c4 e-con-full e-flex e-con e-parent\" data-id=\"ac3a1c4\" data-element_type=\"container\" data-settings=\"{&quot;background_background&quot;:&quot;classic&quot;}\">\n\t\t\t\t<div class=\"elementor-element elementor-element-88c2fa0 elementor-widget__width-inherit elementor-absolute elementor-widget elementor-widget-heading\" data-id=\"88c2fa0\" data-element_type=\"widget\" data-settings=\"{&quot;_position&quot;:&quot;absolute&quot;}\" data-widget_type=\"heading.default\">\n\t\t\t\t<div class=\"elementor-widget-container\">\n\t\t\t\t\t<p class=\"elementor-heading-title elementor-size-default\">RUTA GUIADA<\/p>\t\t\t\t<\/div>\n\t\t\t\t<\/div>\n\t\t\t\t<\/div>\n\t\t<div class=\"elementor-element elementor-element-9b406ed e-flex e-con-boxed e-con e-parent\" data-id=\"9b406ed\" data-element_type=\"container\">\n\t\t\t\t\t<div class=\"e-con-inner\">\n\t\t\t\t<div class=\"elementor-element elementor-element-3cd65bb elementor-widget elementor-widget-heading\" data-id=\"3cd65bb\" data-element_type=\"widget\" data-widget_type=\"heading.default\">\n\t\t\t\t<div class=\"elementor-widget-container\">\n\t\t\t\t\t<h1 class=\"elementor-heading-title elementor-size-default\">Ruta guiada por Moclinejo y El Vald\u00e9s<\/h1>\t\t\t\t<\/div>\n\t\t\t\t<\/div>\n\t\t\t\t\t<\/div>\n\t\t\t\t<\/div>\n\t\t<div class=\"elementor-element elementor-element-17e05d8 e-flex e-con-boxed e-con e-parent\" data-id=\"17e05d8\" data-element_type=\"container\">\n\t\t\t\t\t<div class=\"e-con-inner\">\n\t\t\t\t<div class=\"elementor-element elementor-element-3079ab9 elementor-widget elementor-widget-text-editor\" data-id=\"3079ab9\" data-element_type=\"widget\" data-widget_type=\"text-editor.default\">\n\t\t\t\t<div class=\"elementor-widget-container\">\n\t\t\t\t\t\t\t\t\t<p>Te invitamos a descubrir la ruta tur\u00edstica guiada que hemos dise\u00f1ado por Moclinejo y El Vald\u00e9s que te llevar\u00e1 a conocer los hitos tur\u00edsticos m\u00e1s importantes de nuestro pueblo para que no te pierdas nada.\u00a0<\/p><p><strong>Descripci\u00f3n de la ruta<\/strong><br \/>Comenzamos nuestra ruta en la Plaza Axarqu\u00eda en El Vald\u00e9s, un espacio lleno de vida y color donde podemos apreciar la primera obra de Antonio Monta\u00f1ez, un reconocido artista local cuya obra tendr\u00e1 gran importancia en nuestra ruta. A pocos pasos de la plaza, visitaremos la <a href=\"https:\/\/www.visitmoclinejo.es\/casa-museo-axarquia\/\" target=\"_blank\" rel=\"noopener\">Casa Museo Axarqu\u00eda<\/a>, la obra culmen de Antonio Monta\u00f1ez donde podr\u00e1s sumergirte en la rica historia y cultura de la regi\u00f3n apreciando todos los detalles arquitect\u00f3nicos que Antonio Monta\u00f1ez ha plasmado en su obra.<br \/>Antes de continuar, al lado de la Casa Museo, encontramos el parque Homenaje a los Picapedreros, tambi\u00e9n obra de Antonio Monta\u00f1ez, que nos recuerda la importancia de este oficio en la historia local de El Vald\u00e9s.<\/p><p>Dejamos atr\u00e1s la pedan\u00eda de El Vald\u00e9s, para dirigirnos hacia Moclinejo. Pasamos por los emblem\u00e1ticos Arcos de entrada a Moclinejo, que nos dar\u00e1n la bienvenida a este encantador pueblo.<br \/>En Moclinejo, no puedes perderte la <a href=\"https:\/\/www.visitmoclinejo.es\/casa-del-ratoncito-perez\/\" target=\"_blank\" rel=\"noopener\">Casa del Ratoncito P\u00e9rez<\/a>, un lugar lleno de magia y encanto para los m\u00e1s peque\u00f1os. Y para los amantes del vino, una visita obligatoria a la <a href=\"https:\/\/www.visitmoclinejo.es\/bodega-de-moclinejo\/\" target=\"_blank\" rel=\"noopener\">Bodega Antonio Mu\u00f1oz Cabrera<\/a> para descubrir su proceso de elaboraci\u00f3n y catar sus vinos.\u00a0<br \/>Nuestra ruta nos lleva tambi\u00e9n a la Iglesia Nuestra Se\u00f1ora de Gracia, un ejemplo de la arquitectura local y a la <a href=\"https:\/\/www.visitmoclinejo.es\/sala-de-exposiciones-de-moclinejo\/\" target=\"_blank\" rel=\"noopener\">Sala de exposiciones Antonio Segovia Lobillo<\/a>, donde podr\u00e1s disfrutar de interesantes exposiciones de arte.<br \/>Finalizamos nuestra ruta en la Plaza Espa\u00f1a, el coraz\u00f3n de Moclinejo, donde podr\u00e1s relajarte y si lo deseas, disfrutar de la <a href=\"https:\/\/www.visitmoclinejo.es\/gastronomia-de-moclinejo\/\" target=\"_blank\" rel=\"noopener\">gastronom\u00eda local<\/a>.<\/p><p>Te invitamos a descubrir Moclinejo y El Vald\u00e9s, a saborear sus vinos, a empaparte de su historia y a disfrutar de su belleza. \u00a1Ven y vive una experiencia inolvidable!<\/p><p><strong>Recorrido<\/strong><br \/>1. Plaza Axarqu\u00eda en EL Vald\u00e9s<br \/>2. Casa Museo Axarqu\u00eda<br \/>3. Homenaje a los Picapedreros<br \/>4. Arcos de entrada a Moclinejo<br \/>5. Casa del Ratoncito P\u00e9rez<br \/>6. Bodega Antonio Mu\u00f1oz Cabrera<br \/>7. Iglesia Nuestra Sra. de Gracia<br \/>8. Sala de exposiciones Antonio Segovia Lobillo<br \/>9. Plaza Espa\u00f1a<\/p><p><strong>Contacto de reserva<br \/><\/strong>Jos\u00e9 Carlos <a href=\"http:\/\/www.axartrips.com\" target=\"_blank\" rel=\"noopener\">(AxarTrips)<\/a><br \/>+34 722 722 492<\/p>\t\t\t\t\t\t\t\t<\/div>\n\t\t\t\t<\/div>\n\t\t\t\t\t<\/div>\n\t\t\t\t<\/div>\n\t\t<div class=\"elementor-element elementor-element-633ebb5 e-flex e-con-boxed e-con e-parent\" data-id=\"633ebb5\" data-element_type=\"container\">\n\t\t\t\t\t<div class=\"e-con-inner\">\n\t\t\t\t<div class=\"elementor-element elementor-element-561992f gallery-spacing-custom elementor-widget elementor-widget-image-gallery\" data-id=\"561992f\" data-element_type=\"widget\" data-widget_type=\"image-gallery.default\">\n\t\t\t\t<div class=\"elementor-widget-container\">\n\t\t\t\t\t\t\t<div class=\"elementor-image-gallery\">\n\t\t\t<div id='gallery-1' class='gallery galleryid-602 gallery-columns-3 gallery-size-medium_large'><figure class='gallery-item'>\n\t\t\t<div class='gallery-icon landscape'>\n\t\t\t\t<a data-elementor-open-lightbox=\"yes\" data-elementor-lightbox-slideshow=\"561992f\" data-elementor-lightbox-title=\"Plaza Axarqu\u00eda en EL Vald\u00e9s\" data-e-action-hash=\"#elementor-action%3Aaction%3Dlightbox%26settings%3DeyJpZCI6NjExLCJ1cmwiOiJodHRwczpcL1wvd3d3LnZpc2l0bW9jbGluZWpvLmVzXC93cC1jb250ZW50XC91cGxvYWRzXC8yMDI0XC8wNVwvcGxhemEtYXhhcnF1aWEuanBnIiwic2xpZGVzaG93IjoiNTYxOTkyZiJ9\" href='https:\/\/www.visitmoclinejo.es\/wp-content\/uploads\/2024\/05\/plaza-axarquia.jpg'><img fetchpriority=\"high\" decoding=\"async\" width=\"768\" height=\"511\" src=\"https:\/\/www.visitmoclinejo.es\/wp-content\/uploads\/2024\/05\/plaza-axarquia-768x511.jpg\" class=\"attachment-medium_large size-medium_large\" alt=\"Vista de la Plaza Axarqu\u00eda, en la pedan\u00eda de El Vald\u00e9s, con la fuente de Antonio Monta\u00f1ez como protagonista\" srcset=\"https:\/\/www.visitmoclinejo.es\/wp-content\/uploads\/2024\/05\/plaza-axarquia-768x511.jpg 768w, https:\/\/www.visitmoclinejo.es\/wp-content\/uploads\/2024\/05\/plaza-axarquia-300x200.jpg 300w, https:\/\/www.visitmoclinejo.es\/wp-content\/uploads\/2024\/05\/plaza-axarquia-1024x682.jpg 1024w, https:\/\/www.visitmoclinejo.es\/wp-content\/uploads\/2024\/05\/plaza-axarquia.jpg 1365w\" sizes=\"(max-width: 768px) 100vw, 768px\" \/><\/a>\n\t\t\t<\/div><\/figure><figure class='gallery-item'>\n\t\t\t<div class='gallery-icon landscape'>\n\t\t\t\t<a data-elementor-open-lightbox=\"yes\" data-elementor-lightbox-slideshow=\"561992f\" data-elementor-lightbox-title=\"Casa Museo Axarqu\u00eda\" data-e-action-hash=\"#elementor-action%3Aaction%3Dlightbox%26settings%3DeyJpZCI6NTExLCJ1cmwiOiJodHRwczpcL1wvd3d3LnZpc2l0bW9jbGluZWpvLmVzXC93cC1jb250ZW50XC91cGxvYWRzXC8yMDI0XC8wNVwvY2FzYS1tdXNlby1heGFycXVpYS02LmpwZyIsInNsaWRlc2hvdyI6IjU2MTk5MmYifQ%3D%3D\" href='https:\/\/www.visitmoclinejo.es\/wp-content\/uploads\/2024\/05\/casa-museo-axarquia-6.jpg'><img decoding=\"async\" width=\"768\" height=\"512\" data-src=\"https:\/\/www.visitmoclinejo.es\/wp-content\/uploads\/2024\/05\/casa-museo-axarquia-6-768x512.jpg\" class=\"attachment-medium_large size-medium_large lazyload\" alt=\"Vista exterior de la Casa Museo Axarqu\u00eda con el mar al fondo\" data-srcset=\"https:\/\/www.visitmoclinejo.es\/wp-content\/uploads\/2024\/05\/casa-museo-axarquia-6-768x512.jpg 768w, https:\/\/www.visitmoclinejo.es\/wp-content\/uploads\/2024\/05\/casa-museo-axarquia-6-300x200.jpg 300w, https:\/\/www.visitmoclinejo.es\/wp-content\/uploads\/2024\/05\/casa-museo-axarquia-6-1024x682.jpg 1024w, https:\/\/www.visitmoclinejo.es\/wp-content\/uploads\/2024\/05\/casa-museo-axarquia-6-1536x1024.jpg 1536w, https:\/\/www.visitmoclinejo.es\/wp-content\/uploads\/2024\/05\/casa-museo-axarquia-6.jpg 1613w\" data-sizes=\"(max-width: 768px) 100vw, 768px\" src=\"data:image\/gif;base64,R0lGODlhAQABAAAAACH5BAEKAAEALAAAAAABAAEAAAICTAEAOw==\" style=\"--smush-placeholder-width: 768px; --smush-placeholder-aspect-ratio: 768\/512;\" \/><\/a>\n\t\t\t<\/div><\/figure><figure class='gallery-item'>\n\t\t\t<div class='gallery-icon landscape'>\n\t\t\t\t<a data-elementor-open-lightbox=\"yes\" data-elementor-lightbox-slideshow=\"561992f\" data-elementor-lightbox-title=\"Escalera y torre\u00f3n Casa Museo Axarqu\u00eda\" data-e-action-hash=\"#elementor-action%3Aaction%3Dlightbox%26settings%3DeyJpZCI6NTA2LCJ1cmwiOiJodHRwczpcL1wvd3d3LnZpc2l0bW9jbGluZWpvLmVzXC93cC1jb250ZW50XC91cGxvYWRzXC8yMDI0XC8wNVwvY2FzYS1tdXNlby1heGFycXVpYS0xLmpwZyIsInNsaWRlc2hvdyI6IjU2MTk5MmYifQ%3D%3D\" href='https:\/\/www.visitmoclinejo.es\/wp-content\/uploads\/2024\/05\/casa-museo-axarquia-1.jpg'><img decoding=\"async\" width=\"768\" height=\"512\" data-src=\"https:\/\/www.visitmoclinejo.es\/wp-content\/uploads\/2024\/05\/casa-museo-axarquia-1-768x512.jpg\" class=\"attachment-medium_large size-medium_large lazyload\" alt=\"Escalera e imagen de los vendimiadores tallada en madera en el interior del torre\u00f3n de la Casa Museo Axarqu\u00eda\" data-srcset=\"https:\/\/www.visitmoclinejo.es\/wp-content\/uploads\/2024\/05\/casa-museo-axarquia-1-768x512.jpg 768w, https:\/\/www.visitmoclinejo.es\/wp-content\/uploads\/2024\/05\/casa-museo-axarquia-1-300x200.jpg 300w, https:\/\/www.visitmoclinejo.es\/wp-content\/uploads\/2024\/05\/casa-museo-axarquia-1-1024x682.jpg 1024w, https:\/\/www.visitmoclinejo.es\/wp-content\/uploads\/2024\/05\/casa-museo-axarquia-1-1536x1024.jpg 1536w, https:\/\/www.visitmoclinejo.es\/wp-content\/uploads\/2024\/05\/casa-museo-axarquia-1.jpg 2000w\" data-sizes=\"(max-width: 768px) 100vw, 768px\" src=\"data:image\/gif;base64,R0lGODlhAQABAAAAACH5BAEKAAEALAAAAAABAAEAAAICTAEAOw==\" style=\"--smush-placeholder-width: 768px; --smush-placeholder-aspect-ratio: 768\/512;\" \/><\/a>\n\t\t\t<\/div><\/figure><figure class='gallery-item'>\n\t\t\t<div class='gallery-icon landscape'>\n\t\t\t\t<a data-elementor-open-lightbox=\"yes\" data-elementor-lightbox-slideshow=\"561992f\" data-elementor-lightbox-title=\"Antonio Monta\u00f1ez en el Parque de Picapedreros\" data-e-action-hash=\"#elementor-action%3Aaction%3Dlightbox%26settings%3DeyJpZCI6NTA1LCJ1cmwiOiJodHRwczpcL1wvd3d3LnZpc2l0bW9jbGluZWpvLmVzXC93cC1jb250ZW50XC91cGxvYWRzXC8yMDI0XC8wNVwvYW50b25pby1tb250YW5lei1waWNhcGVkcmVyb3MuanBnIiwic2xpZGVzaG93IjoiNTYxOTkyZiJ9\" href='https:\/\/www.visitmoclinejo.es\/wp-content\/uploads\/2024\/05\/antonio-montanez-picapedreros.jpg'><img decoding=\"async\" width=\"768\" height=\"512\" data-src=\"https:\/\/www.visitmoclinejo.es\/wp-content\/uploads\/2024\/05\/antonio-montanez-picapedreros-768x512.jpg\" class=\"attachment-medium_large size-medium_large lazyload\" alt=\"Retrato de Antonio Monta\u00f1ez, creador de la Casa Museo Axarqu\u00eda, en un mosaico de un \u00e1rbol en el Parque de Picapedreros\" data-srcset=\"https:\/\/www.visitmoclinejo.es\/wp-content\/uploads\/2024\/05\/antonio-montanez-picapedreros-768x512.jpg 768w, https:\/\/www.visitmoclinejo.es\/wp-content\/uploads\/2024\/05\/antonio-montanez-picapedreros-300x200.jpg 300w, https:\/\/www.visitmoclinejo.es\/wp-content\/uploads\/2024\/05\/antonio-montanez-picapedreros-1024x683.jpg 1024w, https:\/\/www.visitmoclinejo.es\/wp-content\/uploads\/2024\/05\/antonio-montanez-picapedreros-1536x1024.jpg 1536w, https:\/\/www.visitmoclinejo.es\/wp-content\/uploads\/2024\/05\/antonio-montanez-picapedreros.jpg 1984w\" data-sizes=\"(max-width: 768px) 100vw, 768px\" src=\"data:image\/gif;base64,R0lGODlhAQABAAAAACH5BAEKAAEALAAAAAABAAEAAAICTAEAOw==\" style=\"--smush-placeholder-width: 768px; --smush-placeholder-aspect-ratio: 768\/512;\" \/><\/a>\n\t\t\t<\/div><\/figure><figure class='gallery-item'>\n\t\t\t<div class='gallery-icon landscape'>\n\t\t\t\t<a data-elementor-open-lightbox=\"yes\" data-elementor-lightbox-slideshow=\"561992f\" data-elementor-lightbox-title=\"Entrada de Moclinejo\" data-e-action-hash=\"#elementor-action%3Aaction%3Dlightbox%26settings%3DeyJpZCI6NDk1LCJ1cmwiOiJodHRwczpcL1wvd3d3LnZpc2l0bW9jbGluZWpvLmVzXC93cC1jb250ZW50XC91cGxvYWRzXC8yMDI0XC8wNVwvQXJjby1Nb2NsaW5lam8uanBnIiwic2xpZGVzaG93IjoiNTYxOTkyZiJ9\" href='https:\/\/www.visitmoclinejo.es\/wp-content\/uploads\/2024\/05\/Arco-Moclinejo.jpg'><img decoding=\"async\" width=\"768\" height=\"512\" data-src=\"https:\/\/www.visitmoclinejo.es\/wp-content\/uploads\/2024\/05\/Arco-Moclinejo-768x512.jpg\" class=\"attachment-medium_large size-medium_large lazyload\" alt=\"Vista a\u00e9rea al amanecer del arco de entrada a Moclinejo y el pueblo de fondo\" data-srcset=\"https:\/\/www.visitmoclinejo.es\/wp-content\/uploads\/2024\/05\/Arco-Moclinejo-768x512.jpg 768w, https:\/\/www.visitmoclinejo.es\/wp-content\/uploads\/2024\/05\/Arco-Moclinejo-300x200.jpg 300w, https:\/\/www.visitmoclinejo.es\/wp-content\/uploads\/2024\/05\/Arco-Moclinejo-1024x682.jpg 1024w, https:\/\/www.visitmoclinejo.es\/wp-content\/uploads\/2024\/05\/Arco-Moclinejo-1536x1024.jpg 1536w, https:\/\/www.visitmoclinejo.es\/wp-content\/uploads\/2024\/05\/Arco-Moclinejo.jpg 1613w\" data-sizes=\"(max-width: 768px) 100vw, 768px\" src=\"data:image\/gif;base64,R0lGODlhAQABAAAAACH5BAEKAAEALAAAAAABAAEAAAICTAEAOw==\" style=\"--smush-placeholder-width: 768px; --smush-placeholder-aspect-ratio: 768\/512;\" \/><\/a>\n\t\t\t<\/div><\/figure><figure class='gallery-item'>\n\t\t\t<div class='gallery-icon landscape'>\n\t\t\t\t<a data-elementor-open-lightbox=\"yes\" data-elementor-lightbox-slideshow=\"561992f\" data-elementor-lightbox-title=\"Casa del Ratoncito P\u00e9rez\" data-e-action-hash=\"#elementor-action%3Aaction%3Dlightbox%26settings%3DeyJpZCI6NjEwLCJ1cmwiOiJodHRwczpcL1wvd3d3LnZpc2l0bW9jbGluZWpvLmVzXC93cC1jb250ZW50XC91cGxvYWRzXC8yMDI0XC8wNVwvQ2FzYS1yYXRvbmNpdG8tcGVyZXotaG9yaXpvbnRhbC5qcGciLCJzbGlkZXNob3ciOiI1NjE5OTJmIn0%3D\" href='https:\/\/www.visitmoclinejo.es\/wp-content\/uploads\/2024\/05\/Casa-ratoncito-perez-horizontal.jpg'><img decoding=\"async\" width=\"768\" height=\"512\" data-src=\"https:\/\/www.visitmoclinejo.es\/wp-content\/uploads\/2024\/05\/Casa-ratoncito-perez-horizontal-768x512.jpg\" class=\"attachment-medium_large size-medium_large lazyload\" alt=\"Casa del Ratoncito P\u00e9rez en Moclinejo construida en una pared de piedra\" data-srcset=\"https:\/\/www.visitmoclinejo.es\/wp-content\/uploads\/2024\/05\/Casa-ratoncito-perez-horizontal-768x512.jpg 768w, https:\/\/www.visitmoclinejo.es\/wp-content\/uploads\/2024\/05\/Casa-ratoncito-perez-horizontal-300x200.jpg 300w, https:\/\/www.visitmoclinejo.es\/wp-content\/uploads\/2024\/05\/Casa-ratoncito-perez-horizontal-1024x682.jpg 1024w, https:\/\/www.visitmoclinejo.es\/wp-content\/uploads\/2024\/05\/Casa-ratoncito-perez-horizontal-1536x1024.jpg 1536w, https:\/\/www.visitmoclinejo.es\/wp-content\/uploads\/2024\/05\/Casa-ratoncito-perez-horizontal.jpg 2000w\" data-sizes=\"(max-width: 768px) 100vw, 768px\" src=\"data:image\/gif;base64,R0lGODlhAQABAAAAACH5BAEKAAEALAAAAAABAAEAAAICTAEAOw==\" style=\"--smush-placeholder-width: 768px; --smush-placeholder-aspect-ratio: 768\/512;\" \/><\/a>\n\t\t\t<\/div><\/figure><figure class='gallery-item'>\n\t\t\t<div class='gallery-icon landscape'>\n\t\t\t\t<a data-elementor-open-lightbox=\"yes\" data-elementor-lightbox-slideshow=\"561992f\" data-elementor-lightbox-title=\"Bodega Antonio Mu\u00f1oz Cabrera\" data-e-action-hash=\"#elementor-action%3Aaction%3Dlightbox%26settings%3DeyJpZCI6NTIyLCJ1cmwiOiJodHRwczpcL1wvd3d3LnZpc2l0bW9jbGluZWpvLmVzXC93cC1jb250ZW50XC91cGxvYWRzXC8yMDI0XC8wNVwvYm9kZWdhLWFudG9uaW8tbXVub3otY2FicmVyYS0xLmpwZyIsInNsaWRlc2hvdyI6IjU2MTk5MmYifQ%3D%3D\" href='https:\/\/www.visitmoclinejo.es\/wp-content\/uploads\/2024\/05\/bodega-antonio-munoz-cabrera-1.jpg'><img decoding=\"async\" width=\"768\" height=\"512\" data-src=\"https:\/\/www.visitmoclinejo.es\/wp-content\/uploads\/2024\/05\/bodega-antonio-munoz-cabrera-1-768x512.jpg\" class=\"attachment-medium_large size-medium_large lazyload\" alt=\"Interior de la Bodega Antonio Mu\u00f1oz Cabrera, con barriles de vino antiguos, paredes de piedra y una l\u00e1mpara con luz c\u00e1lida\" data-srcset=\"https:\/\/www.visitmoclinejo.es\/wp-content\/uploads\/2024\/05\/bodega-antonio-munoz-cabrera-1-768x512.jpg 768w, https:\/\/www.visitmoclinejo.es\/wp-content\/uploads\/2024\/05\/bodega-antonio-munoz-cabrera-1-300x200.jpg 300w, https:\/\/www.visitmoclinejo.es\/wp-content\/uploads\/2024\/05\/bodega-antonio-munoz-cabrera-1-1024x682.jpg 1024w, https:\/\/www.visitmoclinejo.es\/wp-content\/uploads\/2024\/05\/bodega-antonio-munoz-cabrera-1-1536x1024.jpg 1536w, https:\/\/www.visitmoclinejo.es\/wp-content\/uploads\/2024\/05\/bodega-antonio-munoz-cabrera-1.jpg 2000w\" data-sizes=\"(max-width: 768px) 100vw, 768px\" src=\"data:image\/gif;base64,R0lGODlhAQABAAAAACH5BAEKAAEALAAAAAABAAEAAAICTAEAOw==\" style=\"--smush-placeholder-width: 768px; --smush-placeholder-aspect-ratio: 768\/512;\" \/><\/a>\n\t\t\t<\/div><\/figure><figure class='gallery-item'>\n\t\t\t<div class='gallery-icon landscape'>\n\t\t\t\t<a data-elementor-open-lightbox=\"yes\" data-elementor-lightbox-slideshow=\"561992f\" data-elementor-lightbox-title=\"Sala de exposiciones de Moclinejo\" data-e-action-hash=\"#elementor-action%3Aaction%3Dlightbox%26settings%3DeyJpZCI6NDc0LCJ1cmwiOiJodHRwczpcL1wvd3d3LnZpc2l0bW9jbGluZWpvLmVzXC93cC1jb250ZW50XC91cGxvYWRzXC8yMDI0XC8wNVwvc2FsYS1leHBvc2ljaW9uZXMtbW9jbGluZWpvLTEuanBnIiwic2xpZGVzaG93IjoiNTYxOTkyZiJ9\" href='https:\/\/www.visitmoclinejo.es\/wp-content\/uploads\/2024\/05\/sala-exposiciones-moclinejo-1.jpg'><img decoding=\"async\" width=\"768\" height=\"512\" data-src=\"https:\/\/www.visitmoclinejo.es\/wp-content\/uploads\/2024\/05\/sala-exposiciones-moclinejo-1-768x512.jpg\" class=\"attachment-medium_large size-medium_large lazyload\" alt=\"Exposici\u00f3n de arte en la sala de exposiciones de Moclinejo\" data-srcset=\"https:\/\/www.visitmoclinejo.es\/wp-content\/uploads\/2024\/05\/sala-exposiciones-moclinejo-1-768x512.jpg 768w, https:\/\/www.visitmoclinejo.es\/wp-content\/uploads\/2024\/05\/sala-exposiciones-moclinejo-1-300x200.jpg 300w, https:\/\/www.visitmoclinejo.es\/wp-content\/uploads\/2024\/05\/sala-exposiciones-moclinejo-1-1024x682.jpg 1024w, https:\/\/www.visitmoclinejo.es\/wp-content\/uploads\/2024\/05\/sala-exposiciones-moclinejo-1-1536x1024.jpg 1536w, https:\/\/www.visitmoclinejo.es\/wp-content\/uploads\/2024\/05\/sala-exposiciones-moclinejo-1.jpg 2000w\" data-sizes=\"(max-width: 768px) 100vw, 768px\" src=\"data:image\/gif;base64,R0lGODlhAQABAAAAACH5BAEKAAEALAAAAAABAAEAAAICTAEAOw==\" style=\"--smush-placeholder-width: 768px; --smush-placeholder-aspect-ratio: 768\/512;\" \/><\/a>\n\t\t\t<\/div><\/figure><figure class='gallery-item'>\n\t\t\t<div class='gallery-icon landscape'>\n\t\t\t\t<a data-elementor-open-lightbox=\"yes\" data-elementor-lightbox-slideshow=\"561992f\" data-elementor-lightbox-title=\"Vista general Moclinejo\" data-e-action-hash=\"#elementor-action%3Aaction%3Dlightbox%26settings%3DeyJpZCI6NjA4LCJ1cmwiOiJodHRwczpcL1wvd3d3LnZpc2l0bW9jbGluZWpvLmVzXC93cC1jb250ZW50XC91cGxvYWRzXC8yMDI0XC8wNVwvdmlzdGEtZ2VuZXJhbC1tb2NsaW5lam8uanBnIiwic2xpZGVzaG93IjoiNTYxOTkyZiJ9\" href='https:\/\/www.visitmoclinejo.es\/wp-content\/uploads\/2024\/05\/vista-general-moclinejo.jpg'><img decoding=\"async\" width=\"768\" height=\"512\" data-src=\"https:\/\/www.visitmoclinejo.es\/wp-content\/uploads\/2024\/05\/vista-general-moclinejo-768x512.jpg\" class=\"attachment-medium_large size-medium_large lazyload\" alt=\"Vista a\u00e9rea de Moclinejo con la iglesia como protagonista\" data-srcset=\"https:\/\/www.visitmoclinejo.es\/wp-content\/uploads\/2024\/05\/vista-general-moclinejo-768x512.jpg 768w, https:\/\/www.visitmoclinejo.es\/wp-content\/uploads\/2024\/05\/vista-general-moclinejo-300x200.jpg 300w, https:\/\/www.visitmoclinejo.es\/wp-content\/uploads\/2024\/05\/vista-general-moclinejo-1024x682.jpg 1024w, https:\/\/www.visitmoclinejo.es\/wp-content\/uploads\/2024\/05\/vista-general-moclinejo-1536x1024.jpg 1536w, https:\/\/www.visitmoclinejo.es\/wp-content\/uploads\/2024\/05\/vista-general-moclinejo.jpg 1613w\" data-sizes=\"(max-width: 768px) 100vw, 768px\" src=\"data:image\/gif;base64,R0lGODlhAQABAAAAACH5BAEKAAEALAAAAAABAAEAAAICTAEAOw==\" style=\"--smush-placeholder-width: 768px; --smush-placeholder-aspect-ratio: 768\/512;\" \/><\/a>\n\t\t\t<\/div><\/figure>\n\t\t<\/div>\n\t\t<\/div>\n\t\t\t\t\t\t<\/div>\n\t\t\t\t<\/div>\n\t\t\t\t\t<\/div>\n\t\t\t\t<\/div>\n\t\t\t\t<\/div>\n\t\t","protected":false},"excerpt":{"rendered":"<p>RUTA GUIADA Ruta guiada por Moclinejo y El Vald\u00e9s Te invitamos a descubrir la ruta tur\u00edstica guiada que hemos dise\u00f1ado [&hellip;]<\/p>\n","protected":false},"author":2,"featured_media":0,"parent":0,"menu_order":0,"comment_status":"closed","ping_status":"closed","template":"","meta":{"_monsterinsights_skip_tracking":false,"_monsterinsights_sitenote_active":false,"_monsterinsights_sitenote_note":"","_monsterinsights_sitenote_category":0,"site-sidebar-layout":"no-sidebar","site-content-layout":"","ast-site-content-layout":"full-width-container","site-content-style":"default","site-sidebar-style":"default","ast-global-header-display":"","ast-banner-title-visibility":"","ast-main-header-display":"","ast-hfb-above-header-display":"","ast-hfb-below-header-display":"","ast-hfb-mobile-header-display":"","site-post-title":"disabled","ast-breadcrumbs-content":"","ast-featured-img":"disabled","footer-sml-layout":"","theme-transparent-header-meta":"","adv-header-id-meta":"","stick-header-meta":"","header-above-stick-meta":"","header-main-stick-meta":"","header-below-stick-meta":"","astra-migrate-meta-layouts":"default","ast-page-background-enabled":"default","ast-page-background-meta":{"desktop":{"background-color":"var(--ast-global-color-4)","background-image":"","background-repeat":"repeat","background-position":"center center","background-size":"auto","background-attachment":"scroll","background-type":"","background-media":"","overlay-type":"","overlay-color":"","overlay-gradient":""},"tablet":{"background-color":"","background-image":"","background-repeat":"repeat","background-position":"center center","background-size":"auto","background-attachment":"scroll","background-type":"","background-media":"","overlay-type":"","overlay-color":"","overlay-gradient":""},"mobile":{"background-color":"","background-image":"","background-repeat":"repeat","background-position":"center center","background-size":"auto","background-attachment":"scroll","background-type":"","background-media":"","overlay-type":"","overlay-color":"","overlay-gradient":""}},"ast-content-background-meta":{"desktop":{"background-color":"var(--ast-global-color-5)","background-image":"","background-repeat":"repeat","background-position":"center center","background-size":"auto","background-attachment":"scroll","background-type":"","background-media":"","overlay-type":"","overlay-color":"","overlay-gradient":""},"tablet":{"background-color":"var(--ast-global-color-5)","background-image":"","background-repeat":"repeat","background-position":"center center","background-size":"auto","background-attachment":"scroll","background-type":"","background-media":"","overlay-type":"","overlay-color":"","overlay-gradient":""},"mobile":{"background-color":"var(--ast-global-color-5)","background-image":"","background-repeat":"repeat","background-position":"center center","background-size":"auto","background-attachment":"scroll","background-type":"","background-media":"","overlay-type":"","overlay-color":"","overlay-gradient":""}},"footnotes":""},"class_list":["post-602","page","type-page","status-publish","hentry"],"aioseo_notices":[],"_links":{"self":[{"href":"https:\/\/www.visitmoclinejo.es\/index.php?rest_route=\/wp\/v2\/pages\/602","targetHints":{"allow":["GET"]}}],"collection":[{"href":"https:\/\/www.visitmoclinejo.es\/index.php?rest_route=\/wp\/v2\/pages"}],"about":[{"href":"https:\/\/www.visitmoclinejo.es\/index.php?rest_route=\/wp\/v2\/types\/page"}],"author":[{"embeddable":true,"href":"https:\/\/www.visitmoclinejo.es\/index.php?rest_route=\/wp\/v2\/users\/2"}],"replies":[{"embeddable":true,"href":"https:\/\/www.visitmoclinejo.es\/index.php?rest_route=%2Fwp%2Fv2%2Fcomments&post=602"}],"version-history":[{"count":19,"href":"https:\/\/www.visitmoclinejo.es\/index.php?rest_route=\/wp\/v2\/pages\/602\/revisions"}],"predecessor-version":[{"id":2565,"href":"https:\/\/www.visitmoclinejo.es\/index.php?rest_route=\/wp\/v2\/pages\/602\/revisions\/2565"}],"wp:attachment":[{"href":"https:\/\/www.visitmoclinejo.es\/index.php?rest_route=%2Fwp%2Fv2%2Fmedia&parent=602"}],"curies":[{"name":"wp","href":"https:\/\/api.w.org\/{rel}","templated":true}]}}