{"id":61,"date":"2024-03-21T12:46:46","date_gmt":"2024-03-21T11:46:46","guid":{"rendered":"https:\/\/visitmoclinejo.es\/?page_id=61"},"modified":"2025-06-11T11:30:40","modified_gmt":"2025-06-11T09:30:40","slug":"descubre","status":"publish","type":"page","link":"https:\/\/www.visitmoclinejo.es\/?page_id=61","title":{"rendered":"Descubre Moclinejo"},"content":{"rendered":"\t\t<div data-elementor-type=\"wp-page\" data-elementor-id=\"61\" class=\"elementor elementor-61\">\n\t\t\t\t<div class=\"elementor-element elementor-element-f118b8a e-con-full e-flex e-con e-parent\" data-id=\"f118b8a\" data-element_type=\"container\" data-settings=\"{&quot;background_background&quot;:&quot;classic&quot;}\">\n\t\t\t\t<div class=\"elementor-element elementor-element-1c919fa elementor-widget__width-inherit elementor-absolute elementor-widget elementor-widget-heading\" data-id=\"1c919fa\" data-element_type=\"widget\" data-settings=\"{&quot;_position&quot;:&quot;absolute&quot;}\" data-widget_type=\"heading.default\">\n\t\t\t\t<div class=\"elementor-widget-container\">\n\t\t\t\t\t<p class=\"elementor-heading-title elementor-size-default\">DESCUBRE<\/p>\t\t\t\t<\/div>\n\t\t\t\t<\/div>\n\t\t\t\t<\/div>\n\t\t<div class=\"elementor-element elementor-element-2b92105 e-flex e-con-boxed e-con e-parent\" data-id=\"2b92105\" data-element_type=\"container\">\n\t\t\t\t\t<div class=\"e-con-inner\">\n\t\t<div class=\"elementor-element elementor-element-c2959ae e-con-full e-flex e-con e-child\" data-id=\"c2959ae\" data-element_type=\"container\">\n\t\t\t\t<div class=\"elementor-element elementor-element-43fb3b5 elementor-widget elementor-widget-image\" data-id=\"43fb3b5\" data-element_type=\"widget\" data-widget_type=\"image.default\">\n\t\t\t\t<div class=\"elementor-widget-container\">\n\t\t\t\t\t\t\t\t\t\t\t\t\t\t\t\t<a href=\"https:\/\/www.visitmoclinejo.es\/como-llegar-a-moclinejo\/\">\n\t\t\t\t\t\t\t<img fetchpriority=\"high\" decoding=\"async\" width=\"1000\" height=\"667\" src=\"https:\/\/www.visitmoclinejo.es\/wp-content\/uploads\/2024\/03\/como-llegar-1.jpg\" class=\"attachment-large size-large wp-image-410\" alt=\"\" srcset=\"https:\/\/www.visitmoclinejo.es\/wp-content\/uploads\/2024\/03\/como-llegar-1.jpg 1000w, https:\/\/www.visitmoclinejo.es\/wp-content\/uploads\/2024\/03\/como-llegar-1-300x200.jpg 300w, https:\/\/www.visitmoclinejo.es\/wp-content\/uploads\/2024\/03\/como-llegar-1-768x512.jpg 768w\" sizes=\"(max-width: 1000px) 100vw, 1000px\" \/>\t\t\t\t\t\t\t\t<\/a>\n\t\t\t\t\t\t\t\t\t\t\t\t\t\t\t<\/div>\n\t\t\t\t<\/div>\n\t\t\t\t<div class=\"elementor-element elementor-element-c3b3228 elementor-widget elementor-widget-heading\" data-id=\"c3b3228\" data-element_type=\"widget\" data-widget_type=\"heading.default\">\n\t\t\t\t<div class=\"elementor-widget-container\">\n\t\t\t\t\t<h2 class=\"elementor-heading-title elementor-size-default\"><a href=\"https:\/\/www.visitmoclinejo.es\/como-llegar-a-moclinejo\/\">C\u00d3MO LLEGAR A MOCLINEJO<\/a><\/h2>\t\t\t\t<\/div>\n\t\t\t\t<\/div>\n\t\t\t\t<div class=\"elementor-element elementor-element-bfd68a7 elementor-widget elementor-widget-text-editor\" data-id=\"bfd68a7\" data-element_type=\"widget\" data-widget_type=\"text-editor.default\">\n\t\t\t\t<div class=\"elementor-widget-container\">\n\t\t\t\t\t\t\t\t\t<p>Ubicado en las laderas de la Axarqu\u00eda malague\u00f1a, a 15 minutos de las playas de Rinc\u00f3n de la Victoria, el pueblo blanco de Moclinejo es un destino que no te puedes perder. <a href=\"https:\/\/www.visitmoclinejo.es\/como-llegar-a-moclinejo\/\">Ver m\u00e1s<\/a><\/p>\t\t\t\t\t\t\t\t<\/div>\n\t\t\t\t<\/div>\n\t\t\t\t<\/div>\n\t\t<div class=\"elementor-element elementor-element-4bb36e6 e-con-full e-flex e-con e-child\" data-id=\"4bb36e6\" data-element_type=\"container\">\n\t\t\t\t<div class=\"elementor-element elementor-element-856154e elementor-widget elementor-widget-image\" data-id=\"856154e\" data-element_type=\"widget\" data-widget_type=\"image.default\">\n\t\t\t\t<div class=\"elementor-widget-container\">\n\t\t\t\t\t\t\t\t\t\t\t\t\t\t\t\t<a href=\"https:\/\/www.visitmoclinejo.es\/historia-y-tradicion-de-moclinejo\/\">\n\t\t\t\t\t\t\t<img decoding=\"async\" width=\"1000\" height=\"667\" data-src=\"https:\/\/www.visitmoclinejo.es\/wp-content\/uploads\/2024\/03\/Historia-y-tradicion.jpg\" class=\"attachment-large size-large wp-image-412 lazyload\" alt=\"\" data-srcset=\"https:\/\/www.visitmoclinejo.es\/wp-content\/uploads\/2024\/03\/Historia-y-tradicion.jpg 1000w, https:\/\/www.visitmoclinejo.es\/wp-content\/uploads\/2024\/03\/Historia-y-tradicion-300x200.jpg 300w, https:\/\/www.visitmoclinejo.es\/wp-content\/uploads\/2024\/03\/Historia-y-tradicion-768x512.jpg 768w\" data-sizes=\"(max-width: 1000px) 100vw, 1000px\" src=\"data:image\/gif;base64,R0lGODlhAQABAAAAACH5BAEKAAEALAAAAAABAAEAAAICTAEAOw==\" style=\"--smush-placeholder-width: 1000px; --smush-placeholder-aspect-ratio: 1000\/667;\" \/>\t\t\t\t\t\t\t\t<\/a>\n\t\t\t\t\t\t\t\t\t\t\t\t\t\t\t<\/div>\n\t\t\t\t<\/div>\n\t\t\t\t<div class=\"elementor-element elementor-element-f516747 elementor-widget elementor-widget-heading\" data-id=\"f516747\" data-element_type=\"widget\" data-widget_type=\"heading.default\">\n\t\t\t\t<div class=\"elementor-widget-container\">\n\t\t\t\t\t<h2 class=\"elementor-heading-title elementor-size-default\"><a href=\"https:\/\/www.visitmoclinejo.es\/historia-y-tradicion-de-moclinejo\/\">HISTORIA Y TRADICI\u00d3N<\/a><\/h2>\t\t\t\t<\/div>\n\t\t\t\t<\/div>\n\t\t\t\t<div class=\"elementor-element elementor-element-a7d991a elementor-widget elementor-widget-text-editor\" data-id=\"a7d991a\" data-element_type=\"widget\" data-widget_type=\"text-editor.default\">\n\t\t\t\t<div class=\"elementor-widget-container\">\n\t\t\t\t\t\t\t\t\t<p>Moclinejo, un municipio espa\u00f1ol situado en la comarca de la Axarqu\u00eda, en la provincia de M\u00e1laga, Andaluc\u00eda, es un destino que cautiva a sus visitantes con su rica historia,\u00a0 <a href=\"https:\/\/www.visitmoclinejo.es\/historia-y-tradicion-de-moclinejo\/\">Ver m\u00e1s<\/a><\/p>\t\t\t\t\t\t\t\t<\/div>\n\t\t\t\t<\/div>\n\t\t\t\t<\/div>\n\t\t<div class=\"elementor-element elementor-element-9cd2bb9 e-con-full e-flex e-con e-child\" data-id=\"9cd2bb9\" data-element_type=\"container\">\n\t\t\t\t<div class=\"elementor-element elementor-element-684afaa elementor-widget elementor-widget-image\" data-id=\"684afaa\" data-element_type=\"widget\" data-widget_type=\"image.default\">\n\t\t\t\t<div class=\"elementor-widget-container\">\n\t\t\t\t\t\t\t\t\t\t\t\t\t\t\t\t<a href=\"https:\/\/www.visitmoclinejo.es\/gastronomia-de-moclinejo\/\">\n\t\t\t\t\t\t\t<img decoding=\"async\" width=\"1000\" height=\"667\" data-src=\"https:\/\/www.visitmoclinejo.es\/wp-content\/uploads\/2024\/03\/Gastronomia.jpg\" class=\"attachment-large size-large wp-image-411 lazyload\" alt=\"\" data-srcset=\"https:\/\/www.visitmoclinejo.es\/wp-content\/uploads\/2024\/03\/Gastronomia.jpg 1000w, https:\/\/www.visitmoclinejo.es\/wp-content\/uploads\/2024\/03\/Gastronomia-300x200.jpg 300w, https:\/\/www.visitmoclinejo.es\/wp-content\/uploads\/2024\/03\/Gastronomia-768x512.jpg 768w\" data-sizes=\"(max-width: 1000px) 100vw, 1000px\" src=\"data:image\/gif;base64,R0lGODlhAQABAAAAACH5BAEKAAEALAAAAAABAAEAAAICTAEAOw==\" style=\"--smush-placeholder-width: 1000px; --smush-placeholder-aspect-ratio: 1000\/667;\" \/>\t\t\t\t\t\t\t\t<\/a>\n\t\t\t\t\t\t\t\t\t\t\t\t\t\t\t<\/div>\n\t\t\t\t<\/div>\n\t\t\t\t<div class=\"elementor-element elementor-element-60bec52 elementor-widget elementor-widget-heading\" data-id=\"60bec52\" data-element_type=\"widget\" data-widget_type=\"heading.default\">\n\t\t\t\t<div class=\"elementor-widget-container\">\n\t\t\t\t\t<h2 class=\"elementor-heading-title elementor-size-default\"><a href=\"https:\/\/www.visitmoclinejo.es\/gastronomia-de-moclinejo\/\">GASTRONOM\u00cdA<\/a><\/h2>\t\t\t\t<\/div>\n\t\t\t\t<\/div>\n\t\t\t\t<div class=\"elementor-element elementor-element-8a52ab0 elementor-widget elementor-widget-text-editor\" data-id=\"8a52ab0\" data-element_type=\"widget\" data-widget_type=\"text-editor.default\">\n\t\t\t\t<div class=\"elementor-widget-container\">\n\t\t\t\t\t\t\t\t\t<p>Moclinejo, un pueblo blanco de la Axarqu\u00eda malague\u00f1a, es famoso no solo por su belleza natural y su gran historia, sino tambi\u00e9n por su deliciosa gastronom\u00eda. <a href=\"https:\/\/www.visitmoclinejo.es\/gastronomia-de-moclinejo\/\">Ver m\u00e1s<\/a><\/p>\t\t\t\t\t\t\t\t<\/div>\n\t\t\t\t<\/div>\n\t\t\t\t<\/div>\n\t\t\t\t\t<\/div>\n\t\t\t\t<\/div>\n\t\t<div class=\"elementor-element elementor-element-dc2bbab e-flex e-con-boxed e-con e-parent\" data-id=\"dc2bbab\" data-element_type=\"container\">\n\t\t\t\t\t<div class=\"e-con-inner\">\n\t\t<div class=\"elementor-element elementor-element-613eb15 e-con-full e-flex e-con e-child\" data-id=\"613eb15\" data-element_type=\"container\">\n\t\t\t\t<div class=\"elementor-element elementor-element-2fe7e92 elementor-widget elementor-widget-image\" data-id=\"2fe7e92\" data-element_type=\"widget\" data-widget_type=\"image.default\">\n\t\t\t\t<div class=\"elementor-widget-container\">\n\t\t\t\t\t\t\t\t\t\t\t\t\t\t\t\t<a href=\"https:\/\/www.visitmoclinejo.es\/vendimia-en-moclinejo\/\">\n\t\t\t\t\t\t\t<img decoding=\"async\" width=\"1024\" height=\"682\" data-src=\"https:\/\/www.visitmoclinejo.es\/wp-content\/uploads\/2024\/05\/vendimia-4-1024x682.jpg\" class=\"attachment-large size-large wp-image-560 lazyload\" alt=\"Hombre vendimiando uvas moscatel en Moclinejo\" data-srcset=\"https:\/\/www.visitmoclinejo.es\/wp-content\/uploads\/2024\/05\/vendimia-4-1024x682.jpg 1024w, https:\/\/www.visitmoclinejo.es\/wp-content\/uploads\/2024\/05\/vendimia-4-300x200.jpg 300w, https:\/\/www.visitmoclinejo.es\/wp-content\/uploads\/2024\/05\/vendimia-4-768x512.jpg 768w, https:\/\/www.visitmoclinejo.es\/wp-content\/uploads\/2024\/05\/vendimia-4-1536x1024.jpg 1536w, https:\/\/www.visitmoclinejo.es\/wp-content\/uploads\/2024\/05\/vendimia-4.jpg 2000w\" data-sizes=\"(max-width: 1024px) 100vw, 1024px\" src=\"data:image\/gif;base64,R0lGODlhAQABAAAAACH5BAEKAAEALAAAAAABAAEAAAICTAEAOw==\" style=\"--smush-placeholder-width: 1024px; --smush-placeholder-aspect-ratio: 1024\/682;\" \/>\t\t\t\t\t\t\t\t<\/a>\n\t\t\t\t\t\t\t\t\t\t\t\t\t\t\t<\/div>\n\t\t\t\t<\/div>\n\t\t\t\t<div class=\"elementor-element elementor-element-e177c75 elementor-widget elementor-widget-heading\" data-id=\"e177c75\" data-element_type=\"widget\" data-widget_type=\"heading.default\">\n\t\t\t\t<div class=\"elementor-widget-container\">\n\t\t\t\t\t<h2 class=\"elementor-heading-title elementor-size-default\"><a href=\"https:\/\/www.visitmoclinejo.es\/vendimia-en-moclinejo\/\"><h2 class=\"elementor-heading-title elementor-size-default elementor-inline-editing pen\" data-elementor-setting-key=\"title\" data-pen-placeholder=\"Teclea aqu\u00ed...\" style=\"font-style: normal\">LA VENDIMIA EN MOCLINEJO<\/h2><\/a><\/h2>\t\t\t\t<\/div>\n\t\t\t\t<\/div>\n\t\t\t\t<div class=\"elementor-element elementor-element-6ebdf74 elementor-widget elementor-widget-text-editor\" data-id=\"6ebdf74\" data-element_type=\"widget\" data-widget_type=\"text-editor.default\">\n\t\t\t\t<div class=\"elementor-widget-container\">\n\t\t\t\t\t\t\t\t\t<p>En el coraz\u00f3n de la Axarqu\u00eda malague\u00f1a, el\u00a0 pueblo de Moclinejo es famoso por su vendimia heroica. Este evento anual, que tiene lugar en agosto, es una celebraci\u00f3n de la rica tradici\u00f3n vin\u00edcola de la Comarca y una\u00a0 oportunidad \u00fanica para experimentar la belleza y el encanto de la vendimia en su forma m\u00e1s pura. <a href=\"https:\/\/www.visitmoclinejo.es\/vendimia-en-moclinejo\/\">Ver m\u00e1s<\/a><\/p>\t\t\t\t\t\t\t\t<\/div>\n\t\t\t\t<\/div>\n\t\t\t\t<\/div>\n\t\t<div class=\"elementor-element elementor-element-3d8cf76 e-con-full e-flex e-con e-child\" data-id=\"3d8cf76\" data-element_type=\"container\">\n\t\t\t\t<div class=\"elementor-element elementor-element-ff18e55 elementor-widget elementor-widget-image\" data-id=\"ff18e55\" data-element_type=\"widget\" data-widget_type=\"image.default\">\n\t\t\t\t<div class=\"elementor-widget-container\">\n\t\t\t\t\t\t\t\t\t\t\t\t\t\t\t\t<a href=\"https:\/\/www.visitmoclinejo.es\/fiesta-de-vineros\/\">\n\t\t\t\t\t\t\t<img decoding=\"async\" width=\"1024\" height=\"682\" data-src=\"https:\/\/www.visitmoclinejo.es\/wp-content\/uploads\/2024\/05\/pisa-uva-1024x682.jpg\" class=\"attachment-large size-large wp-image-575 lazyload\" alt=\"Varias personas pisando uvas en un lagar\" data-srcset=\"https:\/\/www.visitmoclinejo.es\/wp-content\/uploads\/2024\/05\/pisa-uva-1024x682.jpg 1024w, https:\/\/www.visitmoclinejo.es\/wp-content\/uploads\/2024\/05\/pisa-uva-300x200.jpg 300w, https:\/\/www.visitmoclinejo.es\/wp-content\/uploads\/2024\/05\/pisa-uva-768x512.jpg 768w, https:\/\/www.visitmoclinejo.es\/wp-content\/uploads\/2024\/05\/pisa-uva-1536x1024.jpg 1536w, https:\/\/www.visitmoclinejo.es\/wp-content\/uploads\/2024\/05\/pisa-uva.jpg 2000w\" data-sizes=\"(max-width: 1024px) 100vw, 1024px\" src=\"data:image\/gif;base64,R0lGODlhAQABAAAAACH5BAEKAAEALAAAAAABAAEAAAICTAEAOw==\" style=\"--smush-placeholder-width: 1024px; --smush-placeholder-aspect-ratio: 1024\/682;\" \/>\t\t\t\t\t\t\t\t<\/a>\n\t\t\t\t\t\t\t\t\t\t\t\t\t\t\t<\/div>\n\t\t\t\t<\/div>\n\t\t\t\t<div class=\"elementor-element elementor-element-2097b1c elementor-widget elementor-widget-heading\" data-id=\"2097b1c\" data-element_type=\"widget\" data-widget_type=\"heading.default\">\n\t\t\t\t<div class=\"elementor-widget-container\">\n\t\t\t\t\t<h2 class=\"elementor-heading-title elementor-size-default\"><a href=\"https:\/\/www.visitmoclinejo.es\/fiesta-de-vineros\/\">FIESTA DE VI\u00d1EROS<\/a><\/h2>\t\t\t\t<\/div>\n\t\t\t\t<\/div>\n\t\t\t\t<div class=\"elementor-element elementor-element-249817f elementor-widget elementor-widget-text-editor\" data-id=\"249817f\" data-element_type=\"widget\" data-widget_type=\"text-editor.default\">\n\t\t\t\t<div class=\"elementor-widget-container\">\n\t\t\t\t\t\t\t\t\t<p>Cada a\u00f1o, al finalizar la vendimia, Moclinejo celebra la Fiesta de Vi\u00f1eros el segundo domingo de septiembre, un evento que marca el culmen de la temporada de la vendimia y rinde homenaje a las familias que trabajan incansablemente en los vi\u00f1edos, desde la recogida, hasta la pic\u00e1 de las pasas. <a href=\"https:\/\/www.visitmoclinejo.es\/fiesta-de-vineros\/\">Ver m\u00e1s<\/a><\/p>\t\t\t\t\t\t\t\t<\/div>\n\t\t\t\t<\/div>\n\t\t\t\t<\/div>\n\t\t<div class=\"elementor-element elementor-element-eac907d e-con-full e-flex e-con e-child\" data-id=\"eac907d\" data-element_type=\"container\">\n\t\t\t\t<div class=\"elementor-element elementor-element-b84dd6e elementor-widget elementor-widget-image\" data-id=\"b84dd6e\" data-element_type=\"widget\" data-widget_type=\"image.default\">\n\t\t\t\t<div class=\"elementor-widget-container\">\n\t\t\t\t\t\t\t\t\t\t\t\t\t\t\t\t<a href=\"https:\/\/www.visitmoclinejo.es\/artesania\/\">\n\t\t\t\t\t\t\t<img decoding=\"async\" width=\"1024\" height=\"682\" data-src=\"https:\/\/www.visitmoclinejo.es\/wp-content\/uploads\/2024\/05\/Artesania-2-1024x682.jpg\" class=\"attachment-large size-large wp-image-820 lazyload\" alt=\"Dos tazas artesanales\" data-srcset=\"https:\/\/www.visitmoclinejo.es\/wp-content\/uploads\/2024\/05\/Artesania-2-1024x682.jpg 1024w, https:\/\/www.visitmoclinejo.es\/wp-content\/uploads\/2024\/05\/Artesania-2-300x200.jpg 300w, https:\/\/www.visitmoclinejo.es\/wp-content\/uploads\/2024\/05\/Artesania-2-768x512.jpg 768w, https:\/\/www.visitmoclinejo.es\/wp-content\/uploads\/2024\/05\/Artesania-2-1536x1024.jpg 1536w, https:\/\/www.visitmoclinejo.es\/wp-content\/uploads\/2024\/05\/Artesania-2.jpg 2000w\" data-sizes=\"(max-width: 1024px) 100vw, 1024px\" src=\"data:image\/gif;base64,R0lGODlhAQABAAAAACH5BAEKAAEALAAAAAABAAEAAAICTAEAOw==\" style=\"--smush-placeholder-width: 1024px; --smush-placeholder-aspect-ratio: 1024\/682;\" \/>\t\t\t\t\t\t\t\t<\/a>\n\t\t\t\t\t\t\t\t\t\t\t\t\t\t\t<\/div>\n\t\t\t\t<\/div>\n\t\t\t\t<div class=\"elementor-element elementor-element-b3a097c elementor-widget elementor-widget-heading\" data-id=\"b3a097c\" data-element_type=\"widget\" data-widget_type=\"heading.default\">\n\t\t\t\t<div class=\"elementor-widget-container\">\n\t\t\t\t\t<h2 class=\"elementor-heading-title elementor-size-default\"><a href=\"https:\/\/www.visitmoclinejo.es\/artesania\/\">ARTESAN\u00cdA<\/a><\/h2>\t\t\t\t<\/div>\n\t\t\t\t<\/div>\n\t\t\t\t<div class=\"elementor-element elementor-element-afac654 elementor-widget elementor-widget-text-editor\" data-id=\"afac654\" data-element_type=\"widget\" data-widget_type=\"text-editor.default\">\n\t\t\t\t<div class=\"elementor-widget-container\">\n\t\t\t\t\t\t\t\t\t<p>En los \u00faltimos a\u00f1os, la alfarer\u00eda y la cer\u00e1mica han experimentado un crecimiento notable en Moclinejo. Estas artes antiguas se han abierto paso gracias a los artesanos locales,\u00a0atrayendo a diversos artistas y amantes de la creatividad.<br \/><a href=\"https:\/\/www.visitmoclinejo.es\/artesania\/\">Ver m\u00e1s<\/a><\/p>\t\t\t\t\t\t\t\t<\/div>\n\t\t\t\t<\/div>\n\t\t\t\t<\/div>\n\t\t\t\t\t<\/div>\n\t\t\t\t<\/div>\n\t\t\t\t<\/div>\n\t\t","protected":false},"excerpt":{"rendered":"<p>DESCUBRE C\u00d3MO LLEGAR A MOCLINEJO Ubicado en las laderas de la Axarqu\u00eda malague\u00f1a, a 15 minutos de las playas de [&hellip;]<\/p>\n","protected":false},"author":2,"featured_media":0,"parent":0,"menu_order":0,"comment_status":"closed","ping_status":"closed","template":"","meta":{"_monsterinsights_skip_tracking":false,"_monsterinsights_sitenote_active":false,"_monsterinsights_sitenote_note":"","_monsterinsights_sitenote_category":0,"site-sidebar-layout":"no-sidebar","site-content-layout":"","ast-site-content-layout":"full-width-container","site-content-style":"default","site-sidebar-style":"default","ast-global-header-display":"","ast-banner-title-visibility":"","ast-main-header-display":"","ast-hfb-above-header-display":"","ast-hfb-below-header-display":"","ast-hfb-mobile-header-display":"","site-post-title":"","ast-breadcrumbs-content":"","ast-featured-img":"disabled","footer-sml-layout":"","theme-transparent-header-meta":"","adv-header-id-meta":"","stick-header-meta":"","header-above-stick-meta":"","header-main-stick-meta":"","header-below-stick-meta":"","astra-migrate-meta-layouts":"default","ast-page-background-enabled":"default","ast-page-background-meta":{"desktop":{"background-color":"var(--ast-global-color-4)","background-image":"","background-repeat":"repeat","background-position":"center center","background-size":"auto","background-attachment":"scroll","background-type":"","background-media":"","overlay-type":"","overlay-color":"","overlay-gradient":""},"tablet":{"background-color":"","background-image":"","background-repeat":"repeat","background-position":"center center","background-size":"auto","background-attachment":"scroll","background-type":"","background-media":"","overlay-type":"","overlay-color":"","overlay-gradient":""},"mobile":{"background-color":"","background-image":"","background-repeat":"repeat","background-position":"center center","background-size":"auto","background-attachment":"scroll","background-type":"","background-media":"","overlay-type":"","overlay-color":"","overlay-gradient":""}},"ast-content-background-meta":{"desktop":{"background-color":"var(--ast-global-color-5)","background-image":"","background-repeat":"repeat","background-position":"center center","background-size":"auto","background-attachment":"scroll","background-type":"","background-media":"","overlay-type":"","overlay-color":"","overlay-gradient":""},"tablet":{"background-color":"var(--ast-global-color-5)","background-image":"","background-repeat":"repeat","background-position":"center center","background-size":"auto","background-attachment":"scroll","background-type":"","background-media":"","overlay-type":"","overlay-color":"","overlay-gradient":""},"mobile":{"background-color":"var(--ast-global-color-5)","background-image":"","background-repeat":"repeat","background-position":"center center","background-size":"auto","background-attachment":"scroll","background-type":"","background-media":"","overlay-type":"","overlay-color":"","overlay-gradient":""}},"footnotes":""},"class_list":["post-61","page","type-page","status-publish","hentry"],"aioseo_notices":[],"_links":{"self":[{"href":"https:\/\/www.visitmoclinejo.es\/index.php?rest_route=\/wp\/v2\/pages\/61","targetHints":{"allow":["GET"]}}],"collection":[{"href":"https:\/\/www.visitmoclinejo.es\/index.php?rest_route=\/wp\/v2\/pages"}],"about":[{"href":"https:\/\/www.visitmoclinejo.es\/index.php?rest_route=\/wp\/v2\/types\/page"}],"author":[{"embeddable":true,"href":"https:\/\/www.visitmoclinejo.es\/index.php?rest_route=\/wp\/v2\/users\/2"}],"replies":[{"embeddable":true,"href":"https:\/\/www.visitmoclinejo.es\/index.php?rest_route=%2Fwp%2Fv2%2Fcomments&post=61"}],"version-history":[{"count":138,"href":"https:\/\/www.visitmoclinejo.es\/index.php?rest_route=\/wp\/v2\/pages\/61\/revisions"}],"predecessor-version":[{"id":2547,"href":"https:\/\/www.visitmoclinejo.es\/index.php?rest_route=\/wp\/v2\/pages\/61\/revisions\/2547"}],"wp:attachment":[{"href":"https:\/\/www.visitmoclinejo.es\/index.php?rest_route=%2Fwp%2Fv2%2Fmedia&parent=61"}],"curies":[{"name":"wp","href":"https:\/\/api.w.org\/{rel}","templated":true}]}}