{"id":833,"date":"2024-05-30T12:17:55","date_gmt":"2024-05-30T10:17:55","guid":{"rendered":"https:\/\/visitmoclinejo.es\/?page_id=833"},"modified":"2024-06-24T13:25:55","modified_gmt":"2024-06-24T11:25:55","slug":"iglesia-de-moclinejo","status":"publish","type":"page","link":"https:\/\/www.visitmoclinejo.es\/?page_id=833","title":{"rendered":"Iglesia de Moclinejo"},"content":{"rendered":"\t\t<div data-elementor-type=\"wp-page\" data-elementor-id=\"833\" class=\"elementor elementor-833\">\n\t\t\t\t<div class=\"elementor-element elementor-element-cfaaa72 e-con-full e-flex e-con e-parent\" data-id=\"cfaaa72\" data-element_type=\"container\" data-settings=\"{&quot;background_background&quot;:&quot;classic&quot;}\">\n\t\t\t\t<div class=\"elementor-element elementor-element-6889197 elementor-widget__width-inherit elementor-absolute elementor-widget elementor-widget-heading\" data-id=\"6889197\" data-element_type=\"widget\" data-settings=\"{&quot;_position&quot;:&quot;absolute&quot;}\" data-widget_type=\"heading.default\">\n\t\t\t\t<div class=\"elementor-widget-container\">\n\t\t\t\t\t<p class=\"elementor-heading-title elementor-size-default\">IGLESIA DE MOCLINEJO<\/p>\t\t\t\t<\/div>\n\t\t\t\t<\/div>\n\t\t\t\t<\/div>\n\t\t<div class=\"elementor-element elementor-element-8981dc5 e-flex e-con-boxed e-con e-parent\" data-id=\"8981dc5\" data-element_type=\"container\">\n\t\t\t\t\t<div class=\"e-con-inner\">\n\t\t<div class=\"elementor-element elementor-element-91523f0 e-flex e-con-boxed e-con e-child\" data-id=\"91523f0\" data-element_type=\"container\">\n\t\t\t\t\t<div class=\"e-con-inner\">\n\t\t<div class=\"elementor-element elementor-element-91a2bd3 e-flex e-con-boxed e-con e-child\" data-id=\"91a2bd3\" data-element_type=\"container\">\n\t\t\t\t\t<div class=\"e-con-inner\">\n\t\t\t\t<div class=\"elementor-element elementor-element-e94363d elementor-widget elementor-widget-heading\" data-id=\"e94363d\" data-element_type=\"widget\" data-widget_type=\"heading.default\">\n\t\t\t\t<div class=\"elementor-widget-container\">\n\t\t\t\t\t<h1 class=\"elementor-heading-title elementor-size-default\">Iglesia de Nuestra Se\u00f1ora de Gracia en Moclinejo<\/h1>\t\t\t\t<\/div>\n\t\t\t\t<\/div>\n\t\t\t\t<div class=\"elementor-element elementor-element-ed271d2 elementor-widget elementor-widget-text-editor\" data-id=\"ed271d2\" data-element_type=\"widget\" data-widget_type=\"text-editor.default\">\n\t\t\t\t<div class=\"elementor-widget-container\">\n\t\t\t\t\t\t\t\t\t<p>Descubre la riqueza hist\u00f3rica y espiritual de Moclinejo visitando la\u00a0Iglesia de Nuestra Se\u00f1ora de Gracia. Construida en el\u00a0siglo XVI, esta joya arquitect\u00f3nica combina elementos mud\u00e9jares y renacentistas. Su\u00a0torre-campanario, con arcadas \u00e1rabes, se alza majestuosamente sobre el pueblo. La iglesia consta de\u00a0dos naves divididas por arcos de medio punto. Su arquitectura combina elementos mud\u00e9jares y renacentistas, lo que la hace \u00fanica en la regi\u00f3n.<\/p><p>En el interior, admira la\u00a0<strong>t<\/strong>echumbre de madera tallada, una verdadera obra de arte. La\u00a0reja del coro, de estilo modernista, a\u00f1ade un toque especial. La imagen de\u00a0Nuestra Se\u00f1ora de Gracia, patrona de Moclinejo, preside el altar mayor junto a otras figuras sagradas.<\/p><p>Con mayor detalle la iglesia se divive en varias partes:<\/p><ul><li>Torre-Campanario: Desde el exterior, destaca su torre-campanario, que se alza con elegancia sobre el pueblo. La torre est\u00e1 adornada con arcadas \u00e1rabes, un testimonio de la rica historia de Moclinejo.<\/li><li>Techumbre y Reja del Coro: Al entrar, apreciamos la techumbre de madera tallada, que es una verdadera obra de arte. Adem\u00e1s, la reja del coro, de estilo modernista, a\u00f1ade un toque especial al interior de la iglesia.<\/li><li>Patrona y Altar Mayor: En el altar mayor, encontrar\u00e1s una imagen de Nuestra Se\u00f1ora de Gracia, la patrona de Moclinejo. Tambi\u00e9n hay otras im\u00e1genes, como la de San Bartolom\u00e9 y un crucificado, que presiden este sagrado espacio.<\/li><\/ul><p>Visitar la\u00a0Iglesia de Nuestra Se\u00f1ora de Gracia\u00a0es una experiencia que te conectar\u00e1 con la historia y la espiritualidad de este encantador pueblo blanco. \u00a1No te la pierdas durante tu estancia en Moclinejo!\u00a0<\/p>\t\t\t\t\t\t\t\t<\/div>\n\t\t\t\t<\/div>\n\t\t\t\t\t<\/div>\n\t\t\t\t<\/div>\n\t\t\t\t\t<\/div>\n\t\t\t\t<\/div>\n\t\t\t\t\t<\/div>\n\t\t\t\t<\/div>\n\t\t<div class=\"elementor-element elementor-element-81023d0 e-flex e-con-boxed e-con e-parent\" data-id=\"81023d0\" data-element_type=\"container\">\n\t\t\t\t\t<div class=\"e-con-inner\">\n\t\t<div class=\"elementor-element elementor-element-b103c79 e-flex e-con-boxed e-con e-child\" data-id=\"b103c79\" data-element_type=\"container\">\n\t\t\t\t\t<div class=\"e-con-inner\">\n\t\t<div class=\"elementor-element elementor-element-6c62f64 e-flex e-con-boxed e-con e-child\" data-id=\"6c62f64\" data-element_type=\"container\">\n\t\t\t\t\t<div class=\"e-con-inner\">\n\t\t\t\t<div class=\"elementor-element elementor-element-8462ceb gallery-spacing-custom elementor-widget elementor-widget-image-gallery\" data-id=\"8462ceb\" data-element_type=\"widget\" data-widget_type=\"image-gallery.default\">\n\t\t\t\t<div class=\"elementor-widget-container\">\n\t\t\t\t\t\t\t<div class=\"elementor-image-gallery\">\n\t\t\t<div id='gallery-1' class='gallery galleryid-833 gallery-columns-2 gallery-size-medium_large'><figure class='gallery-item'>\n\t\t\t<div class='gallery-icon landscape'>\n\t\t\t\t<a data-elementor-open-lightbox=\"yes\" data-elementor-lightbox-slideshow=\"8462ceb\" data-elementor-lightbox-title=\"Iglesia de Moclinejo\" data-e-action-hash=\"#elementor-action%3Aaction%3Dlightbox%26settings%3DeyJpZCI6NzA0LCJ1cmwiOiJodHRwczpcL1wvd3d3LnZpc2l0bW9jbGluZWpvLmVzXC93cC1jb250ZW50XC91cGxvYWRzXC8yMDI0XC8wNVwvbW9jbGluZWpvLmpwZyIsInNsaWRlc2hvdyI6Ijg0NjJjZWIifQ%3D%3D\" href='https:\/\/www.visitmoclinejo.es\/wp-content\/uploads\/2024\/05\/moclinejo.jpg'><img fetchpriority=\"high\" decoding=\"async\" width=\"768\" height=\"512\" src=\"https:\/\/www.visitmoclinejo.es\/wp-content\/uploads\/2024\/05\/moclinejo-768x512.jpg\" class=\"attachment-medium_large size-medium_large\" alt=\"Vista a\u00e9rea de Moclinejo y su iglesia\" srcset=\"https:\/\/www.visitmoclinejo.es\/wp-content\/uploads\/2024\/05\/moclinejo-768x512.jpg 768w, https:\/\/www.visitmoclinejo.es\/wp-content\/uploads\/2024\/05\/moclinejo-300x200.jpg 300w, https:\/\/www.visitmoclinejo.es\/wp-content\/uploads\/2024\/05\/moclinejo-1024x682.jpg 1024w, https:\/\/www.visitmoclinejo.es\/wp-content\/uploads\/2024\/05\/moclinejo-1536x1024.jpg 1536w, https:\/\/www.visitmoclinejo.es\/wp-content\/uploads\/2024\/05\/moclinejo.jpg 1613w\" sizes=\"(max-width: 768px) 100vw, 768px\" \/><\/a>\n\t\t\t<\/div><\/figure><figure class='gallery-item'>\n\t\t\t<div class='gallery-icon landscape'>\n\t\t\t\t<a data-elementor-open-lightbox=\"yes\" data-elementor-lightbox-slideshow=\"8462ceb\" data-elementor-lightbox-title=\"Interior iglesia Moclinejo\" data-e-action-hash=\"#elementor-action%3Aaction%3Dlightbox%26settings%3DeyJpZCI6ODYyLCJ1cmwiOiJodHRwczpcL1wvd3d3LnZpc2l0bW9jbGluZWpvLmVzXC93cC1jb250ZW50XC91cGxvYWRzXC8yMDI0XC8wNlwvaWdsZXNpYS0xLmpwZyIsInNsaWRlc2hvdyI6Ijg0NjJjZWIifQ%3D%3D\" href='https:\/\/www.visitmoclinejo.es\/wp-content\/uploads\/2024\/06\/iglesia-1.jpg'><img decoding=\"async\" width=\"768\" height=\"512\" data-src=\"https:\/\/www.visitmoclinejo.es\/wp-content\/uploads\/2024\/06\/iglesia-1-768x512.jpg\" class=\"attachment-medium_large size-medium_large lazyload\" alt=\"Interior de la iglesia de Moclinejo, con el altar al fondo\" data-srcset=\"https:\/\/www.visitmoclinejo.es\/wp-content\/uploads\/2024\/06\/iglesia-1-768x512.jpg 768w, https:\/\/www.visitmoclinejo.es\/wp-content\/uploads\/2024\/06\/iglesia-1-300x200.jpg 300w, https:\/\/www.visitmoclinejo.es\/wp-content\/uploads\/2024\/06\/iglesia-1-1024x682.jpg 1024w, https:\/\/www.visitmoclinejo.es\/wp-content\/uploads\/2024\/06\/iglesia-1-1536x1024.jpg 1536w, https:\/\/www.visitmoclinejo.es\/wp-content\/uploads\/2024\/06\/iglesia-1.jpg 2000w\" data-sizes=\"(max-width: 768px) 100vw, 768px\" src=\"data:image\/gif;base64,R0lGODlhAQABAAAAACH5BAEKAAEALAAAAAABAAEAAAICTAEAOw==\" style=\"--smush-placeholder-width: 768px; --smush-placeholder-aspect-ratio: 768\/512;\" \/><\/a>\n\t\t\t<\/div><\/figure><figure class='gallery-item'>\n\t\t\t<div class='gallery-icon landscape'>\n\t\t\t\t<a data-elementor-open-lightbox=\"yes\" data-elementor-lightbox-slideshow=\"8462ceb\" data-elementor-lightbox-title=\"Interior iglesia Moclinejo\" data-e-action-hash=\"#elementor-action%3Aaction%3Dlightbox%26settings%3DeyJpZCI6ODYwLCJ1cmwiOiJodHRwczpcL1wvd3d3LnZpc2l0bW9jbGluZWpvLmVzXC93cC1jb250ZW50XC91cGxvYWRzXC8yMDI0XC8wNlwvaWdsZXNpYS0yLmpwZyIsInNsaWRlc2hvdyI6Ijg0NjJjZWIifQ%3D%3D\" href='https:\/\/www.visitmoclinejo.es\/wp-content\/uploads\/2024\/06\/iglesia-2.jpg'><img decoding=\"async\" width=\"768\" height=\"512\" data-src=\"https:\/\/www.visitmoclinejo.es\/wp-content\/uploads\/2024\/06\/iglesia-2-768x512.jpg\" class=\"attachment-medium_large size-medium_large lazyload\" alt=\"Interior de la iglesia de Moclinejo con el altar al fondo y los arcos laterales\" data-srcset=\"https:\/\/www.visitmoclinejo.es\/wp-content\/uploads\/2024\/06\/iglesia-2-768x512.jpg 768w, https:\/\/www.visitmoclinejo.es\/wp-content\/uploads\/2024\/06\/iglesia-2-300x200.jpg 300w, https:\/\/www.visitmoclinejo.es\/wp-content\/uploads\/2024\/06\/iglesia-2-1024x682.jpg 1024w, https:\/\/www.visitmoclinejo.es\/wp-content\/uploads\/2024\/06\/iglesia-2-1536x1024.jpg 1536w, https:\/\/www.visitmoclinejo.es\/wp-content\/uploads\/2024\/06\/iglesia-2.jpg 2000w\" data-sizes=\"(max-width: 768px) 100vw, 768px\" src=\"data:image\/gif;base64,R0lGODlhAQABAAAAACH5BAEKAAEALAAAAAABAAEAAAICTAEAOw==\" style=\"--smush-placeholder-width: 768px; --smush-placeholder-aspect-ratio: 768\/512;\" \/><\/a>\n\t\t\t<\/div><\/figure><figure class='gallery-item'>\n\t\t\t<div class='gallery-icon landscape'>\n\t\t\t\t<a data-elementor-open-lightbox=\"yes\" data-elementor-lightbox-slideshow=\"8462ceb\" data-elementor-lightbox-title=\"Interior iglesia Moclinejo\" data-e-action-hash=\"#elementor-action%3Aaction%3Dlightbox%26settings%3DeyJpZCI6ODYxLCJ1cmwiOiJodHRwczpcL1wvd3d3LnZpc2l0bW9jbGluZWpvLmVzXC93cC1jb250ZW50XC91cGxvYWRzXC8yMDI0XC8wNlwvaWdsZXNpYS0zLmpwZyIsInNsaWRlc2hvdyI6Ijg0NjJjZWIifQ%3D%3D\" href='https:\/\/www.visitmoclinejo.es\/wp-content\/uploads\/2024\/06\/iglesia-3.jpg'><img decoding=\"async\" width=\"768\" height=\"512\" data-src=\"https:\/\/www.visitmoclinejo.es\/wp-content\/uploads\/2024\/06\/iglesia-3-768x512.jpg\" class=\"attachment-medium_large size-medium_large lazyload\" alt=\"Interior de la iglesia de Moclinejo con los arcos laterales\" data-srcset=\"https:\/\/www.visitmoclinejo.es\/wp-content\/uploads\/2024\/06\/iglesia-3-768x512.jpg 768w, https:\/\/www.visitmoclinejo.es\/wp-content\/uploads\/2024\/06\/iglesia-3-300x200.jpg 300w, https:\/\/www.visitmoclinejo.es\/wp-content\/uploads\/2024\/06\/iglesia-3-1024x682.jpg 1024w, https:\/\/www.visitmoclinejo.es\/wp-content\/uploads\/2024\/06\/iglesia-3-1536x1024.jpg 1536w, https:\/\/www.visitmoclinejo.es\/wp-content\/uploads\/2024\/06\/iglesia-3.jpg 2000w\" data-sizes=\"(max-width: 768px) 100vw, 768px\" src=\"data:image\/gif;base64,R0lGODlhAQABAAAAACH5BAEKAAEALAAAAAABAAEAAAICTAEAOw==\" style=\"--smush-placeholder-width: 768px; --smush-placeholder-aspect-ratio: 768\/512;\" \/><\/a>\n\t\t\t<\/div><\/figure>\n\t\t<\/div>\n\t\t<\/div>\n\t\t\t\t\t\t<\/div>\n\t\t\t\t<\/div>\n\t\t\t\t\t<\/div>\n\t\t\t\t<\/div>\n\t\t\t\t\t<\/div>\n\t\t\t\t<\/div>\n\t\t\t\t\t<\/div>\n\t\t\t\t<\/div>\n\t\t\t\t<\/div>\n\t\t","protected":false},"excerpt":{"rendered":"<p>IGLESIA DE MOCLINEJO Iglesia de Nuestra Se\u00f1ora de Gracia en Moclinejo Descubre la riqueza hist\u00f3rica y espiritual de Moclinejo visitando [&hellip;]<\/p>\n","protected":false},"author":2,"featured_media":0,"parent":0,"menu_order":0,"comment_status":"closed","ping_status":"closed","template":"","meta":{"_monsterinsights_skip_tracking":false,"_monsterinsights_sitenote_active":false,"_monsterinsights_sitenote_note":"","_monsterinsights_sitenote_category":0,"site-sidebar-layout":"no-sidebar","site-content-layout":"","ast-site-content-layout":"full-width-container","site-content-style":"default","site-sidebar-style":"default","ast-global-header-display":"","ast-banner-title-visibility":"","ast-main-header-display":"","ast-hfb-above-header-display":"","ast-hfb-below-header-display":"","ast-hfb-mobile-header-display":"","site-post-title":"disabled","ast-breadcrumbs-content":"","ast-featured-img":"disabled","footer-sml-layout":"","theme-transparent-header-meta":"","adv-header-id-meta":"","stick-header-meta":"","header-above-stick-meta":"","header-main-stick-meta":"","header-below-stick-meta":"","astra-migrate-meta-layouts":"default","ast-page-background-enabled":"default","ast-page-background-meta":{"desktop":{"background-color":"var(--ast-global-color-4)","background-image":"","background-repeat":"repeat","background-position":"center center","background-size":"auto","background-attachment":"scroll","background-type":"","background-media":"","overlay-type":"","overlay-color":"","overlay-gradient":""},"tablet":{"background-color":"","background-image":"","background-repeat":"repeat","background-position":"center center","background-size":"auto","background-attachment":"scroll","background-type":"","background-media":"","overlay-type":"","overlay-color":"","overlay-gradient":""},"mobile":{"background-color":"","background-image":"","background-repeat":"repeat","background-position":"center center","background-size":"auto","background-attachment":"scroll","background-type":"","background-media":"","overlay-type":"","overlay-color":"","overlay-gradient":""}},"ast-content-background-meta":{"desktop":{"background-color":"var(--ast-global-color-5)","background-image":"","background-repeat":"repeat","background-position":"center center","background-size":"auto","background-attachment":"scroll","background-type":"","background-media":"","overlay-type":"","overlay-color":"","overlay-gradient":""},"tablet":{"background-color":"var(--ast-global-color-5)","background-image":"","background-repeat":"repeat","background-position":"center center","background-size":"auto","background-attachment":"scroll","background-type":"","background-media":"","overlay-type":"","overlay-color":"","overlay-gradient":""},"mobile":{"background-color":"var(--ast-global-color-5)","background-image":"","background-repeat":"repeat","background-position":"center center","background-size":"auto","background-attachment":"scroll","background-type":"","background-media":"","overlay-type":"","overlay-color":"","overlay-gradient":""}},"footnotes":""},"class_list":["post-833","page","type-page","status-publish","hentry"],"aioseo_notices":[],"_links":{"self":[{"href":"https:\/\/www.visitmoclinejo.es\/index.php?rest_route=\/wp\/v2\/pages\/833","targetHints":{"allow":["GET"]}}],"collection":[{"href":"https:\/\/www.visitmoclinejo.es\/index.php?rest_route=\/wp\/v2\/pages"}],"about":[{"href":"https:\/\/www.visitmoclinejo.es\/index.php?rest_route=\/wp\/v2\/types\/page"}],"author":[{"embeddable":true,"href":"https:\/\/www.visitmoclinejo.es\/index.php?rest_route=\/wp\/v2\/users\/2"}],"replies":[{"embeddable":true,"href":"https:\/\/www.visitmoclinejo.es\/index.php?rest_route=%2Fwp%2Fv2%2Fcomments&post=833"}],"version-history":[{"count":20,"href":"https:\/\/www.visitmoclinejo.es\/index.php?rest_route=\/wp\/v2\/pages\/833\/revisions"}],"predecessor-version":[{"id":886,"href":"https:\/\/www.visitmoclinejo.es\/index.php?rest_route=\/wp\/v2\/pages\/833\/revisions\/886"}],"wp:attachment":[{"href":"https:\/\/www.visitmoclinejo.es\/index.php?rest_route=%2Fwp%2Fv2%2Fmedia&parent=833"}],"curies":[{"name":"wp","href":"https:\/\/api.w.org\/{rel}","templated":true}]}}